{"id":2327,"date":"2018-04-30T14:02:38","date_gmt":"2018-04-30T12:02:38","guid":{"rendered":"https:\/\/diktardagar.no\/2020\/?page_id=2327"},"modified":"2020-11-17T11:37:48","modified_gmt":"2020-11-17T10:37:48","slug":"aktorar","status":"publish","type":"page","link":"https:\/\/diktardagar.no\/2020\/aktorar\/","title":{"rendered":"Akt\u00f8rar"},"content":{"rendered":"\n<h2>\n\t\tSponsorer\n\t<\/h2>\n\t\r\n\r\n<div class=\"sponsor-fremhevet\">\r\n\t\r\n\t<a href=\"https:\/\/innlandetfylke.no\/\" target=\"_blank\" rel=\"noopener noreferrer\">\r\n\t\r\n\t\t<img loading=\"lazy\" decoding=\"async\" width=\"300\" height=\"88\" src=\"https:\/\/diktardagar.no\/2020\/wp-content\/uploads\/sites\/4\/2019\/05\/Innlandet_fylkeskommune_liggende_pos_RGB-300x88.jpg\" class=\"attachment-medium size-medium\" alt=\"\" srcset=\"https:\/\/diktardagar.no\/2020\/wp-content\/uploads\/sites\/4\/2019\/05\/Innlandet_fylkeskommune_liggende_pos_RGB-300x88.jpg 300w, https:\/\/diktardagar.no\/2020\/wp-content\/uploads\/sites\/4\/2019\/05\/Innlandet_fylkeskommune_liggende_pos_RGB.jpg 596w\" sizes=\"auto, (max-width: 300px) 100vw, 300px\" \/>\r\n\t\r\n\t<\/a>\r\n\t\r\n<\/div>\r\n\r\n\r\n\r\n<div class=\"sponsor-fremhevet\">\r\n\t\r\n\t<a href=\"http:\/\/kulturradet.no\/\" target=\"_blank\" rel=\"noopener noreferrer\">\r\n\t\r\n\t\t<img loading=\"lazy\" decoding=\"async\" width=\"300\" height=\"268\" src=\"https:\/\/diktardagar.no\/2020\/wp-content\/uploads\/sites\/4\/2014\/07\/kulturr\u00e5d-300x268.png\" class=\"attachment-medium size-medium\" alt=\"kulturr\u00e5d\" srcset=\"https:\/\/diktardagar.no\/2020\/wp-content\/uploads\/sites\/4\/2014\/07\/kulturr\u00e5d-300x268.png 300w, https:\/\/diktardagar.no\/2020\/wp-content\/uploads\/sites\/4\/2014\/07\/kulturr\u00e5d-1024x915.png 1024w, https:\/\/diktardagar.no\/2020\/wp-content\/uploads\/sites\/4\/2014\/07\/kulturr\u00e5d.png 1409w\" sizes=\"auto, (max-width: 300px) 100vw, 300px\" \/>\r\n\t\r\n\t<\/a>\r\n\t\r\n<\/div>\r\n\r\n\r\n\r\n<div class=\"sponsor-fremhevet\">\r\n\t\r\n\t<a href=\"http:\/\/www.nord-gudbrandsdal.no\/\" target=\"_blank\" rel=\"noopener noreferrer\">\r\n\t\r\n\t\t<img loading=\"lazy\" decoding=\"async\" width=\"300\" height=\"169\" src=\"https:\/\/diktardagar.no\/2020\/wp-content\/uploads\/sites\/4\/2014\/07\/regr\u00e5d-300x169.png\" class=\"attachment-medium size-medium\" alt=\"\" srcset=\"https:\/\/diktardagar.no\/2020\/wp-content\/uploads\/sites\/4\/2014\/07\/regr\u00e5d-300x169.png 300w, https:\/\/diktardagar.no\/2020\/wp-content\/uploads\/sites\/4\/2014\/07\/regr\u00e5d.png 886w\" sizes=\"auto, (max-width: 300px) 100vw, 300px\" \/>\r\n\t\r\n\t<\/a>\r\n\t\r\n<\/div>\r\n\r\n\r\n\r\n<div class=\"sponsor-fremhevet\">\r\n\t\r\n\t<a href=\"https:\/\/www.sparebank1.no\/lom-skjaak\/privat.html\" target=\"_blank\" rel=\"noopener noreferrer\">\r\n\t\r\n\t\t<img loading=\"lazy\" decoding=\"async\" width=\"300\" height=\"89\" src=\"https:\/\/diktardagar.no\/2020\/wp-content\/uploads\/sites\/4\/2017\/01\/Spb1LSlogo-300x89.jpg\" class=\"attachment-medium size-medium\" alt=\"Spb1LSlogo\" srcset=\"https:\/\/diktardagar.no\/2020\/wp-content\/uploads\/sites\/4\/2017\/01\/Spb1LSlogo-300x89.jpg 300w, https:\/\/diktardagar.no\/2020\/wp-content\/uploads\/sites\/4\/2017\/01\/Spb1LSlogo.jpg 414w\" sizes=\"auto, (max-width: 300px) 100vw, 300px\" \/>\r\n\t\r\n\t<\/a>\r\n\t\r\n<\/div>\r\n\r\n\r\n\r\n<div class=\"sponsor-fremhevet\">\r\n\t\r\n\t<a href=\"http:\/\/lom.kommune.no\/\" target=\"_blank\" rel=\"noopener noreferrer\">\r\n\t\r\n\t\t<img loading=\"lazy\" decoding=\"async\" width=\"300\" height=\"102\" src=\"https:\/\/diktardagar.no\/2020\/wp-content\/uploads\/sites\/4\/2014\/07\/lom-kommune-300x102.png\" class=\"attachment-medium size-medium\" alt=\"\" srcset=\"https:\/\/diktardagar.no\/2020\/wp-content\/uploads\/sites\/4\/2014\/07\/lom-kommune-300x102.png 300w, https:\/\/diktardagar.no\/2020\/wp-content\/uploads\/sites\/4\/2014\/07\/lom-kommune-1024x348.png 1024w, https:\/\/diktardagar.no\/2020\/wp-content\/uploads\/sites\/4\/2014\/07\/lom-kommune.png 1181w\" sizes=\"auto, (max-width: 300px) 100vw, 300px\" \/>\r\n\t\r\n\t<\/a>\r\n\t\r\n<\/div>\r\n\r\n\r\n\r\n<div class=\"sponsor-fremhevet\">\r\n\t\r\n\t<a href=\"http:\/\/www.skjaak.kommune.no\/\" target=\"_blank\" rel=\"noopener noreferrer\">\r\n\t\r\n\t\t<img loading=\"lazy\" decoding=\"async\" width=\"300\" height=\"147\" src=\"https:\/\/diktardagar.no\/2020\/wp-content\/uploads\/sites\/4\/2015\/07\/skjaak_logo_1-300x147.png\" class=\"attachment-medium size-medium\" alt=\"skjaak_logo\" srcset=\"https:\/\/diktardagar.no\/2020\/wp-content\/uploads\/sites\/4\/2015\/07\/skjaak_logo_1-300x147.png 300w, https:\/\/diktardagar.no\/2020\/wp-content\/uploads\/sites\/4\/2015\/07\/skjaak_logo_1.png 987w\" sizes=\"auto, (max-width: 300px) 100vw, 300px\" \/>\r\n\t\r\n\t<\/a>\r\n\t\r\n<\/div>\r\n\r\n\r\n\r\n<div class=\"sponsor-fremhevet\">\r\n\t\r\n\t<a href=\"http:\/\/www.nm.no\/\" target=\"_blank\" rel=\"noopener noreferrer\">\r\n\t\r\n\t\t<img loading=\"lazy\" decoding=\"async\" width=\"300\" height=\"276\" src=\"https:\/\/diktardagar.no\/2020\/wp-content\/uploads\/sites\/4\/2019\/06\/nm_logo_farge1-300x276.jpg\" class=\"attachment-medium size-medium\" alt=\"\" srcset=\"https:\/\/diktardagar.no\/2020\/wp-content\/uploads\/sites\/4\/2019\/06\/nm_logo_farge1-300x276.jpg 300w, https:\/\/diktardagar.no\/2020\/wp-content\/uploads\/sites\/4\/2019\/06\/nm_logo_farge1-768x707.jpg 768w, https:\/\/diktardagar.no\/2020\/wp-content\/uploads\/sites\/4\/2019\/06\/nm_logo_farge1-1024x943.jpg 1024w, https:\/\/diktardagar.no\/2020\/wp-content\/uploads\/sites\/4\/2019\/06\/nm_logo_farge1.jpg 1026w\" sizes=\"auto, (max-width: 300px) 100vw, 300px\" \/>\r\n\t\r\n\t<\/a>\r\n\t\r\n<\/div>\r\n\r\n\r\n\r\n<div class=\"sponsor-fremhevet\">\r\n\t\r\n\t<a href=\"http:\/\/www.fritt-ord.no\/\" target=\"_blank\" rel=\"noopener noreferrer\">\r\n\t\r\n\t\t<img loading=\"lazy\" decoding=\"async\" width=\"266\" height=\"300\" src=\"https:\/\/diktardagar.no\/2020\/wp-content\/uploads\/sites\/4\/2014\/07\/fritt-ord-266x300.png\" class=\"attachment-medium size-medium\" alt=\"fritt ord\" srcset=\"https:\/\/diktardagar.no\/2020\/wp-content\/uploads\/sites\/4\/2014\/07\/fritt-ord-266x300.png 266w, https:\/\/diktardagar.no\/2020\/wp-content\/uploads\/sites\/4\/2014\/07\/fritt-ord.png 713w\" sizes=\"auto, (max-width: 266px) 100vw, 266px\" \/>\r\n\t\r\n\t<\/a>\r\n\t\r\n<\/div>\r\n\r\n\r\n\r\n<div class=\"sponsor-fremhevet\">\r\n\t\r\n\t<a href=\"http:\/\/www.g-kultur.no\/\" target=\"_blank\" rel=\"noopener noreferrer\">\r\n\t\r\n\t\t<img loading=\"lazy\" decoding=\"async\" width=\"300\" height=\"108\" src=\"https:\/\/diktardagar.no\/2020\/wp-content\/uploads\/sites\/4\/2017\/06\/stifting_g-kultur-naturgroenn_1692x611-300x108.jpg\" class=\"attachment-medium size-medium\" alt=\"Stiftinga G-KULTUR logo\" srcset=\"https:\/\/diktardagar.no\/2020\/wp-content\/uploads\/sites\/4\/2017\/06\/stifting_g-kultur-naturgroenn_1692x611-300x108.jpg 300w, https:\/\/diktardagar.no\/2020\/wp-content\/uploads\/sites\/4\/2017\/06\/stifting_g-kultur-naturgroenn_1692x611-768x277.jpg 768w, https:\/\/diktardagar.no\/2020\/wp-content\/uploads\/sites\/4\/2017\/06\/stifting_g-kultur-naturgroenn_1692x611-1024x370.jpg 1024w, https:\/\/diktardagar.no\/2020\/wp-content\/uploads\/sites\/4\/2017\/06\/stifting_g-kultur-naturgroenn_1692x611-1080x390.jpg 1080w, https:\/\/diktardagar.no\/2020\/wp-content\/uploads\/sites\/4\/2017\/06\/stifting_g-kultur-naturgroenn_1692x611.jpg 1692w\" sizes=\"auto, (max-width: 300px) 100vw, 300px\" \/>\r\n\t\r\n\t<\/a>\r\n\t\r\n<\/div>\r\n\r\n\r\n\r\n<div class=\"sponsor-fremhevet\">\r\n\t\r\n\t<a href=\"http:\/\/www.vaga.kommune.no\/\" target=\"_blank\" rel=\"noopener noreferrer\">\r\n\t\r\n\t\t<img loading=\"lazy\" decoding=\"async\" width=\"300\" height=\"95\" src=\"https:\/\/diktardagar.no\/2020\/wp-content\/uploads\/sites\/4\/2015\/07\/Kommunelogo1-v\u00e5g\u00e5-5405-4f-300x95.png\" class=\"attachment-medium size-medium\" alt=\"\" srcset=\"https:\/\/diktardagar.no\/2020\/wp-content\/uploads\/sites\/4\/2015\/07\/Kommunelogo1-v\u00e5g\u00e5-5405-4f-300x95.png 300w, https:\/\/diktardagar.no\/2020\/wp-content\/uploads\/sites\/4\/2015\/07\/Kommunelogo1-v\u00e5g\u00e5-5405-4f.png 525w\" sizes=\"auto, (max-width: 300px) 100vw, 300px\" \/>\r\n\t\r\n\t<\/a>\r\n\t\r\n<\/div>\r\n\r\n\r\n\r\n\r\n\r\n<div class=\"sponsor-fremhevet\">\r\n\t\r\n\t<a href=\"http:\/\/www.forfattersentrum.no\/\" target=\"_blank\" rel=\"noopener noreferrer\">\r\n\t\r\n\t\t<img loading=\"lazy\" decoding=\"async\" width=\"300\" height=\"132\" src=\"https:\/\/diktardagar.no\/2020\/wp-content\/uploads\/sites\/4\/2018\/06\/norsk_forfattersentrum_logo-300x132.png\" class=\"attachment-medium size-medium\" alt=\"\" srcset=\"https:\/\/diktardagar.no\/2020\/wp-content\/uploads\/sites\/4\/2018\/06\/norsk_forfattersentrum_logo-300x132.png 300w, https:\/\/diktardagar.no\/2020\/wp-content\/uploads\/sites\/4\/2018\/06\/norsk_forfattersentrum_logo.png 339w\" sizes=\"auto, (max-width: 300px) 100vw, 300px\" \/>\r\n\t\r\n\t<\/a>\r\n\t\r\n<\/div>\r\n\r\n\r\n\r\n\r\n\r\n\n<h2>\n\t\tTakk \u00f2g til\n\t<\/h2>\n\t\r\n\r\n\r\n\r\n\r\n\r\n\r\n\r\n\r\n\r\n\r\n\r\n\r\n\r\n\r\n\r\n\r\n\r\n\r\n\r\n\r\n\r\n<div class=\"sponsor-takk\">\r\n\t\r\n\t<a href=\"https:\/\/samlaget.no\/\" target=\"_blank\" rel=\"noopener noreferrer\">\r\n\t\r\n\t\tSamlaget\r\n\t\r\n\t<\/a>\r\n\t\r\n<\/div>\r\n\r\n\r\n\r\n\r\n\r\n<div class=\"sponsor-takk\">\r\n\t\r\n\t\tOttadalen M\u00f8lle\r\n\t\r\n<\/div>\r\n\r\n\r\n\r\n<div class=\"sponsor-takk\">\r\n\t\r\n\t\tFjell &#038; Fritid\r\n\t\r\n<\/div>\r\n\r\n\r\n\r\n<div class=\"sponsor-takk\">\r\n\t\r\n\t\tFossberg Hotell\r\n\t\r\n<\/div>\r\n\r\n\r\n\r\n<div class=\"sponsor-takk\">\r\n\t\r\n\t<a href=\"http:\/\/fossheimsteinsenter.no\/\" target=\"_blank\" rel=\"noopener noreferrer\">\r\n\t\r\n\t\tFossheim Steinsenter\r\n\t\r\n\t<\/a>\r\n\t\r\n<\/div>\r\n\r\n\r\n\r\n<div class=\"sponsor-takk\">\r\n\t\r\n\t\tFossheim Hotell\r\n\t\r\n<\/div>\r\n\r\n\r\n\r\n<div class=\"sponsor-takk\">\r\n\t\r\n\t\tNordal Eiendom\r\n\t\r\n<\/div>\r\n\r\n\r\n\r\n<div class=\"sponsor-takk\">\r\n\t\r\n\t\tKiwi\r\n\t\r\n<\/div>\r\n\r\n\r\n\r\n<div class=\"sponsor-takk\">\r\n\t\r\n\t\tStokk &#038; Stein\r\n\t\r\n<\/div>\r\n\r\n\r\n\r\n<div class=\"sponsor-takk\">\r\n\t\r\n\t\tSpiterstulen\r\n\t\r\n<\/div>\r\n\r\n\r\n\r\n<div class=\"sponsor-takk\">\r\n\t\r\n\t\tGausdal Landhandleri\r\n\t\r\n<\/div>\r\n\r\n\r\n\r\n<div class=\"sponsor-takk\">\r\n\t\r\n\t\tCoop Ottadalen\r\n\t\r\n<\/div>\r\n\r\n\r\n\r\n<div class=\"sponsor-takk\">\r\n\t\r\n\t\tFjuken\r\n\t\r\n<\/div>\r\n\r\n\r\n\r\n<div class=\"sponsor-takk\">\r\n\t\r\n\t\tBreheimen Mat\r\n\t\r\n<\/div>\r\n\r\n\r\n\r\n<div class=\"sponsor-takk\">\r\n\t\r\n\t\tNye Brimi Bue\r\n\t\r\n<\/div>\r\n\r\n\n<h2>\n\t\t\u00c5rets akt\u00f8rar\n\t<\/h2>\n\t<article class=\"aktorer_list\">\r\n\t<figure>\r\n\t\t<a href=\"https:\/\/diktardagar.no\/2020\/?post_type=aktr&#038;p=2919\"><img decoding=\"async\" src=\"https:\/\/diktardagar.no\/2020\/wp-content\/uploads\/sites\/4\/2020\/06\/IMG_0472-150x150.jpg\" alt=\"Lars Mytting\"><\/a>\r\n\t<\/figure>\r\n\t<header>\r\n\t\t<hgroup>\r\n\t\t\t<h2><a href=\"https:\/\/diktardagar.no\/2020\/?post_type=aktr&#038;p=2919\">Lars Mytting<\/a><\/h2>\r\n\t\t<\/hgroup>\r\n\t<\/header>\r\n\t<p><p>Lars Mytting (fr\u00e5 F\u00e5vang) debuterte med romanen Hestekrefter, og er seinare kjent for b\u00f8ker som Hel ved og Sv\u00f8m med dem som drukner. Romanane hans foreg\u00e5r p\u00e5 oppdikta stader i Gudbrandsdalen, det gjeld ogs\u00e5 boka S\u00f8sterklokkene fr\u00e5 2018. <\/p>\n<\/p>\r\n<\/article><article class=\"aktorer_list\">\r\n\t<figure>\r\n\t\t<a href=\"https:\/\/diktardagar.no\/2020\/?post_type=aktr&#038;p=2761\"><img decoding=\"async\" src=\"https:\/\/diktardagar.no\/2020\/wp-content\/uploads\/sites\/4\/2019\/06\/8683520032_2af88a31c5_b-1-150x150.jpg\" alt=\"Sigmund L\u00f8v\u00e5sen\"><\/a>\r\n\t<\/figure>\r\n\t<header>\r\n\t\t<hgroup>\r\n\t\t\t<h2><a href=\"https:\/\/diktardagar.no\/2020\/?post_type=aktr&#038;p=2761\">Sigmund L\u00f8v\u00e5sen<\/a><\/h2>\r\n\t\t<\/hgroup>\r\n\t<\/header>\r\n\t<p><p>Sigmund L\u00f8v\u00e5sen har skrive fleire romanar og skodespel. I fjor haust kom han med diktsamlinga Med \u00f8ksene dei haustar inn. <\/p>\n<\/p>\r\n<\/article><article class=\"aktorer_list\">\r\n\t<figure>\r\n\t\t<a href=\"https:\/\/diktardagar.no\/2020\/?post_type=aktr&#038;p=2921\"><img decoding=\"async\" src=\"https:\/\/diktardagar.no\/2020\/wp-content\/uploads\/sites\/4\/2020\/06\/Anna-Kleiva-150x150.png\" alt=\"R\u00f8nnaug Kleiva\"><\/a>\r\n\t<\/figure>\r\n\t<header>\r\n\t\t<hgroup>\r\n\t\t\t<h2><a href=\"https:\/\/diktardagar.no\/2020\/?post_type=aktr&#038;p=2921\">R\u00f8nnaug Kleiva<\/a><\/h2>\r\n\t\t<\/hgroup>\r\n\t<\/header>\r\n\t<p><p>R\u00f8nnaug Kleiva (fr\u00e5 Vartdal p\u00e5 Sunnm\u00f8re) debuterte i 1985 med diktsamlinga Animasjon. Ho har sidan gjeve ut 28 b\u00f8ker i ulike sjangrar for vaksne og barn. Fleire av b\u00f8kene er omsette til andre spr\u00e5k.<\/p>\n<\/p>\r\n<\/article><article class=\"aktorer_list\">\r\n\t<figure>\r\n\t\t<a href=\"https:\/\/diktardagar.no\/2020\/?post_type=aktr&#038;p=2966\"><img decoding=\"async\" src=\"https:\/\/diktardagar.no\/2020\/wp-content\/uploads\/sites\/4\/2020\/06\/audhild-solberg-150x150.png\" alt=\"Audhild Solberg\"><\/a>\r\n\t<\/figure>\r\n\t<header>\r\n\t\t<hgroup>\r\n\t\t\t<h2><a href=\"https:\/\/diktardagar.no\/2020\/?post_type=aktr&#038;p=2966\">Audhild Solberg<\/a><\/h2>\r\n\t\t<\/hgroup>\r\n\t<\/header>\r\n\t<p><p>Audhild Solberg er opphaveleg fr\u00e5 Sauland i Telemark, men bur i Oslo der ho har jobba i forlagsbransjen og som forfattar av barne- og ungdomsb\u00f8ker gjennom ei \u00e5rrekke.<\/p>\n<\/p>\r\n<\/article><article class=\"aktorer_list\">\r\n\t<figure>\r\n\t\t<a href=\"https:\/\/diktardagar.no\/2020\/?post_type=aktr&#038;p=2964\"><img decoding=\"async\" src=\"https:\/\/diktardagar.no\/2020\/wp-content\/uploads\/sites\/4\/2020\/06\/DA\u030aM_1342_-150x150.jpg\" alt=\"D\u00e5m\"><\/a>\r\n\t<\/figure>\r\n\t<header>\r\n\t\t<hgroup>\r\n\t\t\t<h2><a href=\"https:\/\/diktardagar.no\/2020\/?post_type=aktr&#038;p=2964\">D\u00e5m<\/a><\/h2>\r\n\t\t<\/hgroup>\r\n\t<\/header>\r\n\t<p><p>Kjell Marius Snipen og \u00d8ystein Haugan er dei to akt\u00f8rane i D\u00e5m. Dei har gjennom fleire \u00e5r utvikla eit eige og originalt uttrykk med r\u00f8ter i hip-hop, men med forgreningar ut i det ymse.<\/p>\n<\/p>\r\n<\/article><article class=\"aktorer_list\">\r\n\t<figure>\r\n\t\t<a href=\"https:\/\/diktardagar.no\/2020\/?post_type=aktr&#038;p=2991\"><img decoding=\"async\" src=\"https:\/\/diktardagar.no\/2020\/wp-content\/uploads\/sites\/4\/2020\/06\/dameriddur-150x150.jpg\" alt=\"Damer i D-dur\"><\/a>\r\n\t<\/figure>\r\n\t<header>\r\n\t\t<hgroup>\r\n\t\t\t<h2><a href=\"https:\/\/diktardagar.no\/2020\/?post_type=aktr&#038;p=2991\">Damer i D-dur<\/a><\/h2>\r\n\t\t<\/hgroup>\r\n\t<\/header>\r\n\t<p><p>Damer i D-dur er ein sekstett fr\u00e5 V\u00e5g\u00e5 og Lom som har sunge saman i eit ti\u00e5r. Dei er ei acapellagruppe som leikar seg innanfor fleire sjangrar.<\/p>\n<\/p>\r\n<\/article><article class=\"aktorer_list\">\r\n\t<figure>\r\n\t\t<a href=\"https:\/\/diktardagar.no\/2020\/?post_type=aktr&#038;p=2956\"><img decoding=\"async\" src=\"https:\/\/diktardagar.no\/2020\/wp-content\/uploads\/sites\/4\/2020\/06\/frikkgjeilo-150x150.png\" alt=\"Frikk Gjeilo\"><\/a>\r\n\t<\/figure>\r\n\t<header>\r\n\t\t<hgroup>\r\n\t\t\t<h2><a href=\"https:\/\/diktardagar.no\/2020\/?post_type=aktr&#038;p=2956\">Frikk Gjeilo<\/a><\/h2>\r\n\t\t<\/hgroup>\r\n\t<\/header>\r\n\t<p><p>Frikk Gjeilo er ei ny lomsstjerne p\u00e5 stjernehimmelen. Han er l\u00e5tskrivar og musikar, han er fr\u00e5 Lom og er f\u00f8dd i 1989.<\/p>\n<\/p>\r\n<\/article><article class=\"aktorer_list\">\r\n\t<figure>\r\n\t\t<a href=\"https:\/\/diktardagar.no\/2020\/?post_type=aktr&#038;p=2960\"><img decoding=\"async\" src=\"https:\/\/diktardagar.no\/2020\/wp-content\/uploads\/sites\/4\/2020\/06\/Hege-Faust-150x150.png\" alt=\"Hege Faust\"><\/a>\r\n\t<\/figure>\r\n\t<header>\r\n\t\t<hgroup>\r\n\t\t\t<h2><a href=\"https:\/\/diktardagar.no\/2020\/?post_type=aktr&#038;p=2960\">Hege Faust<\/a><\/h2>\r\n\t\t<\/hgroup>\r\n\t<\/header>\r\n\t<p><p>Hege Faust har sidan 2014 vore leiar i Hamsun-Selskapet. Ho har 28 \u00e5rs fartstid i skulen, og har hovudfag i nordisk litteratur p\u00e5 Hamsuns retorikk. <\/p>\n<\/p>\r\n<\/article><article class=\"aktorer_list\">\r\n\t<figure>\r\n\t\t<a href=\"https:\/\/diktardagar.no\/2020\/?post_type=aktr&#038;p=2815\"><img decoding=\"async\" src=\"https:\/\/diktardagar.no\/2020\/wp-content\/uploads\/sites\/4\/2019\/06\/HildegunnHovde2-150x150.jpg\" alt=\"Hildegunn Hovde\"><\/a>\r\n\t<\/figure>\r\n\t<header>\r\n\t\t<hgroup>\r\n\t\t\t<h2><a href=\"https:\/\/diktardagar.no\/2020\/?post_type=aktr&#038;p=2815\">Hildegunn Hovde<\/a><\/h2>\r\n\t\t<\/hgroup>\r\n\t<\/header>\r\n\t<p><p>Hildegunn Hovde er utdanna klassisk songar, men er allsidig innanfor ei rekke ulike sjangrar.<\/p>\n<\/p>\r\n<\/article><article class=\"aktorer_list\">\r\n\t<figure>\r\n\t\t<a href=\"https:\/\/diktardagar.no\/2020\/?post_type=aktr&#038;p=2995\"><img decoding=\"async\" src=\"https:\/\/diktardagar.no\/2020\/wp-content\/uploads\/sites\/4\/2020\/07\/ivar-teigum-150x150.png\" alt=\"Ivar Teigum\"><\/a>\r\n\t<\/figure>\r\n\t<header>\r\n\t\t<hgroup>\r\n\t\t\t<h2><a href=\"https:\/\/diktardagar.no\/2020\/?post_type=aktr&#038;p=2995\">Ivar Teigum<\/a><\/h2>\r\n\t\t<\/hgroup>\r\n\t<\/header>\r\n\t<p><p>Ivar Teigum er f\u00f8dd i 1944 og er opphaveleg fr\u00e5 Skj\u00e5k. Han er lokalhistorikar som er utdanna lektor med faga engelsk, historie og idehistorie.<\/p>\n<\/p>\r\n<\/article><article class=\"aktorer_list\">\r\n\t<figure>\r\n\t\t<a href=\"https:\/\/diktardagar.no\/2020\/?post_type=aktr&#038;p=2962\"><img decoding=\"async\" src=\"https:\/\/diktardagar.no\/2020\/wp-content\/uploads\/sites\/4\/2020\/06\/Maren-Sandbakk-150x150.jpg\" alt=\"Maren Sandbakk\"><\/a>\r\n\t<\/figure>\r\n\t<header>\r\n\t\t<hgroup>\r\n\t\t\t<h2><a href=\"https:\/\/diktardagar.no\/2020\/?post_type=aktr&#038;p=2962\">Maren Sandbakk<\/a><\/h2>\r\n\t\t<\/hgroup>\r\n\t<\/header>\r\n\t<p><p>Maren Sandbakk er utdanna journalist og kulturvitar, masteroppg\u00e5va hennar har tittelen &laquo;No vert det spanande! Komikk og karneval i Fl\u00e5klypa Tidende&raquo;.<\/p>\n<\/p>\r\n<\/article><article class=\"aktorer_list\">\r\n\t<figure>\r\n\t\t<a href=\"https:\/\/diktardagar.no\/2020\/?post_type=aktr&#038;p=3033\"><img decoding=\"async\" src=\"https:\/\/diktardagar.no\/2020\/wp-content\/uploads\/sites\/4\/2020\/08\/ole-150x150.jpg\" alt=\"Ole Foss\"><\/a>\r\n\t<\/figure>\r\n\t<header>\r\n\t\t<hgroup>\r\n\t\t\t<h2><a href=\"https:\/\/diktardagar.no\/2020\/?post_type=aktr&#038;p=3033\">Ole Foss<\/a><\/h2>\r\n\t\t<\/hgroup>\r\n\t<\/header>\r\n\t<p><\/p>\r\n<\/article><article class=\"aktorer_list\">\r\n\t<figure>\r\n\t\t<a href=\"https:\/\/diktardagar.no\/2020\/?post_type=aktr&#038;p=1705\"><img decoding=\"async\" src=\"https:\/\/diktardagar.no\/2020\/wp-content\/uploads\/sites\/4\/2016\/04\/Ove-R\u00f8sbak--150x150.jpg\" alt=\"Ove R\u00f8sbak\"><\/a>\r\n\t<\/figure>\r\n\t<header>\r\n\t\t<hgroup>\r\n\t\t\t<h2><a href=\"https:\/\/diktardagar.no\/2020\/?post_type=aktr&#038;p=1705\">Ove R\u00f8sbak<\/a><\/h2>\r\n\t\t<\/hgroup>\r\n\t<\/header>\r\n\t<p><p>Ove R\u00f8sbak, (f. 1959-) debuterte i 1978 med &laquo;L\u00e6vandes dikt&raquo; og vart sett p\u00e5 som eit ungt geni i heimstaddiktingstradisjonen.  Han har gjeve ut ni diktsamlinger, tre romanar, ei novellesamling, og ei gjendikting av den amerikanske diktaren Carl Sandburg.<\/p>\n<\/p>\r\n<\/article><article class=\"aktorer_list\">\r\n\t<figure>\r\n\t\t<a href=\"https:\/\/diktardagar.no\/2020\/?post_type=aktr&#038;p=2245\"><img decoding=\"async\" src=\"https:\/\/diktardagar.no\/2020\/wp-content\/uploads\/sites\/4\/2017\/08\/p\u00e5l2-150x150.jpg\" alt=\"P\u00e5l Svindland\"><\/a>\r\n\t<\/figure>\r\n\t<header>\r\n\t\t<hgroup>\r\n\t\t\t<h2><a href=\"https:\/\/diktardagar.no\/2020\/?post_type=aktr&#038;p=2245\">P\u00e5l Svindland<\/a><\/h2>\r\n\t\t<\/hgroup>\r\n\t<\/header>\r\n\t<p><p>P\u00e5l Svindland er ein multikunstnar, som er bur i Heidal.  Han er han ein dyktig saksofonspelar og ikkje minst ein suveren gitarist. Han er mykje brukt som kordirigent i traktene, mellom anna for Skj\u00e5k songlag. P\u00e5l er kulturskulel\u00e6rar i Sel kommune. <\/p>\n<\/p>\r\n<\/article><article class=\"aktorer_list\">\r\n\t<figure>\r\n\t\t<a href=\"https:\/\/diktardagar.no\/2020\/?post_type=aktr&#038;p=2243\"><img decoding=\"async\" src=\"https:\/\/diktardagar.no\/2020\/wp-content\/uploads\/sites\/4\/2017\/08\/endre-150x150.jpg\" alt=\"Endre Skj\u00e5k\"><\/a>\r\n\t<\/figure>\r\n\t<header>\r\n\t\t<hgroup>\r\n\t\t\t<h2><a href=\"https:\/\/diktardagar.no\/2020\/?post_type=aktr&#038;p=2243\">Endre Skj\u00e5k<\/a><\/h2>\r\n\t\t<\/hgroup>\r\n\t<\/header>\r\n\t<p><p>Endre Skj\u00e5k har ein bachelorgrad i drama\/teater fr\u00e5 NTNU i Trondheim. Han har erfaring fr\u00e5 Kristinspelet p\u00e5 Sel, og Teater Innlandet. Endre st\u00e5r bak den musikalske reisa Vindsus i fjell under festkvelden i Utgard.<\/p>\n<\/p>\r\n<\/article><article class=\"aktorer_list\">\r\n\t<figure>\r\n\t\t<a href=\"https:\/\/diktardagar.no\/2020\/?post_type=aktr&#038;p=2007\"><img decoding=\"async\" src=\"https:\/\/diktardagar.no\/2020\/wp-content\/uploads\/sites\/4\/2017\/07\/Kolden_20Ragnhild_202010_20c_20Tove_20K_20Breistein_20svart_20kvitt_2048x2048-150x150.jpg\" alt=\"Ragnhild Kolden\"><\/a>\r\n\t<\/figure>\r\n\t<header>\r\n\t\t<hgroup>\r\n\t\t\t<h2><a href=\"https:\/\/diktardagar.no\/2020\/?post_type=aktr&#038;p=2007\">Ragnhild Kolden<\/a><\/h2>\r\n\t\t<\/hgroup>\r\n\t<\/header>\r\n\t<p><p>Ragnhild Kolden er f\u00f8dd i 1956. Ho kjem fr\u00e5 B\u00f8verdalen i Lom og bur for tida i Oslo. Ragnhild er universitetetsutdanna i faga filosofi, sosialantropologi, psykologi og kristendomskunnskap.<\/p>\n<\/p>\r\n<\/article><article class=\"aktorer_list\">\r\n\t<figure>\r\n\t\t<a href=\"https:\/\/diktardagar.no\/2020\/?post_type=aktr&#038;p=1711\"><img decoding=\"async\" src=\"https:\/\/diktardagar.no\/2020\/wp-content\/uploads\/sites\/4\/2017\/01\/magnhild-150x150.jpg\" alt=\"Magnhild Bruheim\"><\/a>\r\n\t<\/figure>\r\n\t<header>\r\n\t\t<hgroup>\r\n\t\t\t<h2><a href=\"https:\/\/diktardagar.no\/2020\/?post_type=aktr&#038;p=1711\">Magnhild Bruheim<\/a><\/h2>\r\n\t\t<\/hgroup>\r\n\t<\/header>\r\n\t<p><p>Magnhild Bruheim er f\u00f8dd og oppvaksen i Skj\u00e5k. Ho bur n\u00e5 p\u00e5 Lillehammer og arbeider som frilans journalist og forfattar. Magnhild har skrive i alt 16 b\u00f8ker, seks av dei er krimb\u00f8ker, seks er spenningsb\u00f8ker for ungdom.<\/p>\n<\/p>\r\n<\/article>\n\n","protected":false},"excerpt":{"rendered":"<p>\u00c5rets akt\u00f8rar 2018<\/p>\n","protected":false},"author":1,"featured_media":0,"parent":0,"menu_order":0,"comment_status":"closed","ping_status":"closed","template":"","meta":{"footnotes":""},"class_list":["post-2327","page","type-page","status-publish","hentry"],"yoast_head":"<!-- This site is optimized with the Yoast SEO plugin v27.4 - https:\/\/yoast.com\/product\/yoast-seo-wordpress\/ -->\n<title>Akt\u00f8rar - Diktardagar 2020<\/title>\n<meta name=\"robots\" content=\"index, follow, max-snippet:-1, max-image-preview:large, max-video-preview:-1\" \/>\n<link rel=\"canonical\" href=\"https:\/\/diktardagar.no\/2020\/aktorar\/\" class=\"yoast-seo-meta-tag\" \/>\n<meta property=\"og:locale\" content=\"nb_NO\" class=\"yoast-seo-meta-tag\" \/>\n<meta property=\"og:type\" content=\"article\" class=\"yoast-seo-meta-tag\" \/>\n<meta property=\"og:title\" content=\"Akt\u00f8rar - Diktardagar 2020\" class=\"yoast-seo-meta-tag\" \/>\n<meta property=\"og:description\" content=\"\u00c5rets akt\u00f8rar 2018\" class=\"yoast-seo-meta-tag\" \/>\n<meta property=\"og:url\" content=\"https:\/\/diktardagar.no\/2020\/aktorar\/\" class=\"yoast-seo-meta-tag\" \/>\n<meta property=\"og:site_name\" content=\"Diktardagar 2020\" class=\"yoast-seo-meta-tag\" \/>\n<meta property=\"article:modified_time\" content=\"2020-11-17T10:37:48+00:00\" class=\"yoast-seo-meta-tag\" \/>\n<meta name=\"twitter:card\" content=\"summary_large_image\" class=\"yoast-seo-meta-tag\" \/>\n<script type=\"application\/ld+json\" class=\"yoast-schema-graph\">{\"@context\":\"https:\\\/\\\/schema.org\",\"@graph\":[{\"@type\":\"WebPage\",\"@id\":\"https:\\\/\\\/diktardagar.no\\\/2020\\\/aktorar\\\/\",\"url\":\"https:\\\/\\\/diktardagar.no\\\/2020\\\/aktorar\\\/\",\"name\":\"Akt\u00f8rar - Diktardagar 2020\",\"isPartOf\":{\"@id\":\"https:\\\/\\\/diktardagar.no\\\/2020\\\/#website\"},\"datePublished\":\"2018-04-30T12:02:38+00:00\",\"dateModified\":\"2020-11-17T10:37:48+00:00\",\"breadcrumb\":{\"@id\":\"https:\\\/\\\/diktardagar.no\\\/2020\\\/aktorar\\\/#breadcrumb\"},\"inLanguage\":\"nb-NO\",\"potentialAction\":[{\"@type\":\"ReadAction\",\"target\":[\"https:\\\/\\\/diktardagar.no\\\/2020\\\/aktorar\\\/\"]}]},{\"@type\":\"BreadcrumbList\",\"@id\":\"https:\\\/\\\/diktardagar.no\\\/2020\\\/aktorar\\\/#breadcrumb\",\"itemListElement\":[{\"@type\":\"ListItem\",\"position\":1,\"name\":\"Hjem\",\"item\":\"https:\\\/\\\/diktardagar.no\\\/2020\\\/\"},{\"@type\":\"ListItem\",\"position\":2,\"name\":\"Akt\u00f8rar\"}]},{\"@type\":\"WebSite\",\"@id\":\"https:\\\/\\\/diktardagar.no\\\/2020\\\/#website\",\"url\":\"https:\\\/\\\/diktardagar.no\\\/2020\\\/\",\"name\":\"Diktardagar 2020\",\"description\":\"\",\"potentialAction\":[{\"@type\":\"SearchAction\",\"target\":{\"@type\":\"EntryPoint\",\"urlTemplate\":\"https:\\\/\\\/diktardagar.no\\\/2020\\\/?s={search_term_string}\"},\"query-input\":{\"@type\":\"PropertyValueSpecification\",\"valueRequired\":true,\"valueName\":\"search_term_string\"}}],\"inLanguage\":\"nb-NO\"}]}<\/script>\n<!-- \/ Yoast SEO plugin. -->","yoast_head_json":{"title":"Akt\u00f8rar - Diktardagar 2020","robots":{"index":"index","follow":"follow","max-snippet":"max-snippet:-1","max-image-preview":"max-image-preview:large","max-video-preview":"max-video-preview:-1"},"canonical":"https:\/\/diktardagar.no\/2020\/aktorar\/","og_locale":"nb_NO","og_type":"article","og_title":"Akt\u00f8rar - Diktardagar 2020","og_description":"\u00c5rets akt\u00f8rar 2018","og_url":"https:\/\/diktardagar.no\/2020\/aktorar\/","og_site_name":"Diktardagar 2020","article_modified_time":"2020-11-17T10:37:48+00:00","twitter_card":"summary_large_image","schema":{"@context":"https:\/\/schema.org","@graph":[{"@type":"WebPage","@id":"https:\/\/diktardagar.no\/2020\/aktorar\/","url":"https:\/\/diktardagar.no\/2020\/aktorar\/","name":"Akt\u00f8rar - Diktardagar 2020","isPartOf":{"@id":"https:\/\/diktardagar.no\/2020\/#website"},"datePublished":"2018-04-30T12:02:38+00:00","dateModified":"2020-11-17T10:37:48+00:00","breadcrumb":{"@id":"https:\/\/diktardagar.no\/2020\/aktorar\/#breadcrumb"},"inLanguage":"nb-NO","potentialAction":[{"@type":"ReadAction","target":["https:\/\/diktardagar.no\/2020\/aktorar\/"]}]},{"@type":"BreadcrumbList","@id":"https:\/\/diktardagar.no\/2020\/aktorar\/#breadcrumb","itemListElement":[{"@type":"ListItem","position":1,"name":"Hjem","item":"https:\/\/diktardagar.no\/2020\/"},{"@type":"ListItem","position":2,"name":"Akt\u00f8rar"}]},{"@type":"WebSite","@id":"https:\/\/diktardagar.no\/2020\/#website","url":"https:\/\/diktardagar.no\/2020\/","name":"Diktardagar 2020","description":"","potentialAction":[{"@type":"SearchAction","target":{"@type":"EntryPoint","urlTemplate":"https:\/\/diktardagar.no\/2020\/?s={search_term_string}"},"query-input":{"@type":"PropertyValueSpecification","valueRequired":true,"valueName":"search_term_string"}}],"inLanguage":"nb-NO"}]}},"_links":{"self":[{"href":"https:\/\/diktardagar.no\/2020\/wp-json\/wp\/v2\/pages\/2327","targetHints":{"allow":["GET"]}}],"collection":[{"href":"https:\/\/diktardagar.no\/2020\/wp-json\/wp\/v2\/pages"}],"about":[{"href":"https:\/\/diktardagar.no\/2020\/wp-json\/wp\/v2\/types\/page"}],"author":[{"embeddable":true,"href":"https:\/\/diktardagar.no\/2020\/wp-json\/wp\/v2\/users\/1"}],"replies":[{"embeddable":true,"href":"https:\/\/diktardagar.no\/2020\/wp-json\/wp\/v2\/comments?post=2327"}],"version-history":[{"count":9,"href":"https:\/\/diktardagar.no\/2020\/wp-json\/wp\/v2\/pages\/2327\/revisions"}],"predecessor-version":[{"id":3078,"href":"https:\/\/diktardagar.no\/2020\/wp-json\/wp\/v2\/pages\/2327\/revisions\/3078"}],"wp:attachment":[{"href":"https:\/\/diktardagar.no\/2020\/wp-json\/wp\/v2\/media?parent=2327"}],"curies":[{"name":"wp","href":"https:\/\/api.w.org\/{rel}","templated":true}]}}