{"id":1833,"date":"2017-01-15T17:01:34","date_gmt":"2017-01-15T16:01:34","guid":{"rendered":"https:\/\/diktardagar.no\/2020\/?page_id=1833"},"modified":"2017-11-03T08:30:12","modified_gmt":"2017-11-03T07:30:12","slug":"aktorar-2013","status":"publish","type":"page","link":"https:\/\/diktardagar.no\/2020\/tidlegare\/diktardagar2013\/aktorar-2013\/","title":{"rendered":"Akt\u00f8rar 2013"},"content":{"rendered":"<p>[et_pb_section bb_built=&raquo;1&#8243; admin_label=&raquo;Mobil topp&raquo; custom_padding=&raquo;0px|0px|0px|0px&raquo; disabled_on=&raquo;on||&raquo; background_image=&raquo;https:\/\/diktardagar.no\/2020\/wp-content\/uploads\/sites\/4\/2016\/04\/banner1.png&raquo; custom_css_main_element=&raquo;height: 240px;&raquo; _builder_version=&raquo;3.0.66&#8243; disabled=&raquo;off&raquo; global_module=&raquo;1540&#8243;][et_pb_row admin_label=&raquo;row&raquo; global_parent=&raquo;1540&#8243; make_fullwidth=&raquo;on&raquo; custom_padding=&raquo;|||&raquo; custom_margin=&raquo;|1em||&raquo; _builder_version=&raquo;3.0.66&#8243; background_size=&raquo;initial&raquo; background_position=&raquo;top_left&raquo; background_repeat=&raquo;repeat&raquo;][et_pb_column type=&raquo;3_4&#8243;][\/et_pb_column][et_pb_column type=&raquo;1_4&#8243;][et_pb_text admin_label=&raquo;Slagord&raquo; global_parent=&raquo;1540&#8243; module_id=&raquo;slagord&raquo; _builder_version=&raquo;3.0.66&#8243; header_text_color=&raquo;#443f82&#8243; background_size=&raquo;initial&raquo; background_position=&raquo;top_left&raquo; background_repeat=&raquo;repeat&raquo; background_layout=&raquo;light&raquo; text_orientation=&raquo;left&raquo; border_style=&raquo;solid&raquo;]<\/p>\n<p><strong>Aa. O. Vinje 200 \u00e5r<\/strong><\/p>\n<h1>Barne-litteratur<\/h1>\n<p>[\/et_pb_text][\/et_pb_column][\/et_pb_row][\/et_pb_section][et_pb_section bb_built=&raquo;1&#8243; background_image=&raquo;https:\/\/diktardagar.no\/2020\/wp-content\/uploads\/sites\/4\/2017\/01\/banner_bg1.png&raquo; transparent_background=&raquo;off&raquo; background_color=&raquo;#5b8f9e&raquo; allow_player_pause=&raquo;off&raquo; inner_shadow=&raquo;off&raquo; parallax=&raquo;off&raquo; parallax_method=&raquo;off&raquo; custom_padding=&raquo;|0px||0px&raquo; make_fullwidth=&raquo;off&raquo; use_custom_width=&raquo;off&raquo; width_unit=&raquo;on&raquo; make_equal=&raquo;off&raquo; use_custom_gutter=&raquo;off&raquo; fullwidth=&raquo;off&raquo; specialty=&raquo;off&raquo; disabled_on=&raquo;off|on|on&raquo; custom_css_main_element=&raquo;height: 240px;&raquo; disabled=&raquo;off&raquo; global_module=&raquo;1550&#8243;][et_pb_row global_parent=&raquo;1550&#8243; make_fullwidth=&raquo;off&raquo; use_custom_width=&raquo;off&raquo; width_unit=&raquo;off&raquo; custom_width_px=&raquo;1080px&raquo; custom_width_percent=&raquo;80%&raquo; use_custom_gutter=&raquo;off&raquo; gutter_width=&raquo;3&#8243; allow_player_pause=&raquo;off&raquo; parallax=&raquo;off&raquo; parallax_method=&raquo;on&raquo; make_equal=&raquo;off&raquo; parallax_1=&raquo;off&raquo; parallax_method_1=&raquo;on&raquo; parallax_2=&raquo;off&raquo; parallax_method_2=&raquo;on&raquo; parallax_3=&raquo;off&raquo; parallax_method_3=&raquo;on&raquo; parallax_4=&raquo;off&raquo; parallax_method_4=&raquo;on&raquo; disabled=&raquo;off&raquo;][et_pb_column type=&raquo;1_4&#8243;][et_pb_button admin_label=&raquo;Tidlegare diktardagar knapp&raquo; global_parent=&raquo;1550&#8243; button_url=&raquo;\/tidlegare\/&raquo; url_new_window=&raquo;off&raquo; button_text=&raquo;Tidligare diktardagar&raquo; button_alignment=&raquo;left&raquo; background_layout=&raquo;light&raquo; custom_button=&raquo;off&raquo; button_text_size=&raquo;18&#8243; button_letter_spacing=&raquo;0&#8243; button_use_icon=&raquo;default&raquo; button_icon_placement=&raquo;right&raquo; button_on_hover=&raquo;on&raquo; button_letter_spacing_hover=&raquo;0&#8243; disabled=&raquo;off&raquo; saved_tabs=&raquo;all&raquo; template_type=&raquo;module&raquo; \/][et_pb_button admin_label=&raquo;Om diktardagar 2017&#8243; global_parent=&raquo;1550&#8243; button_text=&raquo;Om diktardagar 2017&#8243; button_url=&raquo;\/om-diktardagar-2017\/&raquo; url_new_window=&raquo;off&raquo; button_alignment=&raquo;left&raquo; background_layout=&raquo;light&raquo; custom_button=&raquo;off&raquo; button_letter_spacing=&raquo;0&#8243; button_use_icon=&raquo;default&raquo; button_icon_placement=&raquo;right&raquo; button_on_hover=&raquo;on&raquo; button_letter_spacing_hover=&raquo;0&#8243; \/][et_pb_text admin_label=&raquo;Sponsorer&raquo; global_parent=&raquo;1550&#8243; background_layout=&raquo;light&raquo; text_orientation=&raquo;left&raquo; max_width=&raquo;150px&raquo; header_text_color=&raquo;#443f82&#8243; use_border_color=&raquo;off&raquo; border_color=&raquo;#ffffff&raquo; border_style=&raquo;solid&raquo; disabled=&raquo;off&raquo; saved_tabs=&raquo;all&raquo;]<\/p>\n<h1>Sponsorer<\/h1>\n<p><a href=\"http:\/\/www.oppland.no\/\" target=\"_blank\" rel=\"noopener noreferrer\"><img loading=\"lazy\" decoding=\"async\" class=\"alignnone wp-image-786 size-medium\" src=\"https:\/\/diktardagar.no\/2020\/wp-content\/uploads\/sites\/4\/2015\/07\/oppland_fylkeskommune-300x76.png\" alt=\"oppland_fylkeskommune\" width=\"300\" height=\"76\" srcset=\"https:\/\/diktardagar.no\/2020\/wp-content\/uploads\/sites\/4\/2015\/07\/oppland_fylkeskommune-300x76.png 300w, https:\/\/diktardagar.no\/2020\/wp-content\/uploads\/sites\/4\/2015\/07\/oppland_fylkeskommune.png 425w\" sizes=\"auto, (max-width: 300px) 100vw, 300px\" \/><\/a> <a href=\"http:\/\/kulturradet.no\/\" target=\"_blank\" rel=\"noopener noreferrer\"><img loading=\"lazy\" decoding=\"async\" class=\"alignnone wp-image-506 size-medium\" src=\"https:\/\/diktardagar.no\/2020\/wp-content\/uploads\/sites\/4\/2014\/07\/kulturr\u00e5d-300x268.png\" alt=\"kulturr\u00e5d\" width=\"300\" height=\"268\" srcset=\"https:\/\/diktardagar.no\/2020\/wp-content\/uploads\/sites\/4\/2014\/07\/kulturr\u00e5d-300x268.png 300w, https:\/\/diktardagar.no\/2020\/wp-content\/uploads\/sites\/4\/2014\/07\/kulturr\u00e5d-1024x915.png 1024w, https:\/\/diktardagar.no\/2020\/wp-content\/uploads\/sites\/4\/2014\/07\/kulturr\u00e5d.png 1409w\" sizes=\"auto, (max-width: 300px) 100vw, 300px\" \/><\/a> <a href=\"http:\/\/www.nord-gudbrandsdal.no\/\" target=\"_blank\" rel=\"noopener noreferrer\"><img loading=\"lazy\" decoding=\"async\" class=\"alignnone wp-image-509 size-medium\" src=\"https:\/\/diktardagar.no\/2020\/wp-content\/uploads\/sites\/4\/2014\/07\/regr\u00e5d-300x169.png\" width=\"300\" height=\"169\" srcset=\"https:\/\/diktardagar.no\/2020\/wp-content\/uploads\/sites\/4\/2014\/07\/regr\u00e5d-300x169.png 300w, https:\/\/diktardagar.no\/2020\/wp-content\/uploads\/sites\/4\/2014\/07\/regr\u00e5d.png 886w\" sizes=\"auto, (max-width: 300px) 100vw, 300px\" \/><\/a> <a href=\"http:\/\/lom.kommune.no\/\" target=\"_blank\" rel=\"noopener noreferrer\"><img loading=\"lazy\" decoding=\"async\" class=\"alignnone wp-image-507 size-medium\" src=\"https:\/\/diktardagar.no\/2020\/wp-content\/uploads\/sites\/4\/2014\/07\/lom-kommune-300x102.png\" width=\"300\" height=\"102\" srcset=\"https:\/\/diktardagar.no\/2020\/wp-content\/uploads\/sites\/4\/2014\/07\/lom-kommune-300x102.png 300w, https:\/\/diktardagar.no\/2020\/wp-content\/uploads\/sites\/4\/2014\/07\/lom-kommune-1024x348.png 1024w, https:\/\/diktardagar.no\/2020\/wp-content\/uploads\/sites\/4\/2014\/07\/lom-kommune.png 1181w\" sizes=\"auto, (max-width: 300px) 100vw, 300px\" \/><\/a> <a href=\"https:\/\/www.sparebank1.no\/lom-skjaak\/privat.html\"><img loading=\"lazy\" decoding=\"async\" class=\"alignnone size-medium wp-image-1535\" src=\"https:\/\/diktardagar.no\/2020\/wp-content\/uploads\/sites\/4\/2017\/01\/Spb1LSlogo-300x89.jpg\" alt=\"Spb1LSlogo\" width=\"300\" height=\"89\" srcset=\"https:\/\/diktardagar.no\/2020\/wp-content\/uploads\/sites\/4\/2017\/01\/Spb1LSlogo-300x89.jpg 300w, https:\/\/diktardagar.no\/2020\/wp-content\/uploads\/sites\/4\/2017\/01\/Spb1LSlogo.jpg 414w\" sizes=\"auto, (max-width: 300px) 100vw, 300px\" \/><\/a> <a href=\"http:\/\/www.skjaak.kommune.no\/\"><img loading=\"lazy\" decoding=\"async\" class=\"alignnone size-medium wp-image-781\" src=\"https:\/\/diktardagar.no\/2020\/wp-content\/uploads\/sites\/4\/2015\/07\/skjaak_logo_1-300x147.png\" alt=\"skjaak_logo\" width=\"300\" height=\"147\" srcset=\"https:\/\/diktardagar.no\/2020\/wp-content\/uploads\/sites\/4\/2015\/07\/skjaak_logo_1-300x147.png 300w, https:\/\/diktardagar.no\/2020\/wp-content\/uploads\/sites\/4\/2015\/07\/skjaak_logo_1.png 987w\" sizes=\"auto, (max-width: 300px) 100vw, 300px\" \/><\/a> <a href=\"http:\/\/www.fritt-ord.no\/\"><img loading=\"lazy\" decoding=\"async\" class=\"alignnone size-medium wp-image-505\" src=\"https:\/\/diktardagar.no\/2020\/wp-content\/uploads\/sites\/4\/2014\/07\/fritt-ord-266x300.png\" alt=\"fritt ord\" width=\"266\" height=\"300\" srcset=\"https:\/\/diktardagar.no\/2020\/wp-content\/uploads\/sites\/4\/2014\/07\/fritt-ord-266x300.png 266w, https:\/\/diktardagar.no\/2020\/wp-content\/uploads\/sites\/4\/2014\/07\/fritt-ord.png 713w\" sizes=\"auto, (max-width: 266px) 100vw, 266px\" \/><\/a><\/p>\n<h1>Takk \u00f2g til:<\/h1>\n<p>Det Norske Komponistfond Samlaget V\u00e5g\u00e5 kommune Eidefoss Gyldendal Fossberg Hotell Fossheim Hotell Coop Ottadalen Ottadalen M\u00f8lle Norgesf\u00f2r Nordal Eiendom Kiwi Stokk &amp; Stein Fjell &amp; Fritid Gausdal Landhandel Fossheim Steinsenter<\/p>\n<p>[\/et_pb_text][\/et_pb_column][et_pb_column type=&raquo;3_4&#8243;][et_pb_post_title global_parent=&raquo;1550&#8243; saved_tabs=&raquo;all&raquo; template_type=&raquo;module&raquo; title=&raquo;off&raquo; meta=&raquo;off&raquo; author=&raquo;on&raquo; date=&raquo;on&raquo; categories=&raquo;on&raquo; comments=&raquo;on&raquo; featured_image=&raquo;on&raquo; featured_placement=&raquo;below&raquo; parallax_effect=&raquo;on&raquo; parallax_method=&raquo;on&raquo; text_orientation=&raquo;left&raquo; text_color=&raquo;dark&raquo; text_background=&raquo;off&raquo; text_bg_color=&raquo;rgba(255,255,255,0.9)&raquo; disabled=&raquo;off&raquo; module_bg_color=&raquo;rgba(255,255,255,0)&raquo; use_border_color=&raquo;off&raquo; border_color=&raquo;#ffffff&raquo; border_style=&raquo;solid&raquo; \/][et_pb_text global_parent=&raquo;1550&#8243; background_layout=&raquo;light&raquo; text_orientation=&raquo;left&raquo; use_border_color=&raquo;off&raquo; border_style=&raquo;solid&raquo; disabled=&raquo;off&raquo;]<\/p>\n<p>Sal av billettar p\u00e5 nettet startar 15. julii 2017.<\/p>\n<p>Du kan du ogs\u00e5 kj\u00f8pe billettar p\u00e5 biblioteket i Loar eller ved inngangen til dei ulike arrangmenta.<\/p>\n<p><strong>NB! Billettar som er bestilte men ikkje betalte, m\u00e5 betalast og hentast p\u00e5 biblioteket eller ved inngangen i god tid f\u00f8r forestillingane tek til.<\/strong><\/p>\n<p><div class=\"em-view-container\" id=\"em-view-1744253217\" data-view=\"list-grouped\">\r\n\t<div class=\"em-list em-events-list em-events-list-grouped\" id=\"em-events-list-grouped-1744253217\">\r\n\tIngen arrangementer er tilgjengelig enda.\t<\/div>\r\n<\/div> [\/et_pb_text][\/et_pb_column][\/et_pb_row][et_pb_row admin_label=&raquo;row&raquo; global_parent=&raquo;1550&#8243; make_fullwidth=&raquo;on&raquo; use_custom_width=&raquo;off&raquo; width_unit=&raquo;off&raquo; custom_width_px=&raquo;1080px&raquo; custom_width_percent=&raquo;80%&raquo; use_custom_gutter=&raquo;off&raquo; gutter_width=&raquo;3&#8243; custom_padding=&raquo;|||&raquo; custom_margin=&raquo;|1em||&raquo; allow_player_pause=&raquo;off&raquo; parallax=&raquo;off&raquo; parallax_method=&raquo;on&raquo; make_equal=&raquo;off&raquo; parallax_1=&raquo;off&raquo; parallax_method_1=&raquo;on&raquo; parallax_2=&raquo;off&raquo; parallax_method_2=&raquo;on&raquo; parallax_3=&raquo;off&raquo; parallax_method_3=&raquo;on&raquo; parallax_4=&raquo;off&raquo; parallax_method_4=&raquo;on&raquo; disabled=&raquo;off&raquo;][et_pb_column type=&raquo;3_4&#8243;][\/et_pb_column][et_pb_column type=&raquo;1_4&#8243;][et_pb_text global_parent=&raquo;1550&#8243; background_layout=&raquo;light&raquo; text_orientation=&raquo;left&raquo; module_id=&raquo;slagord&raquo; header_text_color=&raquo;#443f82&#8243; use_border_color=&raquo;off&raquo; border_style=&raquo;solid&raquo; disabled=&raquo;off&raquo;]<\/p>\n<p><strong>Vera Henriksen<\/strong> <strong>Lisbet Lid Ven\u00e5s<\/strong><\/p>\n<h1>Markens Gr\u00f8de<\/h1>\n<p>[\/et_pb_text][\/et_pb_column][\/et_pb_row][\/et_pb_section][et_pb_section bb_built=&raquo;1&#8243; admin_label=&raquo;section&raquo; transparent_background=&raquo;off&raquo; background_color=&raquo;#5b8f9e&raquo; allow_player_pause=&raquo;off&raquo; inner_shadow=&raquo;off&raquo; parallax=&raquo;off&raquo; parallax_method=&raquo;on&raquo; custom_padding=&raquo;0.5em|0px|0.5em|0px&raquo; make_fullwidth=&raquo;off&raquo; use_custom_width=&raquo;off&raquo; width_unit=&raquo;off&raquo; make_equal=&raquo;off&raquo; use_custom_gutter=&raquo;off&raquo; fullwidth=&raquo;off&raquo; specialty=&raquo;off&raquo; disabled=&raquo;off&raquo; global_module=&raquo;1541&#8243;][et_pb_row admin_label=&raquo;row&raquo; global_parent=&raquo;1541&#8243; make_fullwidth=&raquo;on&raquo; use_custom_width=&raquo;off&raquo; width_unit=&raquo;off&raquo; custom_width_px=&raquo;1080px&raquo; custom_width_percent=&raquo;80%&raquo; use_custom_gutter=&raquo;off&raquo; gutter_width=&raquo;3&#8243; custom_padding=&raquo;0px|0px|0px|0px&raquo; allow_player_pause=&raquo;off&raquo; parallax=&raquo;off&raquo; parallax_method=&raquo;on&raquo; make_equal=&raquo;off&raquo; parallax_1=&raquo;off&raquo; parallax_method_1=&raquo;on&raquo; parallax_2=&raquo;off&raquo; parallax_method_2=&raquo;on&raquo; parallax_3=&raquo;off&raquo; parallax_method_3=&raquo;on&raquo; parallax_4=&raquo;off&raquo; parallax_method_4=&raquo;on&raquo; disabled=&raquo;off&raquo; background_position=&raquo;top_left&raquo; background_repeat=&raquo;repeat&raquo; background_size=&raquo;initial&raquo;][et_pb_column type=&raquo;4_4&#8243;][et_pb_text admin_label=&raquo;Datolinje 2017&#8243; global_parent=&raquo;1541&#8243; background_layout=&raquo;light&raquo; text_orientation=&raquo;center&raquo; border_style=&raquo;solid&raquo; header_text_color=&raquo;#ffffff&raquo; custom_padding=&raquo;0.5em|0px|0.5em|0px&raquo; _builder_version=&raquo;3.0.66&#8243;]<\/p>\n<h1>30. august til 2. september 2018<\/h1>\n<p>[\/et_pb_text][\/et_pb_column][\/et_pb_row][\/et_pb_section][et_pb_section bb_built=&raquo;1&#8243; fullwidth=&raquo;off&raquo; specialty=&raquo;on&raquo;][et_pb_column type=&raquo;1_4&#8243;][et_pb_button global_module=&raquo;1479&#8243; saved_tabs=&raquo;all&raquo; button_url=&raquo;\/tidlegare\/&raquo; url_new_window=&raquo;off&raquo; button_text=&raquo;Tidligare diktardagar&raquo; button_alignment=&raquo;left&raquo; background_layout=&raquo;light&raquo; custom_button=&raquo;off&raquo; button_letter_spacing=&raquo;0&#8243; button_use_icon=&raquo;default&raquo; button_icon_placement=&raquo;right&raquo; button_on_hover=&raquo;on&raquo; button_letter_spacing_hover=&raquo;0&#8243; \/][et_pb_text global_module=&raquo;1538&#8243; background_layout=&raquo;light&raquo; text_orientation=&raquo;left&raquo; max_width=&raquo;150px&raquo; header_text_color=&raquo;#443f82&#8243; use_border_color=&raquo;off&raquo; border_color=&raquo;#ffffff&raquo; border_style=&raquo;solid&raquo; saved_tabs=&raquo;all&raquo;]<\/p>\n<h1>Sponsorer<\/h1>\n<p><a href=\"http:\/\/www.oppland.no\/\" target=\"_blank\" rel=\"noopener\"><img loading=\"lazy\" decoding=\"async\" class=\"alignnone wp-image-786 size-medium\" src=\"https:\/\/diktardagar.no\/2020\/wp-content\/uploads\/sites\/4\/2015\/07\/oppland_fylkeskommune-300x76.png\" alt=\"oppland_fylkeskommune\" width=\"300\" height=\"76\" srcset=\"https:\/\/diktardagar.no\/2020\/wp-content\/uploads\/sites\/4\/2015\/07\/oppland_fylkeskommune-300x76.png 300w, https:\/\/diktardagar.no\/2020\/wp-content\/uploads\/sites\/4\/2015\/07\/oppland_fylkeskommune.png 425w\" sizes=\"auto, (max-width: 300px) 100vw, 300px\" \/><\/a><br \/>\n<a href=\"http:\/\/kulturradet.no\/\" target=\"_blank\" rel=\"noopener\"><img loading=\"lazy\" decoding=\"async\" class=\"alignnone wp-image-506 size-medium\" src=\"https:\/\/diktardagar.no\/2020\/wp-content\/uploads\/sites\/4\/2014\/07\/kulturr\u00e5d-300x268.png\" alt=\"kulturr\u00e5d\" width=\"300\" height=\"268\" srcset=\"https:\/\/diktardagar.no\/2020\/wp-content\/uploads\/sites\/4\/2014\/07\/kulturr\u00e5d-300x268.png 300w, https:\/\/diktardagar.no\/2020\/wp-content\/uploads\/sites\/4\/2014\/07\/kulturr\u00e5d-1024x915.png 1024w, https:\/\/diktardagar.no\/2020\/wp-content\/uploads\/sites\/4\/2014\/07\/kulturr\u00e5d.png 1409w\" sizes=\"auto, (max-width: 300px) 100vw, 300px\" \/><\/a><br \/>\n<a href=\"http:\/\/www.nord-gudbrandsdal.no\/\" target=\"_blank\" rel=\"noopener\"><img loading=\"lazy\" decoding=\"async\" class=\"alignnone wp-image-509 size-medium\" src=\"https:\/\/diktardagar.no\/2020\/wp-content\/uploads\/sites\/4\/2014\/07\/regr\u00e5d-300x169.png\" width=\"300\" height=\"169\" srcset=\"https:\/\/diktardagar.no\/2020\/wp-content\/uploads\/sites\/4\/2014\/07\/regr\u00e5d-300x169.png 300w, https:\/\/diktardagar.no\/2020\/wp-content\/uploads\/sites\/4\/2014\/07\/regr\u00e5d.png 886w\" sizes=\"auto, (max-width: 300px) 100vw, 300px\" \/><\/a><br \/>\n<a href=\"http:\/\/lom.kommune.no\/\" target=\"_blank\" rel=\"noopener\"><img loading=\"lazy\" decoding=\"async\" class=\"alignnone wp-image-507 size-medium\" src=\"https:\/\/diktardagar.no\/2020\/wp-content\/uploads\/sites\/4\/2014\/07\/lom-kommune-300x102.png\" width=\"300\" height=\"102\" srcset=\"https:\/\/diktardagar.no\/2020\/wp-content\/uploads\/sites\/4\/2014\/07\/lom-kommune-300x102.png 300w, https:\/\/diktardagar.no\/2020\/wp-content\/uploads\/sites\/4\/2014\/07\/lom-kommune-1024x348.png 1024w, https:\/\/diktardagar.no\/2020\/wp-content\/uploads\/sites\/4\/2014\/07\/lom-kommune.png 1181w\" sizes=\"auto, (max-width: 300px) 100vw, 300px\" \/><\/a><br \/>\n<a href=\"https:\/\/www.sparebank1.no\/lom-skjaak\/privat.html\"><img loading=\"lazy\" decoding=\"async\" class=\"alignnone size-medium wp-image-1535\" src=\"https:\/\/diktardagar.no\/2020\/wp-content\/uploads\/sites\/4\/2017\/01\/Spb1LSlogo-300x89.jpg\" alt=\"Spb1LSlogo\" width=\"300\" height=\"89\" srcset=\"https:\/\/diktardagar.no\/2020\/wp-content\/uploads\/sites\/4\/2017\/01\/Spb1LSlogo-300x89.jpg 300w, https:\/\/diktardagar.no\/2020\/wp-content\/uploads\/sites\/4\/2017\/01\/Spb1LSlogo.jpg 414w\" sizes=\"auto, (max-width: 300px) 100vw, 300px\" \/><\/a><br \/>\n<a href=\"http:\/\/www.skjaak.kommune.no\/\"><img loading=\"lazy\" decoding=\"async\" class=\"alignnone size-medium wp-image-781\" src=\"https:\/\/diktardagar.no\/2020\/wp-content\/uploads\/sites\/4\/2015\/07\/skjaak_logo_1-300x147.png\" alt=\"skjaak_logo\" width=\"300\" height=\"147\" srcset=\"https:\/\/diktardagar.no\/2020\/wp-content\/uploads\/sites\/4\/2015\/07\/skjaak_logo_1-300x147.png 300w, https:\/\/diktardagar.no\/2020\/wp-content\/uploads\/sites\/4\/2015\/07\/skjaak_logo_1.png 987w\" sizes=\"auto, (max-width: 300px) 100vw, 300px\" \/><\/a><br \/>\n<a href=\"http:\/\/www.fritt-ord.no\/\"><img loading=\"lazy\" decoding=\"async\" class=\"alignnone size-medium wp-image-505\" src=\"https:\/\/diktardagar.no\/2020\/wp-content\/uploads\/sites\/4\/2014\/07\/fritt-ord-266x300.png\" alt=\"fritt ord\" width=\"266\" height=\"300\" srcset=\"https:\/\/diktardagar.no\/2020\/wp-content\/uploads\/sites\/4\/2014\/07\/fritt-ord-266x300.png 266w, https:\/\/diktardagar.no\/2020\/wp-content\/uploads\/sites\/4\/2014\/07\/fritt-ord.png 713w\" sizes=\"auto, (max-width: 266px) 100vw, 266px\" \/><\/a><\/p>\n<h1>Takk \u00f2g til:<\/h1>\n<p>Det Norske Komponistfond<br \/>\nSamlaget<br \/>\nV\u00e5g\u00e5 kommune<br \/>\nEidefoss<br \/>\nGyldendal<br \/>\nFossberg Hotell<br \/>\nFossheim Hotell<br \/>\nCoop Ottadalen<br \/>\nOttadalen M\u00f8lle Norgesf\u00f2r<br \/>\nNordal Eiendom<br \/>\nKiwi<br \/>\nStokk &amp; Stein<br \/>\nFjell &amp; Fritid<br \/>\nGausdal Landhandel<br \/>\nFossheim Steinsenter<\/p>\n<p>[\/et_pb_text][\/et_pb_column][et_pb_column type=&raquo;3_4&#8243; specialty_columns=&raquo;3&#8243;][et_pb_row_inner admin_label=&raquo;Rad&raquo;][et_pb_column_inner type=&raquo;4_4&#8243; saved_specialty_column_type=&raquo;3_4&#8243;][et_pb_post_title title=&raquo;on&raquo; meta=&raquo;off&raquo; author=&raquo;off&raquo; date=&raquo;off&raquo; categories=&raquo;off&raquo; comments=&raquo;on&raquo; featured_image=&raquo;on&raquo; featured_placement=&raquo;below&raquo; parallax_effect=&raquo;on&raquo; parallax_method=&raquo;on&raquo; text_orientation=&raquo;left&raquo; text_color=&raquo;dark&raquo; text_background=&raquo;off&raquo; text_bg_color=&raquo;rgba(255,255,255,0.9)&raquo; module_bg_color=&raquo;rgba(255,255,255,0)&raquo; use_border_color=&raquo;off&raquo; border_color=&raquo;#ffffff&raquo; border_style=&raquo;solid&raquo; \/][et_pb_text admin_label=&raquo;Meny 2013&#8243; background_layout=&raquo;light&raquo; text_orientation=&raquo;left&raquo; use_border_color=&raquo;off&raquo; border_color=&raquo;#ffffff&raquo; border_style=&raquo;solid&raquo; module_id=&raquo;tidlegare_meny&raquo;] [su_menu name=&raquo;Diktardagar 2013&#8243;] [\/et_pb_text][et_pb_text admin_label=&raquo;Akt\u00f8rar pods 2013&#8243; background_layout=&raquo;light&raquo; text_orientation=&raquo;left&raquo; use_border_color=&raquo;off&raquo; border_color=&raquo;#ffffff&raquo; border_style=&raquo;solid&raquo;] <article class=\"aktorer_list\">\r\n\t<figure>\r\n\t\t<a href=\"https:\/\/diktardagar.no\/2020\/?post_type=aktr&#038;p=1752\"><img decoding=\"async\" src=\"https:\/\/diktardagar.no\/2020\/wp-content\/uploads\/sites\/4\/2014\/04\/Vegar-150x150.jpg\" alt=\"Vegar V\u00e5rdal\"><\/a>\r\n\t<\/figure>\r\n\t<header>\r\n\t\t<hgroup>\r\n\t\t\t<h2><a href=\"https:\/\/diktardagar.no\/2020\/?post_type=aktr&#038;p=1752\">Vegar V\u00e5rdal<\/a><\/h2>\r\n\t\t<\/hgroup>\r\n\t<\/header>\r\n\t<p><p>Vegar V\u00e5rdal (f.1975) er busett i V\u00e5g\u00e5, og arbeider som frilans folkemusikar og folkedansar. Han er ein av dei mest aktive ut\u00f8varane p\u00e5 vanleg fele her i landet, og er fast medlem i RUSK og Fant og Fente.<\/p>\n<\/p>\r\n<\/article><article class=\"aktorer_list\">\r\n\t<figure>\r\n\t\t<a href=\"https:\/\/diktardagar.no\/2020\/?post_type=aktr&#038;p=1751\"><img decoding=\"async\" src=\"https:\/\/diktardagar.no\/2020\/wp-content\/uploads\/sites\/4\/2014\/04\/The_men-150x150.jpg\" alt=\"The men they couldn&#8217;t shave\"><\/a>\r\n\t<\/figure>\r\n\t<header>\r\n\t\t<hgroup>\r\n\t\t\t<h2><a href=\"https:\/\/diktardagar.no\/2020\/?post_type=aktr&#038;p=1751\">The men they couldn&#8217;t shave<\/a><\/h2>\r\n\t\t<\/hgroup>\r\n\t<\/header>\r\n\t<p><p>The Men They Couldn&#8217;t Shave er eit norsk rockeband danna i 2000 p\u00e5 Jessheim. Dei er grunnleggjarar av den spesielle sjangeren Nordicana, som blandaer rock, country, roots, americana og punk med tekster p\u00e5verka av den amerikanske kvardagen og livet i det kalde Norge.<\/p>\n<\/p>\r\n<\/article><article class=\"aktorer_list\">\r\n\t<figure>\r\n\t\t<a href=\"https:\/\/diktardagar.no\/2020\/?post_type=aktr&#038;p=1750\"><img decoding=\"async\" src=\"https:\/\/diktardagar.no\/2020\/wp-content\/uploads\/sites\/4\/2014\/04\/Tom-Stalsberg_1202299486_1202299504-150x150.jpg\" alt=\"Tom Stalsberg\"><\/a>\r\n\t<\/figure>\r\n\t<header>\r\n\t\t<hgroup>\r\n\t\t\t<h2><a href=\"https:\/\/diktardagar.no\/2020\/?post_type=aktr&#038;p=1750\">Tom Stalsberg<\/a><\/h2>\r\n\t\t<\/hgroup>\r\n\t<\/header>\r\n\t<p><p>Tom Stalsberg (f\u00f8dd 1957) er journalist og forfattar. Han er journalist i kulturavdelinga i Dagbladet. Tom debuterte som lyrikar i 2009 med The Electric Blue Caf\u00e9 &#8211; \u00f8rretbrev fra undergrunnsvegetasjonen (Aschehoug forlag), ei diktsamling som hausta mange positive omtaler.<\/p>\n<\/p>\r\n<\/article><article class=\"aktorer_list\">\r\n\t<figure>\r\n\t\t<a href=\"https:\/\/diktardagar.no\/2020\/?post_type=aktr&#038;p=1748\"><img decoding=\"async\" src=\"\" alt=\"Svein Johs Ottesen\"><\/a>\r\n\t<\/figure>\r\n\t<header>\r\n\t\t<hgroup>\r\n\t\t\t<h2><a href=\"https:\/\/diktardagar.no\/2020\/?post_type=aktr&#038;p=1748\">Svein Johs Ottesen<\/a><\/h2>\r\n\t\t<\/hgroup>\r\n\t<\/header>\r\n\t<p><\/p>\r\n<\/article><article class=\"aktorer_list\">\r\n\t<figure>\r\n\t\t<a href=\"https:\/\/diktardagar.no\/2020\/?post_type=aktr&#038;p=1747\"><img decoding=\"async\" src=\"https:\/\/diktardagar.no\/2020\/wp-content\/uploads\/sites\/4\/2014\/04\/aasmundNordstoga-150x150.jpg\" alt=\"Aasmund Nordstoga\"><\/a>\r\n\t<\/figure>\r\n\t<header>\r\n\t\t<hgroup>\r\n\t\t\t<h2><a href=\"https:\/\/diktardagar.no\/2020\/?post_type=aktr&#038;p=1747\">Aasmund Nordstoga<\/a><\/h2>\r\n\t\t<\/hgroup>\r\n\t<\/header>\r\n\t<p><p>Aasmund Nordstoga fr\u00e5 Vinje har mellom anna gjeve ut &laquo;Guten&raquo;, ei plate med tekstar av Aasmund Olavsson Vinje og tonar og arrangement av Odd Nordstoga og Edvard Grieg.<\/p>\n<\/p>\r\n<\/article><article class=\"aktorer_list\">\r\n\t<figure>\r\n\t\t<a href=\"https:\/\/diktardagar.no\/2020\/?post_type=aktr&#038;p=1746\"><img decoding=\"async\" src=\"https:\/\/diktardagar.no\/2020\/wp-content\/uploads\/sites\/4\/2014\/04\/Mjoenes-Johan-150x150.jpg\" alt=\"Johan Mj\u00f8nes\"><\/a>\r\n\t<\/figure>\r\n\t<header>\r\n\t\t<hgroup>\r\n\t\t\t<h2><a href=\"https:\/\/diktardagar.no\/2020\/?post_type=aktr&#038;p=1746\">Johan Mj\u00f8nes<\/a><\/h2>\r\n\t\t<\/hgroup>\r\n\t<\/header>\r\n\t<p><p>Johan B. Mj\u00f8nes (f\u00f8dd 1976) er ein norsk forfattar og skribent fr\u00e5 Orkanger. Johan debuterte i januar 2009 med romanen Terminalhastighet p\u00e5 Aschehoug forlag, og foreles n\u00e5 p\u00e5 Aschehougs forfatterskole. I august 2010 ga han ut sin andre roman Orkanger.<\/p>\n<\/p>\r\n<\/article><article class=\"aktorer_list\">\r\n\t<figure>\r\n\t\t<a href=\"https:\/\/diktardagar.no\/2020\/?post_type=aktr&#038;p=1742\"><img decoding=\"async\" src=\"https:\/\/diktardagar.no\/2020\/wp-content\/uploads\/sites\/4\/2014\/04\/BrittLarsen-150x150.jpg\" alt=\"Britt Karin Larsen\"><\/a>\r\n\t<\/figure>\r\n\t<header>\r\n\t\t<hgroup>\r\n\t\t\t<h2><a href=\"https:\/\/diktardagar.no\/2020\/?post_type=aktr&#038;p=1742\">Britt Karin Larsen<\/a><\/h2>\r\n\t\t<\/hgroup>\r\n\t<\/header>\r\n\t<p><p>Britt Karin Larsen er forfattar som har ein stor produksjon bak seg. Ho har bl.a. gjeve ut diktsamlingane 5 mg blues og andre dikt (1978), \u00d8rkenhagen (1991) og \u00c5 finne en skog (2000) og romanene I ly for regnet (1990), Ormens \u00f8ye (1993), Som sn\u00f8en faller (1995) og Munnen i gresset (1996).<\/p>\n<\/p>\r\n<\/article><article class=\"aktorer_list\">\r\n\t<figure>\r\n\t\t<a href=\"https:\/\/diktardagar.no\/2020\/?post_type=aktr&#038;p=1741\"><img decoding=\"async\" src=\"https:\/\/diktardagar.no\/2020\/wp-content\/uploads\/sites\/4\/2014\/04\/perlaug-150x150.jpg\" alt=\"Perlaug Marie Kveen\"><\/a>\r\n\t<\/figure>\r\n\t<header>\r\n\t\t<hgroup>\r\n\t\t\t<h2><a href=\"https:\/\/diktardagar.no\/2020\/?post_type=aktr&#038;p=1741\">Perlaug Marie Kveen<\/a><\/h2>\r\n\t\t<\/hgroup>\r\n\t<\/header>\r\n\t<p><p>Perlaug Marie Kveen (1984) er f\u00f8dd og oppvaksen i B\u00f8verdalen i Lom. Ho har studert Nordisk ved NTNU og har skrive masteroppg\u00e5ve der ho har gjort ei unders\u00f8kjing av dialektdrag i m\u00e5let i Lom og delvis i Skj\u00e5k, med vekt p\u00e5 tonale tilh\u00f8ve.<\/p>\n<\/p>\r\n<\/article><article class=\"aktorer_list\">\r\n\t<figure>\r\n\t\t<a href=\"https:\/\/diktardagar.no\/2020\/?post_type=aktr&#038;p=1740\"><img decoding=\"async\" src=\"https:\/\/diktardagar.no\/2020\/wp-content\/uploads\/sites\/4\/2014\/04\/vidar-k-150x150.jpg\" alt=\"Vidar Kvalshaug\"><\/a>\r\n\t<\/figure>\r\n\t<header>\r\n\t\t<hgroup>\r\n\t\t\t<h2><a href=\"https:\/\/diktardagar.no\/2020\/?post_type=aktr&#038;p=1740\">Vidar Kvalshaug<\/a><\/h2>\r\n\t\t<\/hgroup>\r\n\t<\/header>\r\n\t<p><p>Vidar Kvalshaug (f. 1970) voks opp p\u00e5 Aver\u00f8ya. Han begynte tidleg som journalist i lokalpressa, og fortsatte karriera i Oslo. N\u00e5 har han starta Kvalshaug forlag, eit underforlag av Juritzenforlagene.<\/p>\n<\/p>\r\n<\/article><article class=\"aktorer_list\">\r\n\t<figure>\r\n\t\t<a href=\"https:\/\/diktardagar.no\/2020\/?post_type=aktr&#038;p=1739\"><img decoding=\"async\" src=\"https:\/\/diktardagar.no\/2020\/wp-content\/uploads\/sites\/4\/2014\/04\/oyvind_kvalnes-150x150.jpg\" alt=\"\u00d8yvind Kvalnes\"><\/a>\r\n\t<\/figure>\r\n\t<header>\r\n\t\t<hgroup>\r\n\t\t\t<h2><a href=\"https:\/\/diktardagar.no\/2020\/?post_type=aktr&#038;p=1739\">\u00d8yvind Kvalnes<\/a><\/h2>\r\n\t\t<\/hgroup>\r\n\t<\/header>\r\n\t<p><p>\u00d8yvind Kvalnes (1963) er forfattar og filosof og har spesialisert seg p\u00e5 moralfilosofi. Kvalnes forsvarte doktorgrad i filosofi ved Universitetet i Oslo i 1998 med avhandlinga Living with Moral Luck.<\/p>\n<\/p>\r\n<\/article><article class=\"aktorer_list\">\r\n\t<figure>\r\n\t\t<a href=\"https:\/\/diktardagar.no\/2020\/?post_type=aktr&#038;p=1738\"><img decoding=\"async\" src=\"https:\/\/diktardagar.no\/2020\/wp-content\/uploads\/sites\/4\/2014\/04\/trond-k-150x150.jpg\" alt=\"Trond Klaape\"><\/a>\r\n\t<\/figure>\r\n\t<header>\r\n\t\t<hgroup>\r\n\t\t\t<h2><a href=\"https:\/\/diktardagar.no\/2020\/?post_type=aktr&#038;p=1738\">Trond Klaape<\/a><\/h2>\r\n\t\t<\/hgroup>\r\n\t<\/header>\r\n\t<p><p>Trond er f\u00f8dd i 1978, kjem fr\u00e5 Svatsum i Vestre Gausdal og er busett i Brumunddal. I fleire \u00e5r var han aktiv ut\u00f8var av vokal folkemusikk, og medverka ved konsertar og arrangement. fleire stader i landet.<\/p>\n<\/p>\r\n<\/article><article class=\"aktorer_list\">\r\n\t<figure>\r\n\t\t<a href=\"https:\/\/diktardagar.no\/2020\/?post_type=aktr&#038;p=1737\"><img decoding=\"async\" src=\"https:\/\/diktardagar.no\/2020\/wp-content\/uploads\/sites\/4\/2014\/04\/knut-150x150.jpg\" alt=\"Knut Kj\u00f8k\"><\/a>\r\n\t<\/figure>\r\n\t<header>\r\n\t\t<hgroup>\r\n\t\t\t<h2><a href=\"https:\/\/diktardagar.no\/2020\/?post_type=aktr&#038;p=1737\">Knut Kj\u00f8k<\/a><\/h2>\r\n\t\t<\/hgroup>\r\n\t<\/header>\r\n\t<p><p>Knut Kj\u00f8k er felespilar fr\u00e5 Lom. Kj\u00f8kfamilien har fleire aktive folkemusikkut\u00f8varar, og saman ga dei ut albumet Familien Kj\u00f8k i 1979. Knut Kj\u00f8k har vore sentral i folkemusikkmilj\u00f8et i bygda, ikkje minst gjennom Lom spelemannslag.<\/p>\n<\/p>\r\n<\/article><article class=\"aktorer_list\">\r\n\t<figure>\r\n\t\t<a href=\"https:\/\/diktardagar.no\/2020\/?post_type=aktr&#038;p=1736\"><img decoding=\"async\" src=\"https:\/\/diktardagar.no\/2020\/wp-content\/uploads\/sites\/4\/2014\/04\/RagnaHovland-150x150.jpg\" alt=\"Ragnar Hovland\"><\/a>\r\n\t<\/figure>\r\n\t<header>\r\n\t\t<hgroup>\r\n\t\t\t<h2><a href=\"https:\/\/diktardagar.no\/2020\/?post_type=aktr&#038;p=1736\">Ragnar Hovland<\/a><\/h2>\r\n\t\t<\/hgroup>\r\n\t<\/header>\r\n\t<p><p>Ragnar Hovland er f\u00f8dd i 1952 og er forfattar, omsetjar og musikar. Han er ei av dei mest s\u00e6reigne stemmene i norsk litteratur gjennom fleire ti\u00e5r, full av spenstige innfall, merkverdige karakterar og popul\u00e6rkulturelle referansar. Skrivinga syner stor fabuleringsevne og ein burlesk humor som grensar mot det absurde.<\/p>\n<\/p>\r\n<\/article><article class=\"aktorer_list\">\r\n\t<figure>\r\n\t\t<a href=\"https:\/\/diktardagar.no\/2020\/?post_type=aktr&#038;p=1735\"><img decoding=\"async\" src=\"https:\/\/diktardagar.no\/2020\/wp-content\/uploads\/sites\/4\/2014\/04\/oddmund-150x150.jpg\" alt=\"Oddmund L\u00f8kensgard Hoel\"><\/a>\r\n\t<\/figure>\r\n\t<header>\r\n\t\t<hgroup>\r\n\t\t\t<h2><a href=\"https:\/\/diktardagar.no\/2020\/?post_type=aktr&#038;p=1735\">Oddmund L\u00f8kensgard Hoel<\/a><\/h2>\r\n\t\t<\/hgroup>\r\n\t<\/header>\r\n\t<p><p>Oddmund er f\u00f8dd i 1968 i Trondheim. Han er cand.philol. i nordisk spr\u00e5k og litteratur og skreiv hovudoppg\u00e5ve om nasjonalisme i norsk m\u00e5lstrid 1848 &#8211; 1865 og har ph.d. i historie fr\u00e5 2009 der han skreiv doktoravhandling om m\u00e5lreising og modernisering i Norge 1885 &#8211; 1940.<\/p>\n<\/p>\r\n<\/article><article class=\"aktorer_list\">\r\n\t<figure>\r\n\t\t<a href=\"https:\/\/diktardagar.no\/2020\/?post_type=aktr&#038;p=1734\"><img decoding=\"async\" src=\"https:\/\/diktardagar.no\/2020\/wp-content\/uploads\/sites\/4\/2014\/04\/levi-150x147.jpg\" alt=\"Levi Henriksen\"><\/a>\r\n\t<\/figure>\r\n\t<header>\r\n\t\t<hgroup>\r\n\t\t\t<h2><a href=\"https:\/\/diktardagar.no\/2020\/?post_type=aktr&#038;p=1734\">Levi Henriksen<\/a><\/h2>\r\n\t\t<\/hgroup>\r\n\t<\/header>\r\n\t<p><p>Levi Henriksen er f\u00f8dd i 1964 p\u00e5 Kongsvinger, er og er forfattar, journalist og musikar. Han har bl.a. gjeve ut novellesamlingar, roman, essaysamling, antologi og andre b\u00f8ker. Han debuterte i 2002 med novellesamlinga Feber.<\/p>\n<\/p>\r\n<\/article> [\/et_pb_text][\/et_pb_column_inner][\/et_pb_row_inner][\/et_pb_column][\/et_pb_section][et_pb_section bb_built=&raquo;1&#8243; admin_label=&raquo;section&raquo;][et_pb_row admin_label=&raquo;row&raquo;][\/et_pb_row][\/et_pb_section]<\/p>\n","protected":false},"excerpt":{"rendered":"<p>[et_pb_section bb_built=&raquo;1&#8243; admin_label=&raquo;Mobil topp&raquo; custom_padding=&raquo;0px|0px|0px|0px&raquo; disabled_on=&raquo;on||&raquo; background_image=&raquo;https:\/\/diktardagar.no\/2020\/wp-content\/uploads\/sites\/4\/2016\/04\/banner1.png&raquo; custom_css_main_element=&raquo;height: 240px;&raquo; _builder_version=&raquo;3.0.66&#8243; disabled=&raquo;off&raquo; global_module=&raquo;1540&#8243;][et_pb_row admin_label=&raquo;row&raquo; global_parent=&raquo;1540&#8243; make_fullwidth=&raquo;on&raquo; custom_padding=&raquo;|||&raquo; custom_margin=&raquo;|1em||&raquo; _builder_version=&raquo;3.0.66&#8243; background_size=&raquo;initial&raquo; background_position=&raquo;top_left&raquo; background_repeat=&raquo;repeat&raquo;][et_pb_column type=&raquo;3_4&#8243;][\/et_pb_column][et_pb_column type=&raquo;1_4&#8243;][et_pb_text admin_label=&raquo;Slagord&raquo; global_parent=&raquo;1540&#8243; module_id=&raquo;slagord&raquo; _builder_version=&raquo;3.0.66&#8243; header_text_color=&raquo;#443f82&#8243; background_size=&raquo;initial&raquo; background_position=&raquo;top_left&raquo; background_repeat=&raquo;repeat&raquo; background_layout=&raquo;light&raquo; text_orientation=&raquo;left&raquo; border_style=&raquo;solid&raquo;] Aa. O. Vinje 200 \u00e5r Barne-litteratur [\/et_pb_text][\/et_pb_column][\/et_pb_row][\/et_pb_section][et_pb_section bb_built=&raquo;1&#8243; background_image=&raquo;https:\/\/diktardagar.no\/2020\/wp-content\/uploads\/sites\/4\/2017\/01\/banner_bg1.png&raquo; transparent_background=&raquo;off&raquo; background_color=&raquo;#5b8f9e&raquo; allow_player_pause=&raquo;off&raquo; inner_shadow=&raquo;off&raquo; parallax=&raquo;off&raquo; parallax_method=&raquo;off&raquo; custom_padding=&raquo;|0px||0px&raquo; make_fullwidth=&raquo;off&raquo; use_custom_width=&raquo;off&raquo; width_unit=&raquo;on&raquo; make_equal=&raquo;off&raquo; use_custom_gutter=&raquo;off&raquo;&hellip;<\/p>\n","protected":false},"author":1,"featured_media":0,"parent":635,"menu_order":0,"comment_status":"closed","ping_status":"closed","template":"","meta":{"footnotes":""},"class_list":["post-1833","page","type-page","status-publish","hentry"],"yoast_head":"<!-- This site is optimized with the Yoast SEO plugin v27.5 - https:\/\/yoast.com\/product\/yoast-seo-wordpress\/ -->\n<title>Akt\u00f8rar 2013 - Diktardagar 2020<\/title>\n<meta name=\"robots\" content=\"index, follow, max-snippet:-1, max-image-preview:large, max-video-preview:-1\" \/>\n<link rel=\"canonical\" href=\"https:\/\/diktardagar.no\/2020\/tidlegare\/diktardagar2013\/aktorar-2013\/\" class=\"yoast-seo-meta-tag\" \/>\n<meta property=\"og:locale\" content=\"nb_NO\" class=\"yoast-seo-meta-tag\" \/>\n<meta property=\"og:type\" content=\"article\" class=\"yoast-seo-meta-tag\" \/>\n<meta property=\"og:title\" content=\"Akt\u00f8rar 2013 - Diktardagar 2020\" class=\"yoast-seo-meta-tag\" \/>\n<meta property=\"og:description\" content=\"[et_pb_section bb_built=&raquo;1&#8243; admin_label=&raquo;Mobil topp&raquo; custom_padding=&raquo;0px|0px|0px|0px&raquo; disabled_on=&raquo;on||&raquo; background_image=&raquo;https:\/\/diktardagar.no\/2020\/wp-content\/uploads\/sites\/4\/2016\/04\/banner1.png&raquo; custom_css_main_element=&raquo;height: 240px;&raquo; _builder_version=&raquo;3.0.66&#8243; disabled=&raquo;off&raquo; global_module=&raquo;1540&#8243;][et_pb_row admin_label=&raquo;row&raquo; global_parent=&raquo;1540&#8243; make_fullwidth=&raquo;on&raquo; custom_padding=&raquo;|||&raquo; custom_margin=&raquo;|1em||&raquo; _builder_version=&raquo;3.0.66&#8243; background_size=&raquo;initial&raquo; background_position=&raquo;top_left&raquo; background_repeat=&raquo;repeat&raquo;][et_pb_column type=&raquo;3_4&#8243;][\/et_pb_column][et_pb_column type=&raquo;1_4&#8243;][et_pb_text admin_label=&raquo;Slagord&raquo; global_parent=&raquo;1540&#8243; module_id=&raquo;slagord&raquo; _builder_version=&raquo;3.0.66&#8243; header_text_color=&raquo;#443f82&#8243; background_size=&raquo;initial&raquo; background_position=&raquo;top_left&raquo; background_repeat=&raquo;repeat&raquo; background_layout=&raquo;light&raquo; text_orientation=&raquo;left&raquo; border_style=&raquo;solid&raquo;] Aa. O. Vinje 200 \u00e5r Barne-litteratur [\/et_pb_text][\/et_pb_column][\/et_pb_row][\/et_pb_section][et_pb_section bb_built=&raquo;1&#8243; background_image=&raquo;https:\/\/diktardagar.no\/2020\/wp-content\/uploads\/sites\/4\/2017\/01\/banner_bg1.png&raquo; transparent_background=&raquo;off&raquo; background_color=&raquo;#5b8f9e&raquo; allow_player_pause=&raquo;off&raquo; inner_shadow=&raquo;off&raquo; parallax=&raquo;off&raquo; parallax_method=&raquo;off&raquo; custom_padding=&raquo;|0px||0px&raquo; make_fullwidth=&raquo;off&raquo; use_custom_width=&raquo;off&raquo; width_unit=&raquo;on&raquo; make_equal=&raquo;off&raquo; use_custom_gutter=&raquo;off&raquo;&hellip;\" class=\"yoast-seo-meta-tag\" \/>\n<meta property=\"og:url\" content=\"https:\/\/diktardagar.no\/2020\/tidlegare\/diktardagar2013\/aktorar-2013\/\" class=\"yoast-seo-meta-tag\" \/>\n<meta property=\"og:site_name\" content=\"Diktardagar 2020\" class=\"yoast-seo-meta-tag\" \/>\n<meta property=\"article:modified_time\" content=\"2017-11-03T07:30:12+00:00\" class=\"yoast-seo-meta-tag\" \/>\n<meta property=\"og:image\" content=\"https:\/\/diktardagar.no\/2020\/wp-content\/uploads\/sites\/4\/2015\/07\/oppland_fylkeskommune-300x76.png\" class=\"yoast-seo-meta-tag\" \/>\n<meta name=\"twitter:card\" content=\"summary_large_image\" class=\"yoast-seo-meta-tag\" \/>\n<meta name=\"twitter:label1\" content=\"Ansl. lesetid\" class=\"yoast-seo-meta-tag\" \/>\n\t<meta name=\"twitter:data1\" content=\"6 minutter\" class=\"yoast-seo-meta-tag\" \/>\n<script type=\"application\/ld+json\" class=\"yoast-schema-graph\">{\"@context\":\"https:\\\/\\\/schema.org\",\"@graph\":[{\"@type\":\"WebPage\",\"@id\":\"https:\\\/\\\/diktardagar.no\\\/2020\\\/tidlegare\\\/diktardagar2013\\\/aktorar-2013\\\/\",\"url\":\"https:\\\/\\\/diktardagar.no\\\/2020\\\/tidlegare\\\/diktardagar2013\\\/aktorar-2013\\\/\",\"name\":\"Akt\u00f8rar 2013 - Diktardagar 2020\",\"isPartOf\":{\"@id\":\"https:\\\/\\\/diktardagar.no\\\/2020\\\/#website\"},\"primaryImageOfPage\":{\"@id\":\"https:\\\/\\\/diktardagar.no\\\/2020\\\/tidlegare\\\/diktardagar2013\\\/aktorar-2013\\\/#primaryimage\"},\"image\":{\"@id\":\"https:\\\/\\\/diktardagar.no\\\/2020\\\/tidlegare\\\/diktardagar2013\\\/aktorar-2013\\\/#primaryimage\"},\"thumbnailUrl\":\"https:\\\/\\\/diktardagar.no\\\/2020\\\/wp-content\\\/uploads\\\/sites\\\/4\\\/2015\\\/07\\\/oppland_fylkeskommune-300x76.png\",\"datePublished\":\"2017-01-15T16:01:34+00:00\",\"dateModified\":\"2017-11-03T07:30:12+00:00\",\"breadcrumb\":{\"@id\":\"https:\\\/\\\/diktardagar.no\\\/2020\\\/tidlegare\\\/diktardagar2013\\\/aktorar-2013\\\/#breadcrumb\"},\"inLanguage\":\"nb-NO\",\"potentialAction\":[{\"@type\":\"ReadAction\",\"target\":[\"https:\\\/\\\/diktardagar.no\\\/2020\\\/tidlegare\\\/diktardagar2013\\\/aktorar-2013\\\/\"]}]},{\"@type\":\"ImageObject\",\"inLanguage\":\"nb-NO\",\"@id\":\"https:\\\/\\\/diktardagar.no\\\/2020\\\/tidlegare\\\/diktardagar2013\\\/aktorar-2013\\\/#primaryimage\",\"url\":\"https:\\\/\\\/diktardagar.no\\\/2020\\\/wp-content\\\/uploads\\\/sites\\\/4\\\/2015\\\/07\\\/oppland_fylkeskommune.png\",\"contentUrl\":\"https:\\\/\\\/diktardagar.no\\\/2020\\\/wp-content\\\/uploads\\\/sites\\\/4\\\/2015\\\/07\\\/oppland_fylkeskommune.png\",\"width\":425,\"height\":108,\"caption\":\"oppland_fylkeskommune\"},{\"@type\":\"BreadcrumbList\",\"@id\":\"https:\\\/\\\/diktardagar.no\\\/2020\\\/tidlegare\\\/diktardagar2013\\\/aktorar-2013\\\/#breadcrumb\",\"itemListElement\":[{\"@type\":\"ListItem\",\"position\":1,\"name\":\"Hjem\",\"item\":\"https:\\\/\\\/diktardagar.no\\\/2020\\\/\"},{\"@type\":\"ListItem\",\"position\":2,\"name\":\"Tidlegare diktardagar\",\"item\":\"https:\\\/\\\/diktardagar.no\\\/2020\\\/tidlegare\\\/\"},{\"@type\":\"ListItem\",\"position\":3,\"name\":\"Diktardagar 2013\",\"item\":\"https:\\\/\\\/diktardagar.no\\\/2020\\\/tidlegare\\\/diktardagar2013\\\/\"},{\"@type\":\"ListItem\",\"position\":4,\"name\":\"Akt\u00f8rar 2013\"}]},{\"@type\":\"WebSite\",\"@id\":\"https:\\\/\\\/diktardagar.no\\\/2020\\\/#website\",\"url\":\"https:\\\/\\\/diktardagar.no\\\/2020\\\/\",\"name\":\"Diktardagar 2020\",\"description\":\"\",\"potentialAction\":[{\"@type\":\"SearchAction\",\"target\":{\"@type\":\"EntryPoint\",\"urlTemplate\":\"https:\\\/\\\/diktardagar.no\\\/2020\\\/?s={search_term_string}\"},\"query-input\":{\"@type\":\"PropertyValueSpecification\",\"valueRequired\":true,\"valueName\":\"search_term_string\"}}],\"inLanguage\":\"nb-NO\"}]}<\/script>\n<!-- \/ Yoast SEO plugin. -->","yoast_head_json":{"title":"Akt\u00f8rar 2013 - Diktardagar 2020","robots":{"index":"index","follow":"follow","max-snippet":"max-snippet:-1","max-image-preview":"max-image-preview:large","max-video-preview":"max-video-preview:-1"},"canonical":"https:\/\/diktardagar.no\/2020\/tidlegare\/diktardagar2013\/aktorar-2013\/","og_locale":"nb_NO","og_type":"article","og_title":"Akt\u00f8rar 2013 - Diktardagar 2020","og_description":"[et_pb_section bb_built=&raquo;1&#8243; admin_label=&raquo;Mobil topp&raquo; custom_padding=&raquo;0px|0px|0px|0px&raquo; disabled_on=&raquo;on||&raquo; background_image=&raquo;https:\/\/diktardagar.no\/2020\/wp-content\/uploads\/sites\/4\/2016\/04\/banner1.png&raquo; custom_css_main_element=&raquo;height: 240px;&raquo; _builder_version=&raquo;3.0.66&#8243; disabled=&raquo;off&raquo; global_module=&raquo;1540&#8243;][et_pb_row admin_label=&raquo;row&raquo; global_parent=&raquo;1540&#8243; make_fullwidth=&raquo;on&raquo; custom_padding=&raquo;|||&raquo; custom_margin=&raquo;|1em||&raquo; _builder_version=&raquo;3.0.66&#8243; background_size=&raquo;initial&raquo; background_position=&raquo;top_left&raquo; background_repeat=&raquo;repeat&raquo;][et_pb_column type=&raquo;3_4&#8243;][\/et_pb_column][et_pb_column type=&raquo;1_4&#8243;][et_pb_text admin_label=&raquo;Slagord&raquo; global_parent=&raquo;1540&#8243; module_id=&raquo;slagord&raquo; _builder_version=&raquo;3.0.66&#8243; header_text_color=&raquo;#443f82&#8243; background_size=&raquo;initial&raquo; background_position=&raquo;top_left&raquo; background_repeat=&raquo;repeat&raquo; background_layout=&raquo;light&raquo; text_orientation=&raquo;left&raquo; border_style=&raquo;solid&raquo;] Aa. O. Vinje 200 \u00e5r Barne-litteratur [\/et_pb_text][\/et_pb_column][\/et_pb_row][\/et_pb_section][et_pb_section bb_built=&raquo;1&#8243; background_image=&raquo;https:\/\/diktardagar.no\/2020\/wp-content\/uploads\/sites\/4\/2017\/01\/banner_bg1.png&raquo; transparent_background=&raquo;off&raquo; background_color=&raquo;#5b8f9e&raquo; allow_player_pause=&raquo;off&raquo; inner_shadow=&raquo;off&raquo; parallax=&raquo;off&raquo; parallax_method=&raquo;off&raquo; custom_padding=&raquo;|0px||0px&raquo; make_fullwidth=&raquo;off&raquo; use_custom_width=&raquo;off&raquo; width_unit=&raquo;on&raquo; make_equal=&raquo;off&raquo; use_custom_gutter=&raquo;off&raquo;&hellip;","og_url":"https:\/\/diktardagar.no\/2020\/tidlegare\/diktardagar2013\/aktorar-2013\/","og_site_name":"Diktardagar 2020","article_modified_time":"2017-11-03T07:30:12+00:00","og_image":[{"url":"https:\/\/diktardagar.no\/2020\/wp-content\/uploads\/sites\/4\/2015\/07\/oppland_fylkeskommune-300x76.png","type":"","width":"","height":""}],"twitter_card":"summary_large_image","twitter_misc":{"Ansl. lesetid":"6 minutter"},"schema":{"@context":"https:\/\/schema.org","@graph":[{"@type":"WebPage","@id":"https:\/\/diktardagar.no\/2020\/tidlegare\/diktardagar2013\/aktorar-2013\/","url":"https:\/\/diktardagar.no\/2020\/tidlegare\/diktardagar2013\/aktorar-2013\/","name":"Akt\u00f8rar 2013 - Diktardagar 2020","isPartOf":{"@id":"https:\/\/diktardagar.no\/2020\/#website"},"primaryImageOfPage":{"@id":"https:\/\/diktardagar.no\/2020\/tidlegare\/diktardagar2013\/aktorar-2013\/#primaryimage"},"image":{"@id":"https:\/\/diktardagar.no\/2020\/tidlegare\/diktardagar2013\/aktorar-2013\/#primaryimage"},"thumbnailUrl":"https:\/\/diktardagar.no\/2020\/wp-content\/uploads\/sites\/4\/2015\/07\/oppland_fylkeskommune-300x76.png","datePublished":"2017-01-15T16:01:34+00:00","dateModified":"2017-11-03T07:30:12+00:00","breadcrumb":{"@id":"https:\/\/diktardagar.no\/2020\/tidlegare\/diktardagar2013\/aktorar-2013\/#breadcrumb"},"inLanguage":"nb-NO","potentialAction":[{"@type":"ReadAction","target":["https:\/\/diktardagar.no\/2020\/tidlegare\/diktardagar2013\/aktorar-2013\/"]}]},{"@type":"ImageObject","inLanguage":"nb-NO","@id":"https:\/\/diktardagar.no\/2020\/tidlegare\/diktardagar2013\/aktorar-2013\/#primaryimage","url":"https:\/\/diktardagar.no\/2020\/wp-content\/uploads\/sites\/4\/2015\/07\/oppland_fylkeskommune.png","contentUrl":"https:\/\/diktardagar.no\/2020\/wp-content\/uploads\/sites\/4\/2015\/07\/oppland_fylkeskommune.png","width":425,"height":108,"caption":"oppland_fylkeskommune"},{"@type":"BreadcrumbList","@id":"https:\/\/diktardagar.no\/2020\/tidlegare\/diktardagar2013\/aktorar-2013\/#breadcrumb","itemListElement":[{"@type":"ListItem","position":1,"name":"Hjem","item":"https:\/\/diktardagar.no\/2020\/"},{"@type":"ListItem","position":2,"name":"Tidlegare diktardagar","item":"https:\/\/diktardagar.no\/2020\/tidlegare\/"},{"@type":"ListItem","position":3,"name":"Diktardagar 2013","item":"https:\/\/diktardagar.no\/2020\/tidlegare\/diktardagar2013\/"},{"@type":"ListItem","position":4,"name":"Akt\u00f8rar 2013"}]},{"@type":"WebSite","@id":"https:\/\/diktardagar.no\/2020\/#website","url":"https:\/\/diktardagar.no\/2020\/","name":"Diktardagar 2020","description":"","potentialAction":[{"@type":"SearchAction","target":{"@type":"EntryPoint","urlTemplate":"https:\/\/diktardagar.no\/2020\/?s={search_term_string}"},"query-input":{"@type":"PropertyValueSpecification","valueRequired":true,"valueName":"search_term_string"}}],"inLanguage":"nb-NO"}]}},"_links":{"self":[{"href":"https:\/\/diktardagar.no\/2020\/wp-json\/wp\/v2\/pages\/1833","targetHints":{"allow":["GET"]}}],"collection":[{"href":"https:\/\/diktardagar.no\/2020\/wp-json\/wp\/v2\/pages"}],"about":[{"href":"https:\/\/diktardagar.no\/2020\/wp-json\/wp\/v2\/types\/page"}],"author":[{"embeddable":true,"href":"https:\/\/diktardagar.no\/2020\/wp-json\/wp\/v2\/users\/1"}],"replies":[{"embeddable":true,"href":"https:\/\/diktardagar.no\/2020\/wp-json\/wp\/v2\/comments?post=1833"}],"version-history":[{"count":2,"href":"https:\/\/diktardagar.no\/2020\/wp-json\/wp\/v2\/pages\/1833\/revisions"}],"predecessor-version":[{"id":2320,"href":"https:\/\/diktardagar.no\/2020\/wp-json\/wp\/v2\/pages\/1833\/revisions\/2320"}],"up":[{"embeddable":true,"href":"https:\/\/diktardagar.no\/2020\/wp-json\/wp\/v2\/pages\/635"}],"wp:attachment":[{"href":"https:\/\/diktardagar.no\/2020\/wp-json\/wp\/v2\/media?parent=1833"}],"curies":[{"name":"wp","href":"https:\/\/api.w.org\/{rel}","templated":true}]}}