{"id":2327,"date":"2018-04-30T14:02:38","date_gmt":"2018-04-30T12:02:38","guid":{"rendered":"https:\/\/diktardagar.no\/2019\/?page_id=2327"},"modified":"2020-11-17T11:26:34","modified_gmt":"2020-11-17T10:26:34","slug":"aktorar","status":"publish","type":"page","link":"https:\/\/diktardagar.no\/2019\/aktorar\/","title":{"rendered":"Akt\u00f8rar"},"content":{"rendered":"\n<h2>\n\t\tSponsorer\n\t<\/h2>\n\t\r\n\r\n<div class=\"sponsor-fremhevet\">\r\n\t\r\n\t<a href=\"https:\/\/innlandetfylke.no\/\" target=\"_blank\" rel=\"noopener noreferrer\">\r\n\t\r\n\t\t<img loading=\"lazy\" decoding=\"async\" width=\"300\" height=\"88\" src=\"https:\/\/diktardagar.no\/2019\/wp-content\/uploads\/sites\/6\/2019\/05\/Innlandet_fylkeskommune_liggende_pos_RGB-300x88.jpg\" class=\"attachment-medium size-medium\" alt=\"\" srcset=\"https:\/\/diktardagar.no\/2019\/wp-content\/uploads\/sites\/6\/2019\/05\/Innlandet_fylkeskommune_liggende_pos_RGB-300x88.jpg 300w, https:\/\/diktardagar.no\/2019\/wp-content\/uploads\/sites\/6\/2019\/05\/Innlandet_fylkeskommune_liggende_pos_RGB.jpg 596w\" sizes=\"auto, (max-width: 300px) 100vw, 300px\" \/>\r\n\t\r\n\t<\/a>\r\n\t\r\n<\/div>\r\n\r\n\r\n\r\n<div class=\"sponsor-fremhevet\">\r\n\t\r\n\t<a href=\"http:\/\/kulturradet.no\/\" target=\"_blank\" rel=\"noopener noreferrer\">\r\n\t\r\n\t\t<img loading=\"lazy\" decoding=\"async\" width=\"300\" height=\"268\" src=\"https:\/\/diktardagar.no\/2019\/wp-content\/uploads\/sites\/6\/2014\/07\/kulturr\u00e5d-300x268.png\" class=\"attachment-medium size-medium\" alt=\"kulturr\u00e5d\" srcset=\"https:\/\/diktardagar.no\/2019\/wp-content\/uploads\/sites\/6\/2014\/07\/kulturr\u00e5d-300x268.png 300w, https:\/\/diktardagar.no\/2019\/wp-content\/uploads\/sites\/6\/2014\/07\/kulturr\u00e5d-1024x915.png 1024w, https:\/\/diktardagar.no\/2019\/wp-content\/uploads\/sites\/6\/2014\/07\/kulturr\u00e5d.png 1409w\" sizes=\"auto, (max-width: 300px) 100vw, 300px\" \/>\r\n\t\r\n\t<\/a>\r\n\t\r\n<\/div>\r\n\r\n\r\n\r\n<div class=\"sponsor-fremhevet\">\r\n\t\r\n\t<a href=\"http:\/\/www.nord-gudbrandsdal.no\/\" target=\"_blank\" rel=\"noopener noreferrer\">\r\n\t\r\n\t\t<img loading=\"lazy\" decoding=\"async\" width=\"300\" height=\"169\" src=\"https:\/\/diktardagar.no\/2019\/wp-content\/uploads\/sites\/6\/2014\/07\/regr\u00e5d-300x169.png\" class=\"attachment-medium size-medium\" alt=\"\" srcset=\"https:\/\/diktardagar.no\/2019\/wp-content\/uploads\/sites\/6\/2014\/07\/regr\u00e5d-300x169.png 300w, https:\/\/diktardagar.no\/2019\/wp-content\/uploads\/sites\/6\/2014\/07\/regr\u00e5d.png 886w\" sizes=\"auto, (max-width: 300px) 100vw, 300px\" \/>\r\n\t\r\n\t<\/a>\r\n\t\r\n<\/div>\r\n\r\n\r\n\r\n<div class=\"sponsor-fremhevet\">\r\n\t\r\n\t<a href=\"https:\/\/www.sparebank1.no\/lom-skjaak\/privat.html\" target=\"_blank\" rel=\"noopener noreferrer\">\r\n\t\r\n\t\t<img loading=\"lazy\" decoding=\"async\" width=\"300\" height=\"89\" src=\"https:\/\/diktardagar.no\/2019\/wp-content\/uploads\/sites\/6\/2017\/01\/Spb1LSlogo-300x89.jpg\" class=\"attachment-medium size-medium\" alt=\"Spb1LSlogo\" srcset=\"https:\/\/diktardagar.no\/2019\/wp-content\/uploads\/sites\/6\/2017\/01\/Spb1LSlogo-300x89.jpg 300w, https:\/\/diktardagar.no\/2019\/wp-content\/uploads\/sites\/6\/2017\/01\/Spb1LSlogo.jpg 414w\" sizes=\"auto, (max-width: 300px) 100vw, 300px\" \/>\r\n\t\r\n\t<\/a>\r\n\t\r\n<\/div>\r\n\r\n\r\n\r\n<div class=\"sponsor-fremhevet\">\r\n\t\r\n\t<a href=\"http:\/\/lom.kommune.no\/\" target=\"_blank\" rel=\"noopener noreferrer\">\r\n\t\r\n\t\t<img loading=\"lazy\" decoding=\"async\" width=\"300\" height=\"102\" src=\"https:\/\/diktardagar.no\/2019\/wp-content\/uploads\/sites\/6\/2014\/07\/lom-kommune-300x102.png\" class=\"attachment-medium size-medium\" alt=\"\" srcset=\"https:\/\/diktardagar.no\/2019\/wp-content\/uploads\/sites\/6\/2014\/07\/lom-kommune-300x102.png 300w, https:\/\/diktardagar.no\/2019\/wp-content\/uploads\/sites\/6\/2014\/07\/lom-kommune-1024x348.png 1024w, https:\/\/diktardagar.no\/2019\/wp-content\/uploads\/sites\/6\/2014\/07\/lom-kommune.png 1181w\" sizes=\"auto, (max-width: 300px) 100vw, 300px\" \/>\r\n\t\r\n\t<\/a>\r\n\t\r\n<\/div>\r\n\r\n\r\n\r\n<div class=\"sponsor-fremhevet\">\r\n\t\r\n\t<a href=\"http:\/\/www.skjaak.kommune.no\/\" target=\"_blank\" rel=\"noopener noreferrer\">\r\n\t\r\n\t\t<img loading=\"lazy\" decoding=\"async\" width=\"300\" height=\"147\" src=\"https:\/\/diktardagar.no\/2019\/wp-content\/uploads\/sites\/6\/2015\/07\/skjaak_logo_1-300x147.png\" class=\"attachment-medium size-medium\" alt=\"skjaak_logo\" srcset=\"https:\/\/diktardagar.no\/2019\/wp-content\/uploads\/sites\/6\/2015\/07\/skjaak_logo_1-300x147.png 300w, https:\/\/diktardagar.no\/2019\/wp-content\/uploads\/sites\/6\/2015\/07\/skjaak_logo_1.png 987w\" sizes=\"auto, (max-width: 300px) 100vw, 300px\" \/>\r\n\t\r\n\t<\/a>\r\n\t\r\n<\/div>\r\n\r\n\r\n\r\n<div class=\"sponsor-fremhevet\">\r\n\t\r\n\t<a href=\"http:\/\/www.nm.no\/\" target=\"_blank\" rel=\"noopener noreferrer\">\r\n\t\r\n\t\t<img loading=\"lazy\" decoding=\"async\" width=\"300\" height=\"276\" src=\"https:\/\/diktardagar.no\/2019\/wp-content\/uploads\/sites\/6\/2019\/06\/nm_logo_farge1-300x276.jpg\" class=\"attachment-medium size-medium\" alt=\"\" srcset=\"https:\/\/diktardagar.no\/2019\/wp-content\/uploads\/sites\/6\/2019\/06\/nm_logo_farge1-300x276.jpg 300w, https:\/\/diktardagar.no\/2019\/wp-content\/uploads\/sites\/6\/2019\/06\/nm_logo_farge1-768x707.jpg 768w, https:\/\/diktardagar.no\/2019\/wp-content\/uploads\/sites\/6\/2019\/06\/nm_logo_farge1-1024x943.jpg 1024w, https:\/\/diktardagar.no\/2019\/wp-content\/uploads\/sites\/6\/2019\/06\/nm_logo_farge1.jpg 1026w\" sizes=\"auto, (max-width: 300px) 100vw, 300px\" \/>\r\n\t\r\n\t<\/a>\r\n\t\r\n<\/div>\r\n\r\n\r\n\r\n<div class=\"sponsor-fremhevet\">\r\n\t\r\n\t<a href=\"http:\/\/www.fritt-ord.no\/\" target=\"_blank\" rel=\"noopener noreferrer\">\r\n\t\r\n\t\t<img loading=\"lazy\" decoding=\"async\" width=\"266\" height=\"300\" src=\"https:\/\/diktardagar.no\/2019\/wp-content\/uploads\/sites\/6\/2014\/07\/fritt-ord-266x300.png\" class=\"attachment-medium size-medium\" alt=\"fritt ord\" srcset=\"https:\/\/diktardagar.no\/2019\/wp-content\/uploads\/sites\/6\/2014\/07\/fritt-ord-266x300.png 266w, https:\/\/diktardagar.no\/2019\/wp-content\/uploads\/sites\/6\/2014\/07\/fritt-ord.png 713w\" sizes=\"auto, (max-width: 266px) 100vw, 266px\" \/>\r\n\t\r\n\t<\/a>\r\n\t\r\n<\/div>\r\n\r\n\r\n\r\n<div class=\"sponsor-fremhevet\">\r\n\t\r\n\t<a href=\"http:\/\/www.g-kultur.no\/\" target=\"_blank\" rel=\"noopener noreferrer\">\r\n\t\r\n\t\t<img loading=\"lazy\" decoding=\"async\" width=\"300\" height=\"108\" src=\"https:\/\/diktardagar.no\/2019\/wp-content\/uploads\/sites\/6\/2017\/06\/stifting_g-kultur-naturgroenn_1692x611-300x108.jpg\" class=\"attachment-medium size-medium\" alt=\"Stiftinga G-KULTUR logo\" srcset=\"https:\/\/diktardagar.no\/2019\/wp-content\/uploads\/sites\/6\/2017\/06\/stifting_g-kultur-naturgroenn_1692x611-300x108.jpg 300w, https:\/\/diktardagar.no\/2019\/wp-content\/uploads\/sites\/6\/2017\/06\/stifting_g-kultur-naturgroenn_1692x611-768x277.jpg 768w, https:\/\/diktardagar.no\/2019\/wp-content\/uploads\/sites\/6\/2017\/06\/stifting_g-kultur-naturgroenn_1692x611-1024x370.jpg 1024w, https:\/\/diktardagar.no\/2019\/wp-content\/uploads\/sites\/6\/2017\/06\/stifting_g-kultur-naturgroenn_1692x611-1080x390.jpg 1080w, https:\/\/diktardagar.no\/2019\/wp-content\/uploads\/sites\/6\/2017\/06\/stifting_g-kultur-naturgroenn_1692x611.jpg 1692w\" sizes=\"auto, (max-width: 300px) 100vw, 300px\" \/>\r\n\t\r\n\t<\/a>\r\n\t\r\n<\/div>\r\n\r\n\r\n\r\n<div class=\"sponsor-fremhevet\">\r\n\t\r\n\t<a href=\"http:\/\/www.vaga.kommune.no\/\" target=\"_blank\" rel=\"noopener noreferrer\">\r\n\t\r\n\t\t<img loading=\"lazy\" decoding=\"async\" width=\"300\" height=\"95\" src=\"https:\/\/diktardagar.no\/2019\/wp-content\/uploads\/sites\/6\/2015\/07\/Kommunelogo1-v\u00e5g\u00e5-5405-4f-300x95.png\" class=\"attachment-medium size-medium\" alt=\"\" srcset=\"https:\/\/diktardagar.no\/2019\/wp-content\/uploads\/sites\/6\/2015\/07\/Kommunelogo1-v\u00e5g\u00e5-5405-4f-300x95.png 300w, https:\/\/diktardagar.no\/2019\/wp-content\/uploads\/sites\/6\/2015\/07\/Kommunelogo1-v\u00e5g\u00e5-5405-4f.png 525w\" sizes=\"auto, (max-width: 300px) 100vw, 300px\" \/>\r\n\t\r\n\t<\/a>\r\n\t\r\n<\/div>\r\n\r\n\r\n\r\n\r\n\r\n<div class=\"sponsor-fremhevet\">\r\n\t\r\n\t<a href=\"http:\/\/www.forfattersentrum.no\/\" target=\"_blank\" rel=\"noopener noreferrer\">\r\n\t\r\n\t\t<img loading=\"lazy\" decoding=\"async\" width=\"300\" height=\"132\" src=\"https:\/\/diktardagar.no\/2019\/wp-content\/uploads\/sites\/6\/2018\/06\/norsk_forfattersentrum_logo-300x132.png\" class=\"attachment-medium size-medium\" alt=\"\" srcset=\"https:\/\/diktardagar.no\/2019\/wp-content\/uploads\/sites\/6\/2018\/06\/norsk_forfattersentrum_logo-300x132.png 300w, https:\/\/diktardagar.no\/2019\/wp-content\/uploads\/sites\/6\/2018\/06\/norsk_forfattersentrum_logo.png 339w\" sizes=\"auto, (max-width: 300px) 100vw, 300px\" \/>\r\n\t\r\n\t<\/a>\r\n\t\r\n<\/div>\r\n\r\n\r\n\r\n\r\n\r\n\n<h2>\n\t\tTakk \u00f2g til\n\t<\/h2>\n\t\r\n\r\n\r\n\r\n\r\n\r\n\r\n\r\n\r\n\r\n\r\n\r\n\r\n\r\n\r\n\r\n\r\n\r\n\r\n\r\n\r\n\r\n<div class=\"sponsor-takk\">\r\n\t\r\n\t<a href=\"https:\/\/samlaget.no\/\" target=\"_blank\" rel=\"noopener noreferrer\">\r\n\t\r\n\t\tSamlaget\r\n\t\r\n\t<\/a>\r\n\t\r\n<\/div>\r\n\r\n\r\n\r\n\r\n\r\n<div class=\"sponsor-takk\">\r\n\t\r\n\t\tOttadalen M\u00f8lle\r\n\t\r\n<\/div>\r\n\r\n\r\n\r\n<div class=\"sponsor-takk\">\r\n\t\r\n\t\tFjell &#038; Fritid\r\n\t\r\n<\/div>\r\n\r\n\r\n\r\n<div class=\"sponsor-takk\">\r\n\t\r\n\t\tFossberg Hotell\r\n\t\r\n<\/div>\r\n\r\n\r\n\r\n<div class=\"sponsor-takk\">\r\n\t\r\n\t<a href=\"http:\/\/fossheimsteinsenter.no\/\" target=\"_blank\" rel=\"noopener noreferrer\">\r\n\t\r\n\t\tFossheim Steinsenter\r\n\t\r\n\t<\/a>\r\n\t\r\n<\/div>\r\n\r\n\r\n\r\n<div class=\"sponsor-takk\">\r\n\t\r\n\t\tFossheim Hotell\r\n\t\r\n<\/div>\r\n\r\n\r\n\r\n<div class=\"sponsor-takk\">\r\n\t\r\n\t\tNordal Eiendom\r\n\t\r\n<\/div>\r\n\r\n\r\n\r\n<div class=\"sponsor-takk\">\r\n\t\r\n\t\tKiwi\r\n\t\r\n<\/div>\r\n\r\n\r\n\r\n<div class=\"sponsor-takk\">\r\n\t\r\n\t\tStokk &#038; Stein\r\n\t\r\n<\/div>\r\n\r\n\r\n\r\n<div class=\"sponsor-takk\">\r\n\t\r\n\t\tSpiterstulen\r\n\t\r\n<\/div>\r\n\r\n\r\n\r\n<div class=\"sponsor-takk\">\r\n\t\r\n\t\tGausdal Landhandleri\r\n\t\r\n<\/div>\r\n\r\n\r\n\r\n<div class=\"sponsor-takk\">\r\n\t\r\n\t\tCoop Ottadalen\r\n\t\r\n<\/div>\r\n\r\n\r\n\r\n<div class=\"sponsor-takk\">\r\n\t\r\n\t\tFjuken\r\n\t\r\n<\/div>\r\n\r\n\r\n\r\n<div class=\"sponsor-takk\">\r\n\t\r\n\t\tBreheimen Mat\r\n\t\r\n<\/div>\r\n\r\n\r\n\r\n<div class=\"sponsor-takk\">\r\n\t\r\n\t\tNye Brimi Bue\r\n\t\r\n<\/div>\r\n\r\n\n<h2>\n\t\t\u00c5rets akt\u00f8rar\n\t<\/h2>\n\t<article class=\"aktorer_list\">\r\n\t<figure>\r\n\t\t<a href=\"https:\/\/diktardagar.no\/2019\/?post_type=aktr&#038;p=2763\"><img decoding=\"async\" src=\"https:\/\/diktardagar.no\/2019\/wp-content\/uploads\/sites\/6\/2019\/06\/62077709_845072975857859_5524530546383781888_n-150x150.jpg\" alt=\"Olaug Nilssen\"><\/a>\r\n\t<\/figure>\r\n\t<header>\r\n\t\t<hgroup>\r\n\t\t\t<h2><a href=\"https:\/\/diktardagar.no\/2019\/?post_type=aktr&#038;p=2763\">Olaug Nilssen<\/a><\/h2>\r\n\t\t<\/hgroup>\r\n\t<\/header>\r\n\t<p><p>Olaug Nilssen har ei markert og viktige stemme i norsk litteratur. Ho fekk Brageprisen i 2017 for &laquo;Tung tids tale&raquo;. Ho har skrive b\u00f8ker i mange sjangrar og kom med boka &laquo;Ikkje tenk p\u00e5 det&raquo; v\u00e5ren 2019.<\/p>\n<\/p>\r\n<\/article><article class=\"aktorer_list\">\r\n\t<figure>\r\n\t\t<a href=\"https:\/\/diktardagar.no\/2019\/?post_type=aktr&#038;p=2645\"><img decoding=\"async\" src=\"https:\/\/diktardagar.no\/2019\/wp-content\/uploads\/sites\/6\/2019\/05\/SteinTorleifBjella_Foto_SigneFuglestegLuksengard-1-150x150.jpg\" alt=\"Stein Torleif Bjella\"><\/a>\r\n\t<\/figure>\r\n\t<header>\r\n\t\t<hgroup>\r\n\t\t\t<h2><a href=\"https:\/\/diktardagar.no\/2019\/?post_type=aktr&#038;p=2645\">Stein Torleif Bjella<\/a><\/h2>\r\n\t\t<\/hgroup>\r\n\t<\/header>\r\n\t<p><p>Stein Torleif Bjella er fr\u00e5 \u00c5l i Hallingdal. Han er visekunstnar og har gjeve ut fire soloalbum. Under Diktardagar held han intimkonsert p\u00e5 Brimibue fredag kveld.<\/p>\n<\/p>\r\n<\/article><article class=\"aktorer_list\">\r\n\t<figure>\r\n\t\t<a href=\"https:\/\/diktardagar.no\/2019\/?post_type=aktr&#038;p=2765\"><img decoding=\"async\" src=\"https:\/\/diktardagar.no\/2019\/wp-content\/uploads\/sites\/6\/2019\/06\/Bildoen-1-150x150.jpg\" alt=\"Brit Bild\u00f8en\"><\/a>\r\n\t<\/figure>\r\n\t<header>\r\n\t\t<hgroup>\r\n\t\t\t<h2><a href=\"https:\/\/diktardagar.no\/2019\/?post_type=aktr&#038;p=2765\">Brit Bild\u00f8en<\/a><\/h2>\r\n\t\t<\/hgroup>\r\n\t<\/header>\r\n\t<p><p>Brit Bild\u00f8en er ein av v\u00e5re fremste samtidsforfattarar. I 2018 kom boka \u00abTre vegar til havet\u00bb, som skildrar avmakt i m\u00f8te med byr\u00e5kratiet, og kva desperasjon kan gjere med eit menneske.<\/p>\n<\/p>\r\n<\/article><article class=\"aktorer_list\">\r\n\t<figure>\r\n\t\t<a href=\"https:\/\/diktardagar.no\/2019\/?post_type=aktr&#038;p=2761\"><img decoding=\"async\" src=\"https:\/\/diktardagar.no\/2019\/wp-content\/uploads\/sites\/6\/2019\/06\/8683520032_2af88a31c5_b-1-150x150.jpg\" alt=\"Sigmund L\u00f8v\u00e5sen\"><\/a>\r\n\t<\/figure>\r\n\t<header>\r\n\t\t<hgroup>\r\n\t\t\t<h2><a href=\"https:\/\/diktardagar.no\/2019\/?post_type=aktr&#038;p=2761\">Sigmund L\u00f8v\u00e5sen<\/a><\/h2>\r\n\t\t<\/hgroup>\r\n\t<\/header>\r\n\t<p><p>Sigmund L\u00f8v\u00e5sen har skrive fleire romanar og skodespel. I fjor haust kom han med diktsamlinga Med \u00f8ksene dei haustar inn. <\/p>\n<\/p>\r\n<\/article><article class=\"aktorer_list\">\r\n\t<figure>\r\n\t\t<a href=\"https:\/\/diktardagar.no\/2019\/?post_type=aktr&#038;p=2806\"><img decoding=\"async\" src=\"https:\/\/diktardagar.no\/2019\/wp-content\/uploads\/sites\/6\/2019\/06\/Skjermbilde-2019-06-20-kl.-09.28.05-150x150.png\" alt=\"Cato Schi\u00f8tz\"><\/a>\r\n\t<\/figure>\r\n\t<header>\r\n\t\t<hgroup>\r\n\t\t\t<h2><a href=\"https:\/\/diktardagar.no\/2019\/?post_type=aktr&#038;p=2806\">Cato Schi\u00f8tz<\/a><\/h2>\r\n\t\t<\/hgroup>\r\n\t<\/header>\r\n\t<p><p>Cato Schi\u00f8tz er fyrst og fremst ein profilert norsk advokat, men har er er ogs\u00e5 litteraturelskar, og han har bygd opp ei av landets st\u00f8rste private boksamlingar.<\/p>\n<\/p>\r\n<\/article><article class=\"aktorer_list\">\r\n\t<figure>\r\n\t\t<a href=\"https:\/\/diktardagar.no\/2019\/?post_type=aktr&#038;p=2797\"><img decoding=\"async\" src=\"https:\/\/diktardagar.no\/2019\/wp-content\/uploads\/sites\/6\/2019\/06\/63776269_2290164437968667_4135690237714104320_n-150x150.jpg\" alt=\"Dag Inge Bakke\"><\/a>\r\n\t<\/figure>\r\n\t<header>\r\n\t\t<hgroup>\r\n\t\t\t<h2><a href=\"https:\/\/diktardagar.no\/2019\/?post_type=aktr&#038;p=2797\">Dag Inge Bakke<\/a><\/h2>\r\n\t\t<\/hgroup>\r\n\t<\/header>\r\n\t<p><p>Dag Inge Bakke er ein aktiv friluftsmann, han har hatt arbeidet sitt i og med med fjell i 25 \u00e5r, s\u00e5leis har han f\u00e5tt med seg ein del endringar som har skjedd &#8211; og som er i ferd med \u00e5 skje.<\/p>\n<\/p>\r\n<\/article><article class=\"aktorer_list\">\r\n\t<figure>\r\n\t\t<a href=\"https:\/\/diktardagar.no\/2019\/?post_type=aktr&#038;p=2991\"><img decoding=\"async\" src=\"https:\/\/diktardagar.no\/2019\/wp-content\/uploads\/sites\/6\/2020\/06\/dameriddur-150x150.jpg\" alt=\"Damer i D-dur\"><\/a>\r\n\t<\/figure>\r\n\t<header>\r\n\t\t<hgroup>\r\n\t\t\t<h2><a href=\"https:\/\/diktardagar.no\/2019\/?post_type=aktr&#038;p=2991\">Damer i D-dur<\/a><\/h2>\r\n\t\t<\/hgroup>\r\n\t<\/header>\r\n\t<p><p>Damer i D-dur er ein sekstett fr\u00e5 V\u00e5g\u00e5 og Lom som har sunge saman i eit ti\u00e5r. Dei er ei acapellagruppe som leikar seg innanfor fleire sjangrar.<\/p>\n<\/p>\r\n<\/article><article class=\"aktorer_list\">\r\n\t<figure>\r\n\t\t<a href=\"https:\/\/diktardagar.no\/2019\/?post_type=aktr&#038;p=2804\"><img decoding=\"async\" src=\"https:\/\/diktardagar.no\/2019\/wp-content\/uploads\/sites\/6\/2019\/06\/vassend-150x150.jpg\" alt=\"Erik Vassenden\"><\/a>\r\n\t<\/figure>\r\n\t<header>\r\n\t\t<hgroup>\r\n\t\t\t<h2><a href=\"https:\/\/diktardagar.no\/2019\/?post_type=aktr&#038;p=2804\">Erik Vassenden<\/a><\/h2>\r\n\t\t<\/hgroup>\r\n\t<\/header>\r\n\t<p><p>Erik Vassenden er professor i nordisk litteratur ved Universitetet i Bergen, han har s\u00e6rleg interesse for nynorsk lyrikk. <\/p>\n<\/p>\r\n<\/article><article class=\"aktorer_list\">\r\n\t<figure>\r\n\t\t<a href=\"https:\/\/diktardagar.no\/2019\/?post_type=aktr&#038;p=2871\"><img decoding=\"async\" src=\"https:\/\/diktardagar.no\/2019\/wp-content\/uploads\/sites\/6\/2019\/08\/gmoren2-150x150.jpeg\" alt=\"Gudmund Moren\"><\/a>\r\n\t<\/figure>\r\n\t<header>\r\n\t\t<hgroup>\r\n\t\t\t<h2><a href=\"https:\/\/diktardagar.no\/2019\/?post_type=aktr&#038;p=2871\">Gudmund Moren<\/a><\/h2>\r\n\t\t<\/hgroup>\r\n\t<\/header>\r\n\t<p><\/p>\r\n<\/article><article class=\"aktorer_list\">\r\n\t<figure>\r\n\t\t<a href=\"https:\/\/diktardagar.no\/2019\/?post_type=aktr&#038;p=2815\"><img decoding=\"async\" src=\"https:\/\/diktardagar.no\/2019\/wp-content\/uploads\/sites\/6\/2019\/06\/HildegunnHovde2-150x150.jpg\" alt=\"Hildegunn Hovde\"><\/a>\r\n\t<\/figure>\r\n\t<header>\r\n\t\t<hgroup>\r\n\t\t\t<h2><a href=\"https:\/\/diktardagar.no\/2019\/?post_type=aktr&#038;p=2815\">Hildegunn Hovde<\/a><\/h2>\r\n\t\t<\/hgroup>\r\n\t<\/header>\r\n\t<p><p>Hildegunn Hovde er utdanna klassisk songar, men er allsidig innanfor ei rekke ulike sjangrar.<\/p>\n<\/p>\r\n<\/article><article class=\"aktorer_list\">\r\n\t<figure>\r\n\t\t<a href=\"https:\/\/diktardagar.no\/2019\/?post_type=aktr&#038;p=2809\"><img decoding=\"async\" src=\"https:\/\/diktardagar.no\/2019\/wp-content\/uploads\/sites\/6\/2019\/06\/Skjermbilde-2019-06-20-kl.-09.38.33-150x150.png\" alt=\"Jan Inge S\u00f8rb\u00f8\"><\/a>\r\n\t<\/figure>\r\n\t<header>\r\n\t\t<hgroup>\r\n\t\t\t<h2><a href=\"https:\/\/diktardagar.no\/2019\/?post_type=aktr&#038;p=2809\">Jan Inge S\u00f8rb\u00f8<\/a><\/h2>\r\n\t\t<\/hgroup>\r\n\t<\/header>\r\n\t<p><p>Jan Inge S\u00f8rb\u00f8 er litteraturvitar, forfattar og journalist, har er professor i sosialfag ved h\u00f8gskulen i Volda. Han st\u00e5r mellom anna bak biografien \u00ab\u00d8rneflukt og ormegard\u00bb fr\u00e5 2009 om Olav Aukrust.<\/p>\n<\/p>\r\n<\/article><article class=\"aktorer_list\">\r\n\t<figure>\r\n\t\t<a href=\"https:\/\/diktardagar.no\/2019\/?post_type=aktr&#038;p=2812\"><img decoding=\"async\" src=\"https:\/\/diktardagar.no\/2019\/wp-content\/uploads\/sites\/6\/2019\/06\/Skjermbilde-2019-06-20-kl.-09.43.42-150x150.png\" alt=\"Nina Witoszek-Fitzpatrick\"><\/a>\r\n\t<\/figure>\r\n\t<header>\r\n\t\t<hgroup>\r\n\t\t\t<h2><a href=\"https:\/\/diktardagar.no\/2019\/?post_type=aktr&#038;p=2812\">Nina Witoszek-Fitzpatrick<\/a><\/h2>\r\n\t\t<\/hgroup>\r\n\t<\/header>\r\n\t<p><p>Nina Witoszek-Fitzpatrick, ogs\u00e5 kalla Walentyna eller Nina Witoszek, er ein polsk\/irsk\/norsk litteraturvitar, kulturhistorikar og forfattar som vart tildelt Fritt Ord-prisen i 2005.<\/p>\n<\/p>\r\n<\/article><article class=\"aktorer_list\">\r\n\t<figure>\r\n\t\t<a href=\"https:\/\/diktardagar.no\/2019\/?post_type=aktr&#038;p=2646\"><img decoding=\"async\" src=\"https:\/\/diktardagar.no\/2019\/wp-content\/uploads\/sites\/6\/2019\/05\/bergtatt2-1-150x150.jpg\" alt=\"Aslak Brimi og Mari Midtli\"><\/a>\r\n\t<\/figure>\r\n\t<header>\r\n\t\t<hgroup>\r\n\t\t\t<h2><a href=\"https:\/\/diktardagar.no\/2019\/?post_type=aktr&#038;p=2646\">Aslak Brimi og Mari Midtli<\/a><\/h2>\r\n\t\t<\/hgroup>\r\n\t<\/header>\r\n\t<p><p>Aslak Brimi og Mari Midtli er to av v\u00e5re fremste folkemusikarar. Denne gongen har dei med seg strykekvintett fr\u00e5 Sinfonietta Innlandet.<\/p>\n<\/p>\r\n<\/article><article class=\"aktorer_list\">\r\n\t<figure>\r\n\t\t<a href=\"https:\/\/diktardagar.no\/2019\/?post_type=aktr&#038;p=2768\"><img decoding=\"async\" src=\"https:\/\/diktardagar.no\/2019\/wp-content\/uploads\/sites\/6\/2019\/06\/Kirsti-Blom-2-f-150x150.jpg\" alt=\"Kirsti Blom\"><\/a>\r\n\t<\/figure>\r\n\t<header>\r\n\t\t<hgroup>\r\n\t\t\t<h2><a href=\"https:\/\/diktardagar.no\/2019\/?post_type=aktr&#038;p=2768\">Kirsti Blom<\/a><\/h2>\r\n\t\t<\/hgroup>\r\n\t<\/header>\r\n\t<p><p>Kirsti Blom har skrive ei rekke b\u00f8ker for b\u00e5de born og vaksne, b\u00e5de romanar, diktsamlingar, novellesamlingar og faktab\u00f8ker.<\/p>\n<\/p>\r\n<\/article><article class=\"aktorer_list\">\r\n\t<figure>\r\n\t\t<a href=\"https:\/\/diktardagar.no\/2019\/?post_type=aktr&#038;p=2770\"><img decoding=\"async\" src=\"https:\/\/diktardagar.no\/2019\/wp-content\/uploads\/sites\/6\/2019\/05\/mettev-1-150x150.jpg\" alt=\"Mette V\u00e5rdal, Vegar V\u00e5rdal, Camilla Granlien og Halvor Kjerkreit\"><\/a>\r\n\t<\/figure>\r\n\t<header>\r\n\t\t<hgroup>\r\n\t\t\t<h2><a href=\"https:\/\/diktardagar.no\/2019\/?post_type=aktr&#038;p=2770\">Mette V\u00e5rdal, Vegar V\u00e5rdal, Camilla Granlien og Halvor Kjerkreit<\/a><\/h2>\r\n\t\t<\/hgroup>\r\n\t<\/header>\r\n\t<p><p>Mette og Vegar V\u00e5rdal samarbeider denne gongen med Camilla Granlien og Halvor Kjerkreit. <\/p>\n<\/p>\r\n<\/article><article class=\"aktorer_list\">\r\n\t<figure>\r\n\t\t<a href=\"https:\/\/diktardagar.no\/2019\/?post_type=aktr&#038;p=2243\"><img decoding=\"async\" src=\"https:\/\/diktardagar.no\/2019\/wp-content\/uploads\/sites\/6\/2017\/08\/endre-150x150.jpg\" alt=\"Endre Skj\u00e5k\"><\/a>\r\n\t<\/figure>\r\n\t<header>\r\n\t\t<hgroup>\r\n\t\t\t<h2><a href=\"https:\/\/diktardagar.no\/2019\/?post_type=aktr&#038;p=2243\">Endre Skj\u00e5k<\/a><\/h2>\r\n\t\t<\/hgroup>\r\n\t<\/header>\r\n\t<p><p>Endre Skj\u00e5k har ein bachelorgrad i drama\/teater fr\u00e5 NTNU i Trondheim. Han har erfaring fr\u00e5 Kristinspelet p\u00e5 Sel, og Teater Innlandet. Endre st\u00e5r bak den musikalske reisa Vindsus i fjell under festkvelden i Utgard.<\/p>\n<\/p>\r\n<\/article><article class=\"aktorer_list\">\r\n\t<figure>\r\n\t\t<a href=\"https:\/\/diktardagar.no\/2019\/?post_type=aktr&#038;p=1745\"><img decoding=\"async\" src=\"https:\/\/diktardagar.no\/2019\/wp-content\/uploads\/sites\/6\/2014\/04\/Even.jpg\" alt=\"Even Lus\u00e6ter\"><\/a>\r\n\t<\/figure>\r\n\t<header>\r\n\t\t<hgroup>\r\n\t\t\t<h2><a href=\"https:\/\/diktardagar.no\/2019\/?post_type=aktr&#038;p=1745\">Even Lus\u00e6ter<\/a><\/h2>\r\n\t\t<\/hgroup>\r\n\t<\/header>\r\n\t<p><p>Even er heid\u00f8l, f\u00f8dd i 1979, n\u00e5 busett i V\u00e5g\u00e5. Han har studert nordisk og historie p\u00e5 Universitet i Oslo og jobbar i NRK Hedmark og Oppland. Han har sitt eige f\u00f8retak og spelar fele og framf\u00f8rer dikt.<\/p>\n<\/p>\r\n<\/article><article class=\"aktorer_list\">\r\n\t<figure>\r\n\t\t<a href=\"https:\/\/diktardagar.no\/2019\/?post_type=aktr&#038;p=1711\"><img decoding=\"async\" src=\"https:\/\/diktardagar.no\/2019\/wp-content\/uploads\/sites\/6\/2017\/01\/magnhild-150x150.jpg\" alt=\"Magnhild Bruheim\"><\/a>\r\n\t<\/figure>\r\n\t<header>\r\n\t\t<hgroup>\r\n\t\t\t<h2><a href=\"https:\/\/diktardagar.no\/2019\/?post_type=aktr&#038;p=1711\">Magnhild Bruheim<\/a><\/h2>\r\n\t\t<\/hgroup>\r\n\t<\/header>\r\n\t<p><p>Magnhild Bruheim er f\u00f8dd og oppvaksen i Skj\u00e5k. Ho bur n\u00e5 p\u00e5 Lillehammer og arbeider som frilans journalist og forfattar. Magnhild har skrive i alt 16 b\u00f8ker, seks av dei er krimb\u00f8ker, seks er spenningsb\u00f8ker for ungdom.<\/p>\n<\/p>\r\n<\/article><article class=\"aktorer_list\">\r\n\t<figure>\r\n\t\t<a href=\"https:\/\/diktardagar.no\/2019\/?post_type=aktr&#038;p=1699\"><img decoding=\"async\" src=\"https:\/\/diktardagar.no\/2019\/wp-content\/uploads\/sites\/6\/2016\/04\/Botheim_GuriSoerumgaardfotobenedikteskarvik-150x150.jpg\" alt=\"Guri S\u00f8rumg\u00e5rd Botheim\"><\/a>\r\n\t<\/figure>\r\n\t<header>\r\n\t\t<hgroup>\r\n\t\t\t<h2><a href=\"https:\/\/diktardagar.no\/2019\/?post_type=aktr&#038;p=1699\">Guri S\u00f8rumg\u00e5rd Botheim<\/a><\/h2>\r\n\t\t<\/hgroup>\r\n\t<\/header>\r\n\t<p><p>Guri S\u00f8rumg\u00e5rd Botheim (f.1978- ), er opphavleg fr\u00e5 Lesja. Ho er utdanna cand.philol. og har hovudfag i litteraturvitskap fr\u00e5 NTNU. Botheim har arbeidd i bokhandel, som kulturkonsulent og timel\u00e6rar, og er avdelingsleiar ved Norsk Forfattersentrum Midt-Noreg i Trondheim.<\/p>\n<\/p>\r\n<\/article>\n\n","protected":false},"excerpt":{"rendered":"<p>\u00c5rets akt\u00f8rar 2018<\/p>\n","protected":false},"author":1,"featured_media":0,"parent":0,"menu_order":0,"comment_status":"closed","ping_status":"closed","template":"","meta":{"footnotes":""},"class_list":["post-2327","page","type-page","status-publish","hentry"],"yoast_head":"<!-- This site is optimized with the Yoast SEO plugin v27.5 - https:\/\/yoast.com\/product\/yoast-seo-wordpress\/ -->\n<title>Akt\u00f8rar - Diktardagar 2019<\/title>\n<meta name=\"robots\" content=\"index, follow, max-snippet:-1, max-image-preview:large, max-video-preview:-1\" \/>\n<link rel=\"canonical\" href=\"https:\/\/diktardagar.no\/2019\/aktorar\/\" class=\"yoast-seo-meta-tag\" \/>\n<meta property=\"og:locale\" content=\"nb_NO\" class=\"yoast-seo-meta-tag\" \/>\n<meta property=\"og:type\" content=\"article\" class=\"yoast-seo-meta-tag\" \/>\n<meta property=\"og:title\" content=\"Akt\u00f8rar - Diktardagar 2019\" class=\"yoast-seo-meta-tag\" \/>\n<meta property=\"og:description\" content=\"\u00c5rets akt\u00f8rar 2018\" class=\"yoast-seo-meta-tag\" \/>\n<meta property=\"og:url\" content=\"https:\/\/diktardagar.no\/2019\/aktorar\/\" class=\"yoast-seo-meta-tag\" \/>\n<meta property=\"og:site_name\" content=\"Diktardagar 2019\" class=\"yoast-seo-meta-tag\" \/>\n<meta property=\"article:modified_time\" content=\"2020-11-17T10:26:34+00:00\" class=\"yoast-seo-meta-tag\" \/>\n<meta name=\"twitter:card\" content=\"summary_large_image\" class=\"yoast-seo-meta-tag\" \/>\n<script type=\"application\/ld+json\" class=\"yoast-schema-graph\">{\"@context\":\"https:\\\/\\\/schema.org\",\"@graph\":[{\"@type\":\"WebPage\",\"@id\":\"https:\\\/\\\/diktardagar.no\\\/2019\\\/aktorar\\\/\",\"url\":\"https:\\\/\\\/diktardagar.no\\\/2019\\\/aktorar\\\/\",\"name\":\"Akt\u00f8rar - Diktardagar 2019\",\"isPartOf\":{\"@id\":\"https:\\\/\\\/diktardagar.no\\\/2019\\\/#website\"},\"datePublished\":\"2018-04-30T12:02:38+00:00\",\"dateModified\":\"2020-11-17T10:26:34+00:00\",\"breadcrumb\":{\"@id\":\"https:\\\/\\\/diktardagar.no\\\/2019\\\/aktorar\\\/#breadcrumb\"},\"inLanguage\":\"nb-NO\",\"potentialAction\":[{\"@type\":\"ReadAction\",\"target\":[\"https:\\\/\\\/diktardagar.no\\\/2019\\\/aktorar\\\/\"]}]},{\"@type\":\"BreadcrumbList\",\"@id\":\"https:\\\/\\\/diktardagar.no\\\/2019\\\/aktorar\\\/#breadcrumb\",\"itemListElement\":[{\"@type\":\"ListItem\",\"position\":1,\"name\":\"Hjem\",\"item\":\"https:\\\/\\\/diktardagar.no\\\/2019\\\/\"},{\"@type\":\"ListItem\",\"position\":2,\"name\":\"Akt\u00f8rar\"}]},{\"@type\":\"WebSite\",\"@id\":\"https:\\\/\\\/diktardagar.no\\\/2019\\\/#website\",\"url\":\"https:\\\/\\\/diktardagar.no\\\/2019\\\/\",\"name\":\"Diktardagar 2019\",\"description\":\"\",\"potentialAction\":[{\"@type\":\"SearchAction\",\"target\":{\"@type\":\"EntryPoint\",\"urlTemplate\":\"https:\\\/\\\/diktardagar.no\\\/2019\\\/?s={search_term_string}\"},\"query-input\":{\"@type\":\"PropertyValueSpecification\",\"valueRequired\":true,\"valueName\":\"search_term_string\"}}],\"inLanguage\":\"nb-NO\"}]}<\/script>\n<!-- \/ Yoast SEO plugin. -->","yoast_head_json":{"title":"Akt\u00f8rar - Diktardagar 2019","robots":{"index":"index","follow":"follow","max-snippet":"max-snippet:-1","max-image-preview":"max-image-preview:large","max-video-preview":"max-video-preview:-1"},"canonical":"https:\/\/diktardagar.no\/2019\/aktorar\/","og_locale":"nb_NO","og_type":"article","og_title":"Akt\u00f8rar - Diktardagar 2019","og_description":"\u00c5rets akt\u00f8rar 2018","og_url":"https:\/\/diktardagar.no\/2019\/aktorar\/","og_site_name":"Diktardagar 2019","article_modified_time":"2020-11-17T10:26:34+00:00","twitter_card":"summary_large_image","schema":{"@context":"https:\/\/schema.org","@graph":[{"@type":"WebPage","@id":"https:\/\/diktardagar.no\/2019\/aktorar\/","url":"https:\/\/diktardagar.no\/2019\/aktorar\/","name":"Akt\u00f8rar - Diktardagar 2019","isPartOf":{"@id":"https:\/\/diktardagar.no\/2019\/#website"},"datePublished":"2018-04-30T12:02:38+00:00","dateModified":"2020-11-17T10:26:34+00:00","breadcrumb":{"@id":"https:\/\/diktardagar.no\/2019\/aktorar\/#breadcrumb"},"inLanguage":"nb-NO","potentialAction":[{"@type":"ReadAction","target":["https:\/\/diktardagar.no\/2019\/aktorar\/"]}]},{"@type":"BreadcrumbList","@id":"https:\/\/diktardagar.no\/2019\/aktorar\/#breadcrumb","itemListElement":[{"@type":"ListItem","position":1,"name":"Hjem","item":"https:\/\/diktardagar.no\/2019\/"},{"@type":"ListItem","position":2,"name":"Akt\u00f8rar"}]},{"@type":"WebSite","@id":"https:\/\/diktardagar.no\/2019\/#website","url":"https:\/\/diktardagar.no\/2019\/","name":"Diktardagar 2019","description":"","potentialAction":[{"@type":"SearchAction","target":{"@type":"EntryPoint","urlTemplate":"https:\/\/diktardagar.no\/2019\/?s={search_term_string}"},"query-input":{"@type":"PropertyValueSpecification","valueRequired":true,"valueName":"search_term_string"}}],"inLanguage":"nb-NO"}]}},"_links":{"self":[{"href":"https:\/\/diktardagar.no\/2019\/wp-json\/wp\/v2\/pages\/2327","targetHints":{"allow":["GET"]}}],"collection":[{"href":"https:\/\/diktardagar.no\/2019\/wp-json\/wp\/v2\/pages"}],"about":[{"href":"https:\/\/diktardagar.no\/2019\/wp-json\/wp\/v2\/types\/page"}],"author":[{"embeddable":true,"href":"https:\/\/diktardagar.no\/2019\/wp-json\/wp\/v2\/users\/1"}],"replies":[{"embeddable":true,"href":"https:\/\/diktardagar.no\/2019\/wp-json\/wp\/v2\/comments?post=2327"}],"version-history":[{"count":9,"href":"https:\/\/diktardagar.no\/2019\/wp-json\/wp\/v2\/pages\/2327\/revisions"}],"predecessor-version":[{"id":3084,"href":"https:\/\/diktardagar.no\/2019\/wp-json\/wp\/v2\/pages\/2327\/revisions\/3084"}],"wp:attachment":[{"href":"https:\/\/diktardagar.no\/2019\/wp-json\/wp\/v2\/media?parent=2327"}],"curies":[{"name":"wp","href":"https:\/\/api.w.org\/{rel}","templated":true}]}}