{"id":2327,"date":"2018-04-30T14:02:38","date_gmt":"2018-04-30T12:02:38","guid":{"rendered":"https:\/\/diktardagar.no\/2018\/?page_id=2327"},"modified":"2020-11-17T18:59:25","modified_gmt":"2020-11-17T17:59:25","slug":"aktorar","status":"publish","type":"page","link":"https:\/\/diktardagar.no\/2018\/aktorar\/","title":{"rendered":"Akt\u00f8rar"},"content":{"rendered":"\n\n\t\t\t<a href=\"https:\/\/diktardagar.no\/2018\/\" target=\"_self\" role=\"button\" rel=\"noopener noreferrer\">\n\t\t\t\t\t\t\tNeste diktardagar\n\t\t\t\t\t<\/a>\n\t\t\t<a href=\"https:\/\/diktardagar.no\/2018\/tidlegare\/\" target=\"_self\" role=\"button\" rel=\"noopener noreferrer\">\n\t\t\t\t\t\t\tTidligare diktardagar\n\t\t\t\t\t<\/a>\n<h2>\n\t\tSponsorer\n\t<\/h2>\n\t\r\n\r\n<div class=\"sponsor-fremhevet\">\r\n\t\r\n\t<a href=\"https:\/\/innlandetfylke.no\/\" target=\"_blank\" rel=\"noopener noreferrer\">\r\n\t\r\n\t\t<img loading=\"lazy\" decoding=\"async\" width=\"300\" height=\"88\" src=\"https:\/\/diktardagar.no\/2018\/wp-content\/uploads\/sites\/8\/2019\/05\/Innlandet_fylkeskommune_liggende_pos_RGB-300x88.jpg\" class=\"attachment-medium size-medium\" alt=\"\" srcset=\"https:\/\/diktardagar.no\/2018\/wp-content\/uploads\/sites\/8\/2019\/05\/Innlandet_fylkeskommune_liggende_pos_RGB-300x88.jpg 300w, https:\/\/diktardagar.no\/2018\/wp-content\/uploads\/sites\/8\/2019\/05\/Innlandet_fylkeskommune_liggende_pos_RGB.jpg 596w\" sizes=\"auto, (max-width: 300px) 100vw, 300px\" \/>\r\n\t\r\n\t<\/a>\r\n\t\r\n<\/div>\r\n\r\n\r\n\r\n<div class=\"sponsor-fremhevet\">\r\n\t\r\n\t<a href=\"http:\/\/kulturradet.no\/\" target=\"_blank\" rel=\"noopener noreferrer\">\r\n\t\r\n\t\t<img loading=\"lazy\" decoding=\"async\" width=\"300\" height=\"268\" src=\"https:\/\/diktardagar.no\/2018\/wp-content\/uploads\/sites\/8\/2014\/07\/kulturr\u00e5d-300x268.png\" class=\"attachment-medium size-medium\" alt=\"kulturr\u00e5d\" srcset=\"https:\/\/diktardagar.no\/2018\/wp-content\/uploads\/sites\/8\/2014\/07\/kulturr\u00e5d-300x268.png 300w, https:\/\/diktardagar.no\/2018\/wp-content\/uploads\/sites\/8\/2014\/07\/kulturr\u00e5d-1024x915.png 1024w, https:\/\/diktardagar.no\/2018\/wp-content\/uploads\/sites\/8\/2014\/07\/kulturr\u00e5d.png 1409w\" sizes=\"auto, (max-width: 300px) 100vw, 300px\" \/>\r\n\t\r\n\t<\/a>\r\n\t\r\n<\/div>\r\n\r\n\r\n\r\n<div class=\"sponsor-fremhevet\">\r\n\t\r\n\t<a href=\"http:\/\/www.nord-gudbrandsdal.no\/\" target=\"_blank\" rel=\"noopener noreferrer\">\r\n\t\r\n\t\t<img loading=\"lazy\" decoding=\"async\" width=\"300\" height=\"169\" src=\"https:\/\/diktardagar.no\/2018\/wp-content\/uploads\/sites\/8\/2014\/07\/regr\u00e5d-300x169.png\" class=\"attachment-medium size-medium\" alt=\"\" srcset=\"https:\/\/diktardagar.no\/2018\/wp-content\/uploads\/sites\/8\/2014\/07\/regr\u00e5d-300x169.png 300w, https:\/\/diktardagar.no\/2018\/wp-content\/uploads\/sites\/8\/2014\/07\/regr\u00e5d.png 886w\" sizes=\"auto, (max-width: 300px) 100vw, 300px\" \/>\r\n\t\r\n\t<\/a>\r\n\t\r\n<\/div>\r\n\r\n\r\n\r\n<div class=\"sponsor-fremhevet\">\r\n\t\r\n\t<a href=\"https:\/\/www.sparebank1.no\/lom-skjaak\/privat.html\" target=\"_blank\" rel=\"noopener noreferrer\">\r\n\t\r\n\t\t<img loading=\"lazy\" decoding=\"async\" width=\"300\" height=\"89\" src=\"https:\/\/diktardagar.no\/2018\/wp-content\/uploads\/sites\/8\/2017\/01\/Spb1LSlogo-300x89.jpg\" class=\"attachment-medium size-medium\" alt=\"Spb1LSlogo\" srcset=\"https:\/\/diktardagar.no\/2018\/wp-content\/uploads\/sites\/8\/2017\/01\/Spb1LSlogo-300x89.jpg 300w, https:\/\/diktardagar.no\/2018\/wp-content\/uploads\/sites\/8\/2017\/01\/Spb1LSlogo.jpg 414w\" sizes=\"auto, (max-width: 300px) 100vw, 300px\" \/>\r\n\t\r\n\t<\/a>\r\n\t\r\n<\/div>\r\n\r\n\r\n\r\n<div class=\"sponsor-fremhevet\">\r\n\t\r\n\t<a href=\"http:\/\/lom.kommune.no\/\" target=\"_blank\" rel=\"noopener noreferrer\">\r\n\t\r\n\t\t<img loading=\"lazy\" decoding=\"async\" width=\"300\" height=\"102\" src=\"https:\/\/diktardagar.no\/2018\/wp-content\/uploads\/sites\/8\/2014\/07\/lom-kommune-300x102.png\" class=\"attachment-medium size-medium\" alt=\"\" srcset=\"https:\/\/diktardagar.no\/2018\/wp-content\/uploads\/sites\/8\/2014\/07\/lom-kommune-300x102.png 300w, https:\/\/diktardagar.no\/2018\/wp-content\/uploads\/sites\/8\/2014\/07\/lom-kommune-1024x348.png 1024w, https:\/\/diktardagar.no\/2018\/wp-content\/uploads\/sites\/8\/2014\/07\/lom-kommune.png 1181w\" sizes=\"auto, (max-width: 300px) 100vw, 300px\" \/>\r\n\t\r\n\t<\/a>\r\n\t\r\n<\/div>\r\n\r\n\r\n\r\n<div class=\"sponsor-fremhevet\">\r\n\t\r\n\t<a href=\"http:\/\/www.skjaak.kommune.no\/\" target=\"_blank\" rel=\"noopener noreferrer\">\r\n\t\r\n\t\t<img loading=\"lazy\" decoding=\"async\" width=\"300\" height=\"147\" src=\"https:\/\/diktardagar.no\/2018\/wp-content\/uploads\/sites\/8\/2015\/07\/skjaak_logo_1-300x147.png\" class=\"attachment-medium size-medium\" alt=\"skjaak_logo\" srcset=\"https:\/\/diktardagar.no\/2018\/wp-content\/uploads\/sites\/8\/2015\/07\/skjaak_logo_1-300x147.png 300w, https:\/\/diktardagar.no\/2018\/wp-content\/uploads\/sites\/8\/2015\/07\/skjaak_logo_1.png 987w\" sizes=\"auto, (max-width: 300px) 100vw, 300px\" \/>\r\n\t\r\n\t<\/a>\r\n\t\r\n<\/div>\r\n\r\n\r\n\r\n<div class=\"sponsor-fremhevet\">\r\n\t\r\n\t<a href=\"http:\/\/www.nm.no\/\" target=\"_blank\" rel=\"noopener noreferrer\">\r\n\t\r\n\t\t<img loading=\"lazy\" decoding=\"async\" width=\"300\" height=\"276\" src=\"https:\/\/diktardagar.no\/2018\/wp-content\/uploads\/sites\/8\/2019\/06\/nm_logo_farge1-300x276.jpg\" class=\"attachment-medium size-medium\" alt=\"\" srcset=\"https:\/\/diktardagar.no\/2018\/wp-content\/uploads\/sites\/8\/2019\/06\/nm_logo_farge1-300x276.jpg 300w, https:\/\/diktardagar.no\/2018\/wp-content\/uploads\/sites\/8\/2019\/06\/nm_logo_farge1-768x707.jpg 768w, https:\/\/diktardagar.no\/2018\/wp-content\/uploads\/sites\/8\/2019\/06\/nm_logo_farge1-1024x943.jpg 1024w, https:\/\/diktardagar.no\/2018\/wp-content\/uploads\/sites\/8\/2019\/06\/nm_logo_farge1.jpg 1026w\" sizes=\"auto, (max-width: 300px) 100vw, 300px\" \/>\r\n\t\r\n\t<\/a>\r\n\t\r\n<\/div>\r\n\r\n\r\n\r\n<div class=\"sponsor-fremhevet\">\r\n\t\r\n\t<a href=\"http:\/\/www.fritt-ord.no\/\" target=\"_blank\" rel=\"noopener noreferrer\">\r\n\t\r\n\t\t<img loading=\"lazy\" decoding=\"async\" width=\"266\" height=\"300\" src=\"https:\/\/diktardagar.no\/2018\/wp-content\/uploads\/sites\/8\/2014\/07\/fritt-ord-266x300.png\" class=\"attachment-medium size-medium\" alt=\"fritt ord\" srcset=\"https:\/\/diktardagar.no\/2018\/wp-content\/uploads\/sites\/8\/2014\/07\/fritt-ord-266x300.png 266w, https:\/\/diktardagar.no\/2018\/wp-content\/uploads\/sites\/8\/2014\/07\/fritt-ord.png 713w\" sizes=\"auto, (max-width: 266px) 100vw, 266px\" \/>\r\n\t\r\n\t<\/a>\r\n\t\r\n<\/div>\r\n\r\n\r\n\r\n<div class=\"sponsor-fremhevet\">\r\n\t\r\n\t<a href=\"http:\/\/www.g-kultur.no\/\" target=\"_blank\" rel=\"noopener noreferrer\">\r\n\t\r\n\t\t<img loading=\"lazy\" decoding=\"async\" width=\"300\" height=\"108\" src=\"https:\/\/diktardagar.no\/2018\/wp-content\/uploads\/sites\/8\/2017\/06\/stifting_g-kultur-naturgroenn_1692x611-300x108.jpg\" class=\"attachment-medium size-medium\" alt=\"Stiftinga G-KULTUR logo\" srcset=\"https:\/\/diktardagar.no\/2018\/wp-content\/uploads\/sites\/8\/2017\/06\/stifting_g-kultur-naturgroenn_1692x611-300x108.jpg 300w, https:\/\/diktardagar.no\/2018\/wp-content\/uploads\/sites\/8\/2017\/06\/stifting_g-kultur-naturgroenn_1692x611-768x277.jpg 768w, https:\/\/diktardagar.no\/2018\/wp-content\/uploads\/sites\/8\/2017\/06\/stifting_g-kultur-naturgroenn_1692x611-1024x370.jpg 1024w, https:\/\/diktardagar.no\/2018\/wp-content\/uploads\/sites\/8\/2017\/06\/stifting_g-kultur-naturgroenn_1692x611-1080x390.jpg 1080w, https:\/\/diktardagar.no\/2018\/wp-content\/uploads\/sites\/8\/2017\/06\/stifting_g-kultur-naturgroenn_1692x611.jpg 1692w\" sizes=\"auto, (max-width: 300px) 100vw, 300px\" \/>\r\n\t\r\n\t<\/a>\r\n\t\r\n<\/div>\r\n\r\n\r\n\r\n<div class=\"sponsor-fremhevet\">\r\n\t\r\n\t<a href=\"http:\/\/www.vaga.kommune.no\/\" target=\"_blank\" rel=\"noopener noreferrer\">\r\n\t\r\n\t\t<img loading=\"lazy\" decoding=\"async\" width=\"300\" height=\"95\" src=\"https:\/\/diktardagar.no\/2018\/wp-content\/uploads\/sites\/8\/2015\/07\/Kommunelogo1-v\u00e5g\u00e5-5405-4f-300x95.png\" class=\"attachment-medium size-medium\" alt=\"\" srcset=\"https:\/\/diktardagar.no\/2018\/wp-content\/uploads\/sites\/8\/2015\/07\/Kommunelogo1-v\u00e5g\u00e5-5405-4f-300x95.png 300w, https:\/\/diktardagar.no\/2018\/wp-content\/uploads\/sites\/8\/2015\/07\/Kommunelogo1-v\u00e5g\u00e5-5405-4f.png 525w\" sizes=\"auto, (max-width: 300px) 100vw, 300px\" \/>\r\n\t\r\n\t<\/a>\r\n\t\r\n<\/div>\r\n\r\n\r\n\r\n\r\n\r\n<div class=\"sponsor-fremhevet\">\r\n\t\r\n\t<a href=\"http:\/\/www.forfattersentrum.no\/\" target=\"_blank\" rel=\"noopener noreferrer\">\r\n\t\r\n\t\t<img loading=\"lazy\" decoding=\"async\" width=\"300\" height=\"132\" src=\"https:\/\/diktardagar.no\/2018\/wp-content\/uploads\/sites\/8\/2018\/06\/norsk_forfattersentrum_logo-300x132.png\" class=\"attachment-medium size-medium\" alt=\"\" srcset=\"https:\/\/diktardagar.no\/2018\/wp-content\/uploads\/sites\/8\/2018\/06\/norsk_forfattersentrum_logo-300x132.png 300w, https:\/\/diktardagar.no\/2018\/wp-content\/uploads\/sites\/8\/2018\/06\/norsk_forfattersentrum_logo.png 339w\" sizes=\"auto, (max-width: 300px) 100vw, 300px\" \/>\r\n\t\r\n\t<\/a>\r\n\t\r\n<\/div>\r\n\r\n\r\n\r\n\r\n\r\n\n<h2>\n\t\tTakk \u00f2g til\n\t<\/h2>\n\t\r\n\r\n\r\n\r\n\r\n\r\n\r\n\r\n\r\n\r\n\r\n\r\n\r\n\r\n\r\n\r\n\r\n\r\n\r\n\r\n\r\n\r\n<div class=\"sponsor-takk\">\r\n\t\r\n\t<a href=\"https:\/\/samlaget.no\/\" target=\"_blank\" rel=\"noopener noreferrer\">\r\n\t\r\n\t\tSamlaget\r\n\t\r\n\t<\/a>\r\n\t\r\n<\/div>\r\n\r\n\r\n\r\n\r\n\r\n<div class=\"sponsor-takk\">\r\n\t\r\n\t\tOttadalen M\u00f8lle\r\n\t\r\n<\/div>\r\n\r\n\r\n\r\n<div class=\"sponsor-takk\">\r\n\t\r\n\t\tFjell &#038; Fritid\r\n\t\r\n<\/div>\r\n\r\n\r\n\r\n<div class=\"sponsor-takk\">\r\n\t\r\n\t\tFossberg Hotell\r\n\t\r\n<\/div>\r\n\r\n\r\n\r\n<div class=\"sponsor-takk\">\r\n\t\r\n\t<a href=\"http:\/\/fossheimsteinsenter.no\/\" target=\"_blank\" rel=\"noopener noreferrer\">\r\n\t\r\n\t\tFossheim Steinsenter\r\n\t\r\n\t<\/a>\r\n\t\r\n<\/div>\r\n\r\n\r\n\r\n<div class=\"sponsor-takk\">\r\n\t\r\n\t\tFossheim Hotell\r\n\t\r\n<\/div>\r\n\r\n\r\n\r\n<div class=\"sponsor-takk\">\r\n\t\r\n\t\tNordal Eiendom\r\n\t\r\n<\/div>\r\n\r\n\r\n\r\n<div class=\"sponsor-takk\">\r\n\t\r\n\t\tKiwi\r\n\t\r\n<\/div>\r\n\r\n\r\n\r\n<div class=\"sponsor-takk\">\r\n\t\r\n\t\tStokk &#038; Stein\r\n\t\r\n<\/div>\r\n\r\n\r\n\r\n<div class=\"sponsor-takk\">\r\n\t\r\n\t\tSpiterstulen\r\n\t\r\n<\/div>\r\n\r\n\r\n\r\n<div class=\"sponsor-takk\">\r\n\t\r\n\t\tGausdal Landhandleri\r\n\t\r\n<\/div>\r\n\r\n\r\n\r\n<div class=\"sponsor-takk\">\r\n\t\r\n\t\tCoop Ottadalen\r\n\t\r\n<\/div>\r\n\r\n\r\n\r\n<div class=\"sponsor-takk\">\r\n\t\r\n\t\tFjuken\r\n\t\r\n<\/div>\r\n\r\n\r\n\r\n<div class=\"sponsor-takk\">\r\n\t\r\n\t\tBreheimen Mat\r\n\t\r\n<\/div>\r\n\r\n\r\n\r\n<div class=\"sponsor-takk\">\r\n\t\r\n\t\tNye Brimi Bue\r\n\t\r\n<\/div>\r\n\r\n\n<h2>\n\t\t\u00c5rets akt\u00f8rar\n\t<\/h2>\n\t<article class=\"aktorer_list\">\r\n\t<figure>\r\n\t\t<a href=\"https:\/\/diktardagar.no\/2018\/?post_type=aktr&#038;p=2459\"><img decoding=\"async\" src=\"https:\/\/diktardagar.no\/2018\/wp-content\/uploads\/sites\/8\/2018\/04\/kjersti2-150x150.jpg\" alt=\"Kjersti Wold\"><\/a>\r\n\t<\/figure>\r\n\t<header>\r\n\t\t<hgroup>\r\n\t\t\t<h2><a href=\"https:\/\/diktardagar.no\/2018\/?post_type=aktr&#038;p=2459\">Kjersti Wold<\/a><\/h2>\r\n\t\t<\/hgroup>\r\n\t<\/header>\r\n\t<p><p>Kjersti Wold er norsk fag- og skj\u00f8nnlitter\u00e6r forfattar, skrivepedagog og foredragshaldar. Ho blir rekna som ein av mentorane innan kreativ skriving.<\/p>\n<\/p>\r\n<\/article><article class=\"aktorer_list\">\r\n\t<figure>\r\n\t\t<a href=\"https:\/\/diktardagar.no\/2018\/?post_type=aktr&#038;p=2460\"><img decoding=\"async\" src=\"https:\/\/diktardagar.no\/2018\/wp-content\/uploads\/sites\/8\/2018\/04\/Kristin-\u00d8rjas\u00e6ter-150x150.jpg\" alt=\"Kristin \u00d8rjas\u00e6ter\"><\/a>\r\n\t<\/figure>\r\n\t<header>\r\n\t\t<hgroup>\r\n\t\t\t<h2><a href=\"https:\/\/diktardagar.no\/2018\/?post_type=aktr&#038;p=2460\">Kristin \u00d8rjas\u00e6ter<\/a><\/h2>\r\n\t\t<\/hgroup>\r\n\t<\/header>\r\n\t<p><p>Kristin \u00d8rjas\u00e6ter er norsk litteraturvitar. Ho er i dag direkt\u00f8r for Norsk barnebokinstitutt i Oslo.<\/p>\n<\/p>\r\n<\/article><article class=\"aktorer_list\">\r\n\t<figure>\r\n\t\t<a href=\"https:\/\/diktardagar.no\/2018\/?post_type=aktr&#038;p=2470\"><img decoding=\"async\" src=\"https:\/\/diktardagar.no\/2018\/wp-content\/uploads\/sites\/8\/2018\/04\/Arnfinn-Kolerud-2012_grande-150x150.jpg\" alt=\"Arnfinn Kolerud\"><\/a>\r\n\t<\/figure>\r\n\t<header>\r\n\t\t<hgroup>\r\n\t\t\t<h2><a href=\"https:\/\/diktardagar.no\/2018\/?post_type=aktr&#038;p=2470\">Arnfinn Kolerud<\/a><\/h2>\r\n\t\t<\/hgroup>\r\n\t<\/header>\r\n\t<p><p>Arnfinn Kolerud (f 1968) fr\u00e5 Isfjorden i Romsdal debuterte i 1996 med barneboka &laquo;Berre ikkje br\u00f8yteplogen kjem&raquo;, ei bok han fekk Kulturdepartementets debutantpris for barne- og ungdomslitteratur for.<\/p>\n<\/p>\r\n<\/article><article class=\"aktorer_list\">\r\n\t<figure>\r\n\t\t<a href=\"https:\/\/diktardagar.no\/2018\/?post_type=aktr&#038;p=2461\"><img decoding=\"async\" src=\"https:\/\/diktardagar.no\/2018\/wp-content\/uploads\/sites\/8\/2018\/04\/hildegunn-nes-150x150.jpg\" alt=\"Hildegunn Solberg Nes\"><\/a>\r\n\t<\/figure>\r\n\t<header>\r\n\t\t<hgroup>\r\n\t\t\t<h2><a href=\"https:\/\/diktardagar.no\/2018\/?post_type=aktr&#038;p=2461\">Hildegunn Solberg Nes<\/a><\/h2>\r\n\t\t<\/hgroup>\r\n\t<\/header>\r\n\t<p><p>Hildegunn Solberg Nes fr\u00e5 Ellings\u00f8y har fleire ti\u00e5rs erfaring som l\u00e6rar og formidlar av barnedikt for ungar. Ho er redakt\u00f8r for Barnedikt i utval av Jan-Magnus Bruheim, som kjem ut p\u00e5 Samlaget i 2018.<\/p>\n<\/p>\r\n<\/article><article class=\"aktorer_list\">\r\n\t<figure>\r\n\t\t<a href=\"https:\/\/diktardagar.no\/2018\/?post_type=aktr&#038;p=2458\"><img decoding=\"async\" src=\"https:\/\/diktardagar.no\/2018\/wp-content\/uploads\/sites\/8\/2018\/03\/maria-parr-150x150.png\" alt=\"Maria Parr\"><\/a>\r\n\t<\/figure>\r\n\t<header>\r\n\t\t<hgroup>\r\n\t\t\t<h2><a href=\"https:\/\/diktardagar.no\/2018\/?post_type=aktr&#038;p=2458\">Maria Parr<\/a><\/h2>\r\n\t\t<\/hgroup>\r\n\t<\/header>\r\n\t<p><p>Barnebokforfattar Maria Parr (f\u00f8dd 1981) fr\u00e5 Fisk\u00e5 i Vanylven i M\u00f8re og Romsdal er ei av v\u00e5re fremste barnebokforfattarar. Ho debuterte med Vaffelhjarte i 2005, boka vart nominert til Brageprisen, vann Nynorsk barnelitteraturpris og vart grunnlaget for TV-serie med same tittel. <\/p>\n<\/p>\r\n<\/article><article class=\"aktorer_list\">\r\n\t<figure>\r\n\t\t<a href=\"https:\/\/diktardagar.no\/2018\/?post_type=aktr&#038;p=2457\"><img decoding=\"async\" src=\"https:\/\/diktardagar.no\/2018\/wp-content\/uploads\/sites\/8\/2018\/04\/cecilie-enger--150x150.jpg\" alt=\"Cecilie Enger\"><\/a>\r\n\t<\/figure>\r\n\t<header>\r\n\t\t<hgroup>\r\n\t\t\t<h2><a href=\"https:\/\/diktardagar.no\/2018\/?post_type=aktr&#038;p=2457\">Cecilie Enger<\/a><\/h2>\r\n\t\t<\/hgroup>\r\n\t<\/header>\r\n\t<p><p>Cecilie Enger (f. 1963) debuterte i 1994 med romanen N\u00f8dvendigheten, og har sidan gjeve ut ei rekkje romanar, mellom anna Mors gaver i 2013, ei bok som vart eit gjennombrot, og som ho fekk Bokhandlarprisen for. I 2017 gav ho ut romanen Pust for meg.<\/p>\n<\/p>\r\n<\/article><article class=\"aktorer_list\">\r\n\t<figure>\r\n\t\t<a href=\"https:\/\/diktardagar.no\/2018\/?post_type=aktr&#038;p=2455\"><img decoding=\"async\" src=\"https:\/\/diktardagar.no\/2018\/wp-content\/uploads\/sites\/8\/2018\/04\/brynjulf-J-Tj\u00f8nn-150x150.jpg\" alt=\"Brynjulf Jung Tj\u00f8nn\"><\/a>\r\n\t<\/figure>\r\n\t<header>\r\n\t\t<hgroup>\r\n\t\t\t<h2><a href=\"https:\/\/diktardagar.no\/2018\/?post_type=aktr&#038;p=2455\">Brynjulf Jung Tj\u00f8nn<\/a><\/h2>\r\n\t\t<\/hgroup>\r\n\t<\/header>\r\n\t<p><p>Brynjulf Jung Tj\u00f8nn (f\u00f8dd 1980) fr\u00e5 Feios i Sogn og Fjordane, debuterte med romanen Eg kom for \u00e5 elske i 2002.<\/p>\n<\/p>\r\n<\/article><article class=\"aktorer_list\">\r\n\t<figure>\r\n\t\t<a href=\"https:\/\/diktardagar.no\/2018\/?post_type=aktr&#038;p=2243\"><img decoding=\"async\" src=\"https:\/\/diktardagar.no\/2018\/wp-content\/uploads\/sites\/8\/2017\/08\/endre-150x150.jpg\" alt=\"Endre Skj\u00e5k\"><\/a>\r\n\t<\/figure>\r\n\t<header>\r\n\t\t<hgroup>\r\n\t\t\t<h2><a href=\"https:\/\/diktardagar.no\/2018\/?post_type=aktr&#038;p=2243\">Endre Skj\u00e5k<\/a><\/h2>\r\n\t\t<\/hgroup>\r\n\t<\/header>\r\n\t<p><p>Endre Skj\u00e5k har ein bachelorgrad i drama\/teater fr\u00e5 NTNU i Trondheim. Han har erfaring fr\u00e5 Kristinspelet p\u00e5 Sel, og Teater Innlandet. Endre st\u00e5r bak den musikalske reisa Vindsus i fjell under festkvelden i Utgard.<\/p>\n<\/p>\r\n<\/article><article class=\"aktorer_list\">\r\n\t<figure>\r\n\t\t<a href=\"https:\/\/diktardagar.no\/2018\/?post_type=aktr&#038;p=2226\"><img decoding=\"async\" src=\"https:\/\/diktardagar.no\/2018\/wp-content\/uploads\/sites\/8\/2017\/08\/Ola-profilbilete-2-150x150.jpg\" alt=\"Ola Gr\u00f8sland\"><\/a>\r\n\t<\/figure>\r\n\t<header>\r\n\t\t<hgroup>\r\n\t\t\t<h2><a href=\"https:\/\/diktardagar.no\/2018\/?post_type=aktr&#038;p=2226\">Ola Gr\u00f8sland<\/a><\/h2>\r\n\t\t<\/hgroup>\r\n\t<\/header>\r\n\t<p><p>Ola Gr\u00f8sland, f\u00f8dd 1947. Pensjonert lektor med norsk hovudfag. Har arbeidd med mange ulike kulturoppg\u00e5ver, s\u00e6rleg knytt til spr\u00e5k og folkemusikk.<\/p>\n<\/p>\r\n<\/article><article class=\"aktorer_list\">\r\n\t<figure>\r\n\t\t<a href=\"https:\/\/diktardagar.no\/2018\/?post_type=aktr&#038;p=1837\"><img decoding=\"async\" src=\"https:\/\/diktardagar.no\/2018\/wp-content\/uploads\/sites\/8\/2017\/01\/SigridMoldestad_Promo_01-150x150.jpg\" alt=\"Sigrid Terese Moldestad\"><\/a>\r\n\t<\/figure>\r\n\t<header>\r\n\t\t<hgroup>\r\n\t\t\t<h2><a href=\"https:\/\/diktardagar.no\/2018\/?post_type=aktr&#038;p=1837\">Sigrid Terese Moldestad<\/a><\/h2>\r\n\t\t<\/hgroup>\r\n\t<\/header>\r\n\t<p><p>Sigrid Terese Moldestad (f\u00f8dt 19. juli 1972 p\u00e5 Breim i Gloppen kommune) er en norsk folkemusiker, som spiller fele, hardingfele, og sang. Hun er utdannet ved Ole Bull Akademiet, og spiller sammen med H\u00e5kon H\u00f8gemo og Einar Mj\u00f8lsnes i Gamaltnymalt som fikk Spellemannprisen 2005 i klassen folkemusikk\/gammeldans for debutplata Gamaltnymalt.<\/p>\n<\/p>\r\n<\/article><article class=\"aktorer_list\">\r\n\t<figure>\r\n\t\t<a href=\"https:\/\/diktardagar.no\/2018\/?post_type=aktr&#038;p=1829\"><img decoding=\"async\" src=\"https:\/\/diktardagar.no\/2018\/wp-content\/uploads\/sites\/8\/2017\/01\/sol_i_skuggeskog-150x150.jpg\" alt=\"Sol i skuggeskog\"><\/a>\r\n\t<\/figure>\r\n\t<header>\r\n\t\t<hgroup>\r\n\t\t\t<h2><a href=\"https:\/\/diktardagar.no\/2018\/?post_type=aktr&#038;p=1829\">Sol i skuggeskog<\/a><\/h2>\r\n\t\t<\/hgroup>\r\n\t<\/header>\r\n\t<p><p>Gripende melodier\u2026 Jordn\u00e6rt, melodi\u00f8st og ekte\u2026 Et vakkert album\u2026 Dette er kunst\u2026 Slik ble debutalbumet \u00abLivet\u00bb beskrevet av norsk presse da det kom ut h\u00f8sten 2013. Med albumet gjorde Sol i skuggeskog seg for alvor bemerket som et nytt og friskt tilskudd til den norske musikkscenen.<\/p>\n<\/p>\r\n<\/article><article class=\"aktorer_list\">\r\n\t<figure>\r\n\t\t<a href=\"https:\/\/diktardagar.no\/2018\/?post_type=aktr&#038;p=1747\"><img decoding=\"async\" src=\"https:\/\/diktardagar.no\/2018\/wp-content\/uploads\/sites\/8\/2014\/04\/aasmundNordstoga-150x150.jpg\" alt=\"Aasmund Nordstoga\"><\/a>\r\n\t<\/figure>\r\n\t<header>\r\n\t\t<hgroup>\r\n\t\t\t<h2><a href=\"https:\/\/diktardagar.no\/2018\/?post_type=aktr&#038;p=1747\">Aasmund Nordstoga<\/a><\/h2>\r\n\t\t<\/hgroup>\r\n\t<\/header>\r\n\t<p><p>Aasmund Nordstoga fr\u00e5 Vinje har mellom anna gjeve ut &laquo;Guten&raquo;, ei plate med tekstar av Aasmund Olavsson Vinje og tonar og arrangement av Odd Nordstoga og Edvard Grieg.<\/p>\n<\/p>\r\n<\/article><article class=\"aktorer_list\">\r\n\t<figure>\r\n\t\t<a href=\"https:\/\/diktardagar.no\/2018\/?post_type=aktr&#038;p=1731\"><img decoding=\"async\" src=\"https:\/\/diktardagar.no\/2018\/wp-content\/uploads\/sites\/8\/2014\/04\/Ottar_Grepstad_2010-150x150.jpg\" alt=\"Ottar Grepstad\"><\/a>\r\n\t<\/figure>\r\n\t<header>\r\n\t\t<hgroup>\r\n\t\t\t<h2><a href=\"https:\/\/diktardagar.no\/2018\/?post_type=aktr&#038;p=1731\">Ottar Grepstad<\/a><\/h2>\r\n\t\t<\/hgroup>\r\n\t<\/header>\r\n\t<p><p>Ottar Grepstad er f\u00f8dd i 1953 og er forfattar og direkt\u00f8r for Nynorsk kultursentrum. Han har gjeve ut ei lang rekkje b\u00f8ker om ulike emne. I 1998 vikarierte han i ei periode som dagleg leiar for Noregs M\u00e5llag.<\/p>\n<\/p>\r\n<\/article><article class=\"aktorer_list\">\r\n\t<figure>\r\n\t\t<a href=\"https:\/\/diktardagar.no\/2018\/?post_type=aktr&#038;p=1711\"><img decoding=\"async\" src=\"https:\/\/diktardagar.no\/2018\/wp-content\/uploads\/sites\/8\/2017\/01\/magnhild-150x150.jpg\" alt=\"Magnhild Bruheim\"><\/a>\r\n\t<\/figure>\r\n\t<header>\r\n\t\t<hgroup>\r\n\t\t\t<h2><a href=\"https:\/\/diktardagar.no\/2018\/?post_type=aktr&#038;p=1711\">Magnhild Bruheim<\/a><\/h2>\r\n\t\t<\/hgroup>\r\n\t<\/header>\r\n\t<p><p>Magnhild Bruheim er f\u00f8dd og oppvaksen i Skj\u00e5k. Ho bur n\u00e5 p\u00e5 Lillehammer og arbeider som frilans journalist og forfattar. Magnhild har skrive i alt 16 b\u00f8ker, seks av dei er krimb\u00f8ker, seks er spenningsb\u00f8ker for ungdom.<\/p>\n<\/p>\r\n<\/article>\n\n","protected":false},"excerpt":{"rendered":"<p>\u00c5rets akt\u00f8rar 2018<\/p>\n","protected":false},"author":1,"featured_media":0,"parent":0,"menu_order":0,"comment_status":"closed","ping_status":"closed","template":"","meta":{"footnotes":""},"class_list":["post-2327","page","type-page","status-publish","hentry"],"yoast_head":"<!-- This site is optimized with the Yoast SEO plugin v27.5 - https:\/\/yoast.com\/product\/yoast-seo-wordpress\/ -->\n<title>Akt\u00f8rar - Diktardagar 2018<\/title>\n<meta name=\"robots\" content=\"index, follow, max-snippet:-1, max-image-preview:large, max-video-preview:-1\" \/>\n<link rel=\"canonical\" href=\"https:\/\/diktardagar.no\/2018\/aktorar\/\" class=\"yoast-seo-meta-tag\" \/>\n<meta property=\"og:locale\" content=\"nb_NO\" class=\"yoast-seo-meta-tag\" \/>\n<meta property=\"og:type\" content=\"article\" class=\"yoast-seo-meta-tag\" \/>\n<meta property=\"og:title\" content=\"Akt\u00f8rar - Diktardagar 2018\" class=\"yoast-seo-meta-tag\" \/>\n<meta property=\"og:description\" content=\"\u00c5rets akt\u00f8rar 2018\" class=\"yoast-seo-meta-tag\" \/>\n<meta property=\"og:url\" content=\"https:\/\/diktardagar.no\/2018\/aktorar\/\" class=\"yoast-seo-meta-tag\" \/>\n<meta property=\"og:site_name\" content=\"Diktardagar 2018\" class=\"yoast-seo-meta-tag\" \/>\n<meta property=\"article:modified_time\" content=\"2020-11-17T17:59:25+00:00\" class=\"yoast-seo-meta-tag\" \/>\n<meta name=\"twitter:card\" content=\"summary_large_image\" class=\"yoast-seo-meta-tag\" \/>\n<script type=\"application\/ld+json\" class=\"yoast-schema-graph\">{\"@context\":\"https:\\\/\\\/schema.org\",\"@graph\":[{\"@type\":\"WebPage\",\"@id\":\"https:\\\/\\\/diktardagar.no\\\/2018\\\/aktorar\\\/\",\"url\":\"https:\\\/\\\/diktardagar.no\\\/2018\\\/aktorar\\\/\",\"name\":\"Akt\u00f8rar - Diktardagar 2018\",\"isPartOf\":{\"@id\":\"https:\\\/\\\/diktardagar.no\\\/2018\\\/#website\"},\"datePublished\":\"2018-04-30T12:02:38+00:00\",\"dateModified\":\"2020-11-17T17:59:25+00:00\",\"breadcrumb\":{\"@id\":\"https:\\\/\\\/diktardagar.no\\\/2018\\\/aktorar\\\/#breadcrumb\"},\"inLanguage\":\"nb-NO\",\"potentialAction\":[{\"@type\":\"ReadAction\",\"target\":[\"https:\\\/\\\/diktardagar.no\\\/2018\\\/aktorar\\\/\"]}]},{\"@type\":\"BreadcrumbList\",\"@id\":\"https:\\\/\\\/diktardagar.no\\\/2018\\\/aktorar\\\/#breadcrumb\",\"itemListElement\":[{\"@type\":\"ListItem\",\"position\":1,\"name\":\"Hjem\",\"item\":\"https:\\\/\\\/diktardagar.no\\\/2018\\\/\"},{\"@type\":\"ListItem\",\"position\":2,\"name\":\"Akt\u00f8rar\"}]},{\"@type\":\"WebSite\",\"@id\":\"https:\\\/\\\/diktardagar.no\\\/2018\\\/#website\",\"url\":\"https:\\\/\\\/diktardagar.no\\\/2018\\\/\",\"name\":\"Diktardagar 2018\",\"description\":\"\",\"potentialAction\":[{\"@type\":\"SearchAction\",\"target\":{\"@type\":\"EntryPoint\",\"urlTemplate\":\"https:\\\/\\\/diktardagar.no\\\/2018\\\/?s={search_term_string}\"},\"query-input\":{\"@type\":\"PropertyValueSpecification\",\"valueRequired\":true,\"valueName\":\"search_term_string\"}}],\"inLanguage\":\"nb-NO\"}]}<\/script>\n<!-- \/ Yoast SEO plugin. -->","yoast_head_json":{"title":"Akt\u00f8rar - Diktardagar 2018","robots":{"index":"index","follow":"follow","max-snippet":"max-snippet:-1","max-image-preview":"max-image-preview:large","max-video-preview":"max-video-preview:-1"},"canonical":"https:\/\/diktardagar.no\/2018\/aktorar\/","og_locale":"nb_NO","og_type":"article","og_title":"Akt\u00f8rar - Diktardagar 2018","og_description":"\u00c5rets akt\u00f8rar 2018","og_url":"https:\/\/diktardagar.no\/2018\/aktorar\/","og_site_name":"Diktardagar 2018","article_modified_time":"2020-11-17T17:59:25+00:00","twitter_card":"summary_large_image","schema":{"@context":"https:\/\/schema.org","@graph":[{"@type":"WebPage","@id":"https:\/\/diktardagar.no\/2018\/aktorar\/","url":"https:\/\/diktardagar.no\/2018\/aktorar\/","name":"Akt\u00f8rar - Diktardagar 2018","isPartOf":{"@id":"https:\/\/diktardagar.no\/2018\/#website"},"datePublished":"2018-04-30T12:02:38+00:00","dateModified":"2020-11-17T17:59:25+00:00","breadcrumb":{"@id":"https:\/\/diktardagar.no\/2018\/aktorar\/#breadcrumb"},"inLanguage":"nb-NO","potentialAction":[{"@type":"ReadAction","target":["https:\/\/diktardagar.no\/2018\/aktorar\/"]}]},{"@type":"BreadcrumbList","@id":"https:\/\/diktardagar.no\/2018\/aktorar\/#breadcrumb","itemListElement":[{"@type":"ListItem","position":1,"name":"Hjem","item":"https:\/\/diktardagar.no\/2018\/"},{"@type":"ListItem","position":2,"name":"Akt\u00f8rar"}]},{"@type":"WebSite","@id":"https:\/\/diktardagar.no\/2018\/#website","url":"https:\/\/diktardagar.no\/2018\/","name":"Diktardagar 2018","description":"","potentialAction":[{"@type":"SearchAction","target":{"@type":"EntryPoint","urlTemplate":"https:\/\/diktardagar.no\/2018\/?s={search_term_string}"},"query-input":{"@type":"PropertyValueSpecification","valueRequired":true,"valueName":"search_term_string"}}],"inLanguage":"nb-NO"}]}},"_links":{"self":[{"href":"https:\/\/diktardagar.no\/2018\/wp-json\/wp\/v2\/pages\/2327","targetHints":{"allow":["GET"]}}],"collection":[{"href":"https:\/\/diktardagar.no\/2018\/wp-json\/wp\/v2\/pages"}],"about":[{"href":"https:\/\/diktardagar.no\/2018\/wp-json\/wp\/v2\/types\/page"}],"author":[{"embeddable":true,"href":"https:\/\/diktardagar.no\/2018\/wp-json\/wp\/v2\/users\/1"}],"replies":[{"embeddable":true,"href":"https:\/\/diktardagar.no\/2018\/wp-json\/wp\/v2\/comments?post=2327"}],"version-history":[{"count":10,"href":"https:\/\/diktardagar.no\/2018\/wp-json\/wp\/v2\/pages\/2327\/revisions"}],"predecessor-version":[{"id":3088,"href":"https:\/\/diktardagar.no\/2018\/wp-json\/wp\/v2\/pages\/2327\/revisions\/3088"}],"wp:attachment":[{"href":"https:\/\/diktardagar.no\/2018\/wp-json\/wp\/v2\/media?parent=2327"}],"curies":[{"name":"wp","href":"https:\/\/api.w.org\/{rel}","templated":true}]}}