{"id":1069,"date":"2016-04-04T22:15:12","date_gmt":"2016-04-04T20:15:12","guid":{"rendered":"https:\/\/diktardagar.no\/2018\/?page_id=1069"},"modified":"2017-11-03T09:15:25","modified_gmt":"2017-11-03T08:15:25","slug":"program-og-billettar","status":"publish","type":"page","link":"https:\/\/diktardagar.no\/2018\/tidlegare\/diktardagar-2017\/program-og-billettar\/","title":{"rendered":"Program og billettar 2017"},"content":{"rendered":"<p>[et_pb_section bb_built=&raquo;1&#8243; admin_label=&raquo;Mobil topp&raquo; custom_padding=&raquo;0px|0px|0px|0px&raquo; disabled_on=&raquo;on||&raquo; background_image=&raquo;https:\/\/diktardagar.no\/2018\/wp-content\/uploads\/sites\/8\/2016\/04\/banner1.png&raquo; custom_css_main_element=&raquo;height: 240px;&raquo; _builder_version=&raquo;3.0.66&#8243; disabled=&raquo;off&raquo; global_module=&raquo;1540&#8243;][et_pb_row admin_label=&raquo;row&raquo; global_parent=&raquo;1540&#8243; make_fullwidth=&raquo;on&raquo; custom_padding=&raquo;|||&raquo; custom_margin=&raquo;|1em||&raquo; _builder_version=&raquo;3.0.66&#8243; background_size=&raquo;initial&raquo; background_position=&raquo;top_left&raquo; background_repeat=&raquo;repeat&raquo;][et_pb_column type=&raquo;3_4&#8243;][\/et_pb_column][et_pb_column type=&raquo;1_4&#8243;][et_pb_text admin_label=&raquo;Slagord&raquo; global_parent=&raquo;1540&#8243; module_id=&raquo;slagord&raquo; _builder_version=&raquo;3.0.66&#8243; header_text_color=&raquo;#443f82&#8243; background_size=&raquo;initial&raquo; background_position=&raquo;top_left&raquo; background_repeat=&raquo;repeat&raquo; background_layout=&raquo;light&raquo; text_orientation=&raquo;left&raquo; border_style=&raquo;solid&raquo;]<\/p>\n<p><strong>Aa. O. Vinje 200 \u00e5r<\/strong><\/p>\n<h1>Barne-litteratur<\/h1>\n<p>[\/et_pb_text][\/et_pb_column][\/et_pb_row][\/et_pb_section][et_pb_section bb_built=&raquo;1&#8243; admin_label=&raquo;section&raquo; transparent_background=&raquo;off&raquo; background_color=&raquo;#5b8f9e&raquo; allow_player_pause=&raquo;off&raquo; inner_shadow=&raquo;off&raquo; parallax=&raquo;off&raquo; parallax_method=&raquo;on&raquo; custom_padding=&raquo;0.5em|0px|0.5em|0px&raquo; make_fullwidth=&raquo;off&raquo; use_custom_width=&raquo;off&raquo; width_unit=&raquo;off&raquo; make_equal=&raquo;off&raquo; use_custom_gutter=&raquo;off&raquo; fullwidth=&raquo;off&raquo; specialty=&raquo;off&raquo; disabled=&raquo;off&raquo; global_module=&raquo;1541&#8243;][et_pb_row admin_label=&raquo;row&raquo; global_parent=&raquo;1541&#8243; make_fullwidth=&raquo;on&raquo; use_custom_width=&raquo;off&raquo; width_unit=&raquo;off&raquo; custom_width_px=&raquo;1080px&raquo; custom_width_percent=&raquo;80%&raquo; use_custom_gutter=&raquo;off&raquo; gutter_width=&raquo;3&#8243; custom_padding=&raquo;0px|0px|0px|0px&raquo; allow_player_pause=&raquo;off&raquo; parallax=&raquo;off&raquo; parallax_method=&raquo;on&raquo; make_equal=&raquo;off&raquo; parallax_1=&raquo;off&raquo; parallax_method_1=&raquo;on&raquo; parallax_2=&raquo;off&raquo; parallax_method_2=&raquo;on&raquo; parallax_3=&raquo;off&raquo; parallax_method_3=&raquo;on&raquo; parallax_4=&raquo;off&raquo; parallax_method_4=&raquo;on&raquo; disabled=&raquo;off&raquo; background_position=&raquo;top_left&raquo; background_repeat=&raquo;repeat&raquo; background_size=&raquo;initial&raquo;][et_pb_column type=&raquo;4_4&#8243;][et_pb_text admin_label=&raquo;Datolinje 2017&#8243; global_parent=&raquo;1541&#8243; background_layout=&raquo;light&raquo; text_orientation=&raquo;center&raquo; border_style=&raquo;solid&raquo; header_text_color=&raquo;#ffffff&raquo; custom_padding=&raquo;0.5em|0px|0.5em|0px&raquo; _builder_version=&raquo;3.0.66&#8243;]<\/p>\n<h1>30. august til 2. september 2018<\/h1>\n<p>[\/et_pb_text][\/et_pb_column][\/et_pb_row][\/et_pb_section][et_pb_section bb_built=&raquo;1&#8243; custom_padding=&raquo;0px|||&raquo; _builder_version=&raquo;3.0.47&#8243;][et_pb_row _builder_version=&raquo;3.0.47&#8243; background_size=&raquo;initial&raquo; background_position=&raquo;top_left&raquo; background_repeat=&raquo;repeat&raquo;][et_pb_column type=&raquo;1_4&#8243;][et_pb_button admin_label=&raquo;Knapp: Tidligare diktardagar&raquo; button_url=&raquo;\/tidlegare\/&raquo; button_text=&raquo;Tidligare diktardagar&raquo; button_alignment=&raquo;center&raquo; disabled_on=&raquo;on|on|&raquo; _builder_version=&raquo;3.0.66&#8243; custom_button=&raquo;on&raquo; button_text_size=&raquo;18&#8243; button_text_color=&raquo;#ffffff&raquo; button_border_width=&raquo;2&#8243; button_font=&raquo;||||&raquo; button_use_icon=&raquo;off&raquo; button_text_size_tablet=&raquo;18&#8243; button_text_size_phone=&raquo;18&#8243; button_letter_spacing_tablet=&raquo;0&#8243; button_letter_spacing_phone=&raquo;0&#8243; button_letter_spacing_hover_tablet=&raquo;0&#8243; button_letter_spacing_hover_phone=&raquo;0&#8243; global_module=&raquo;1479&#8243; saved_tabs=&raquo;all&raquo; background_color=&raquo;#443f82&#8243; \/][et_pb_text admin_label=&raquo;Sponsorer&raquo; max_width=&raquo;150px&raquo; disabled_on=&raquo;on|on|&raquo; _builder_version=&raquo;3.0.47&#8243; header_text_color=&raquo;#443f82&#8243; background_size=&raquo;initial&raquo; background_position=&raquo;top_left&raquo; background_repeat=&raquo;repeat&raquo; global_module=&raquo;1538&#8243; saved_tabs=&raquo;all&raquo;]<\/p>\n<h1>Sponsorer<\/h1>\n<p><a href=\"http:\/\/www.oppland.no\/\" target=\"_blank\" rel=\"noopener noreferrer\"><img loading=\"lazy\" decoding=\"async\" class=\"alignnone wp-image-786 size-medium\" src=\"https:\/\/diktardagar.no\/2018\/wp-content\/uploads\/sites\/8\/2015\/07\/oppland_fylkeskommune-300x76.png\" alt=\"oppland_fylkeskommune\" width=\"300\" height=\"76\" srcset=\"https:\/\/diktardagar.no\/2018\/wp-content\/uploads\/sites\/8\/2015\/07\/oppland_fylkeskommune-300x76.png 300w, https:\/\/diktardagar.no\/2018\/wp-content\/uploads\/sites\/8\/2015\/07\/oppland_fylkeskommune.png 425w\" sizes=\"auto, (max-width: 300px) 100vw, 300px\" \/><\/a> <a href=\"http:\/\/kulturradet.no\/\" target=\"_blank\" rel=\"noopener noreferrer\"><img loading=\"lazy\" decoding=\"async\" class=\"alignnone wp-image-506 size-medium\" src=\"https:\/\/diktardagar.no\/2018\/wp-content\/uploads\/sites\/8\/2014\/07\/kulturr\u00e5d-300x268.png\" alt=\"kulturr\u00e5d\" width=\"300\" height=\"268\" srcset=\"https:\/\/diktardagar.no\/2018\/wp-content\/uploads\/sites\/8\/2014\/07\/kulturr\u00e5d-300x268.png 300w, https:\/\/diktardagar.no\/2018\/wp-content\/uploads\/sites\/8\/2014\/07\/kulturr\u00e5d-1024x915.png 1024w, https:\/\/diktardagar.no\/2018\/wp-content\/uploads\/sites\/8\/2014\/07\/kulturr\u00e5d.png 1409w\" sizes=\"auto, (max-width: 300px) 100vw, 300px\" \/><\/a> <a href=\"http:\/\/www.nord-gudbrandsdal.no\/\" target=\"_blank\" rel=\"noopener noreferrer\"><img loading=\"lazy\" decoding=\"async\" class=\"alignnone wp-image-509 size-medium\" src=\"https:\/\/diktardagar.no\/2018\/wp-content\/uploads\/sites\/8\/2014\/07\/regr\u00e5d-300x169.png\" width=\"300\" height=\"169\" srcset=\"https:\/\/diktardagar.no\/2018\/wp-content\/uploads\/sites\/8\/2014\/07\/regr\u00e5d-300x169.png 300w, https:\/\/diktardagar.no\/2018\/wp-content\/uploads\/sites\/8\/2014\/07\/regr\u00e5d.png 886w\" sizes=\"auto, (max-width: 300px) 100vw, 300px\" \/><\/a> <a href=\"https:\/\/www.sparebank1.no\/lom-skjaak\/privat.html\"><img loading=\"lazy\" decoding=\"async\" class=\"alignnone size-medium wp-image-1535\" src=\"https:\/\/diktardagar.no\/2018\/wp-content\/uploads\/sites\/8\/2017\/01\/Spb1LSlogo-300x89.jpg\" alt=\"Spb1LSlogo\" width=\"300\" height=\"89\" srcset=\"https:\/\/diktardagar.no\/2018\/wp-content\/uploads\/sites\/8\/2017\/01\/Spb1LSlogo-300x89.jpg 300w, https:\/\/diktardagar.no\/2018\/wp-content\/uploads\/sites\/8\/2017\/01\/Spb1LSlogo.jpg 414w\" sizes=\"auto, (max-width: 300px) 100vw, 300px\" \/><\/a> <a href=\"http:\/\/lom.kommune.no\/\" target=\"_blank\" rel=\"noopener noreferrer\"><img loading=\"lazy\" decoding=\"async\" class=\"alignnone wp-image-507 size-medium\" src=\"https:\/\/diktardagar.no\/2018\/wp-content\/uploads\/sites\/8\/2014\/07\/lom-kommune-300x102.png\" width=\"300\" height=\"102\" srcset=\"https:\/\/diktardagar.no\/2018\/wp-content\/uploads\/sites\/8\/2014\/07\/lom-kommune-300x102.png 300w, https:\/\/diktardagar.no\/2018\/wp-content\/uploads\/sites\/8\/2014\/07\/lom-kommune-1024x348.png 1024w, https:\/\/diktardagar.no\/2018\/wp-content\/uploads\/sites\/8\/2014\/07\/lom-kommune.png 1181w\" sizes=\"auto, (max-width: 300px) 100vw, 300px\" \/><\/a> <a href=\"http:\/\/www.skjaak.kommune.no\/\"><img loading=\"lazy\" decoding=\"async\" class=\"alignnone size-medium wp-image-781\" src=\"https:\/\/diktardagar.no\/2018\/wp-content\/uploads\/sites\/8\/2015\/07\/skjaak_logo_1-300x147.png\" alt=\"skjaak_logo\" width=\"300\" height=\"147\" srcset=\"https:\/\/diktardagar.no\/2018\/wp-content\/uploads\/sites\/8\/2015\/07\/skjaak_logo_1-300x147.png 300w, https:\/\/diktardagar.no\/2018\/wp-content\/uploads\/sites\/8\/2015\/07\/skjaak_logo_1.png 987w\" sizes=\"auto, (max-width: 300px) 100vw, 300px\" \/><\/a> <a href=\"http:\/\/www.fritt-ord.no\/\"><img loading=\"lazy\" decoding=\"async\" class=\"alignnone size-medium wp-image-505\" src=\"https:\/\/diktardagar.no\/2018\/wp-content\/uploads\/sites\/8\/2014\/07\/fritt-ord-266x300.png\" alt=\"fritt ord\" width=\"266\" height=\"300\" srcset=\"https:\/\/diktardagar.no\/2018\/wp-content\/uploads\/sites\/8\/2014\/07\/fritt-ord-266x300.png 266w, https:\/\/diktardagar.no\/2018\/wp-content\/uploads\/sites\/8\/2014\/07\/fritt-ord.png 713w\" sizes=\"auto, (max-width: 266px) 100vw, 266px\" \/><\/a><a href=\"http:\/\/www.g-kultur.no\/\"><img loading=\"lazy\" decoding=\"async\" class=\"wp-image-1990 size-medium\" src=\"https:\/\/diktardagar.no\/2018\/wp-content\/uploads\/sites\/8\/2017\/06\/stifting_g-kultur-naturgroenn_1692x611-300x108.jpg\" alt=\"Stiftinga G-KULTUR logo\" width=\"300\" height=\"108\" srcset=\"https:\/\/diktardagar.no\/2018\/wp-content\/uploads\/sites\/8\/2017\/06\/stifting_g-kultur-naturgroenn_1692x611-300x108.jpg 300w, https:\/\/diktardagar.no\/2018\/wp-content\/uploads\/sites\/8\/2017\/06\/stifting_g-kultur-naturgroenn_1692x611-768x277.jpg 768w, https:\/\/diktardagar.no\/2018\/wp-content\/uploads\/sites\/8\/2017\/06\/stifting_g-kultur-naturgroenn_1692x611-1024x370.jpg 1024w, https:\/\/diktardagar.no\/2018\/wp-content\/uploads\/sites\/8\/2017\/06\/stifting_g-kultur-naturgroenn_1692x611-1080x390.jpg 1080w, https:\/\/diktardagar.no\/2018\/wp-content\/uploads\/sites\/8\/2017\/06\/stifting_g-kultur-naturgroenn_1692x611.jpg 1692w\" sizes=\"auto, (max-width: 300px) 100vw, 300px\" \/><\/a><a href=\"http:\/\/www.vaga.kommune.no\/\"><img decoding=\"async\" src=\"\/2018\/wp-content\/uploads\/sites\/8\/2015\/07\/Kommunelogo1-v\u00e5g\u00e5-5405-4f.png\" alt=\"V\u00e5g\u00e5 kommune\" \/><\/a><\/p>\n<h1>Takk \u00f2g til:<\/h1>\n<p>Samlaget<\/p>\n<p>Gyldendal<\/p>\n<p>Ottadalen M\u00f8lle<\/p>\n<p>Fossberg Hotell<\/p>\n<p>Fossheim Hotell<\/p>\n<p>Coop Ottadalen<\/p>\n<p>Nordal Eiendom<\/p>\n<p>Kiwi<\/p>\n<p>Stokk &amp; Stein<\/p>\n<p>Bakeriet i Lom<\/p>\n<p>Norsk Fjellsenter<\/p>\n<p>Fjoset<\/p>\n<p>Fjell &amp; Fritid<\/p>\n<p>Gausdal Landhandel<\/p>\n<p>Fossheim Steinsenter<\/p>\n<p>[\/et_pb_text][\/et_pb_column][et_pb_column type=&raquo;3_4&#8243;][et_pb_post_title meta=&raquo;off&raquo; module_bg_color=&raquo;rgba(255,255,255,0)&raquo; global_module=&raquo;1563&#8243; saved_tabs=&raquo;all&raquo; \/][et_pb_text admin_label=&raquo;Meny&raquo; _builder_version=&raquo;3.0.66&#8243; background_layout=&raquo;light&raquo; text_orientation=&raquo;left&raquo; border_style=&raquo;solid&raquo; module_id=&raquo;tidlegare_meny&raquo; saved_tabs=&raquo;all&raquo; global_module=&raquo;2351&#8243;]<\/p>\n<p>[su_menu name=&raquo;Diktardagar 2017&#8243;]<\/p>\n<p>[\/et_pb_text][et_pb_text _builder_version=&raquo;3.0.66&#8243; use_border_color=&raquo;on&raquo; border_color=&raquo;#5b8f9e&raquo; custom_padding=&raquo;1em|1em|1em|1em&raquo;]<\/p>\n<h3><span style=\"color: #443f82;\">Kj\u00f8p av billettar<br \/>\n<\/span><\/h3>\n<p>Billettsalet startar 15. juli 2017. Det er mogleg \u00e5 kj\u00f8pe eller tinge billettar p\u00e5 <a href=\"https:\/\/diktardagar.no\/2018\">www.diktardagar.no<\/a> eller e-post: <a href=\"mailto:post@diktardagar.no\">post@diktardagar.no<\/a><\/p>\n<p>[\/et_pb_text][et_pb_text _builder_version=&raquo;3.0.66&#8243; use_border_color=&raquo;on&raquo; border_color=&raquo;#5b8f9e&raquo; custom_padding=&raquo;1em|1em|1em|1em&raquo;]<\/p>\n<h3><span style=\"color: #443f82;\">Kj\u00f8p av billettar over disk<\/span><\/h3>\n<p>Billettar til dei fleste arrangementa kan kj\u00f8past p\u00e5 Servicetorget i Midtgard, Lom. Billettar til konserten med Are Kalv\u00f8 og Majorstuen kan kj\u00f8past p\u00e5 Servicetorget i V\u00e5g\u00e5.<\/p>\n<p>[\/et_pb_text][et_pb_text _builder_version=&raquo;3.0.66&#8243; use_border_color=&raquo;on&raquo; border_color=&raquo;#5b8f9e&raquo; custom_padding=&raquo;1em|1em|1em|1em&raquo;]<\/p>\n<h3><span style=\"color: #443f82;\">Festivalpass<\/span><\/h3>\n<p>Festivalpass: <strong>kr. 1300<\/strong><br \/>\nFestivalpasset gjeld ikkje Diktardagarmiddagen og bussturen sundag.<\/p>\n<p>[\/et_pb_text][et_pb_text _builder_version=&raquo;3.0.66&#8243; background_size=&raquo;initial&raquo; background_position=&raquo;top_left&raquo; background_repeat=&raquo;repeat&raquo;]<\/p>\n<p><strong>Fristen for \u00e5 kj\u00f8pe\/tinge billettar til diktardagarmiddagen og turen sundag 3. september er 25. august 2017 kl. 16:00.<br \/>\n<\/strong><\/p>\n<p>Festivalkontor p\u00e5 Norsk Fjellsenter 31. august til og med 01.september. 2. september er festivalkontoret i Utgard, Lom.<\/p>\n<p>[\/et_pb_text][et_pb_code admin_label=&raquo;Events Manager&raquo; _builder_version=&raquo;3.0.47&#8243;]<div class=\"em em-view-container\" id=\"em-view-1690599903\" data-view=\"list-grouped\">\r\n\t<div class=\"em pixelbones em-list em-events-list em-events-list-grouped\" id=\"em-events-list-grouped-1690599903\">\r\n\tIngen arrangementer er tilgjengelig enda.\t<\/div>\r\n<\/div>[\/et_pb_code][et_pb_text _builder_version=&raquo;3.0.47&#8243; background_size=&raquo;initial&raquo; background_position=&raquo;top_left&raquo; background_repeat=&raquo;repeat&raquo;]<\/p>\n<p><strong>Vi tek atterhald om endringar i programmet.<\/strong><\/p>\n<p>[\/et_pb_text][et_pb_text _builder_version=&raquo;3.0.66&#8243; background_size=&raquo;initial&raquo; background_position=&raquo;top_left&raquo; background_repeat=&raquo;repeat&raquo;]<\/p>\n<h2>Overnatting<\/h2>\n<p><a href=\"https:\/\/visitjotunheimen.no\" target=\"_blank\" rel=\"noopener noreferrer\"><img loading=\"lazy\" decoding=\"async\" class=\"wp-image-2234 alignleft size-medium\" src=\"https:\/\/diktardagar.no\/2018\/wp-content\/uploads\/sites\/8\/2017\/08\/VJlogo_svart-300x182.jpg\" alt=\"Visit Jotunheimen\" width=\"300\" height=\"182\" srcset=\"https:\/\/diktardagar.no\/2018\/wp-content\/uploads\/sites\/8\/2017\/08\/VJlogo_svart-300x182.jpg 300w, https:\/\/diktardagar.no\/2018\/wp-content\/uploads\/sites\/8\/2017\/08\/VJlogo_svart-768x465.jpg 768w, https:\/\/diktardagar.no\/2018\/wp-content\/uploads\/sites\/8\/2017\/08\/VJlogo_svart.jpg 792w\" sizes=\"auto, (max-width: 300px) 100vw, 300px\" \/><\/a><\/p>\n<div style=\"clear: left;\">\n<p>Kontakt Visit Jotunheimen:<\/p>\n<p>Telefon: <strong>61 21 29 90<\/strong><\/p>\n<p>E-post: <a href=\"mailto:info@visitjotunheimen.com\">info@visitjotunheimen.com<\/a><\/p>\n<p>Mettside: <a href=\"https:\/\/www.visitjotunheimen.no\/\">www.visitjotunheimen.no<\/a><\/p>\n<\/div>\n<p>[\/et_pb_text][et_pb_button button_url=&raquo;https:\/\/visitjotunheimen.no\/overnatting\/&raquo; url_new_window=&raquo;on&raquo; button_text=&raquo;Finn overnatting&raquo; _builder_version=&raquo;3.0.66&#8243; background_color=&raquo;#443f82&#8243; custom_button=&raquo;on&raquo; button_bg_color=&raquo;#000000&#8243; button_text_color=&raquo;#ffffff&raquo; button_border_radius=&raquo;15px&raquo; button_text_color_hover=&raquo;#ffffff&raquo; button_bg_color_hover=&raquo;#216694&#8243; button_border_radius_hover=&raquo;15px&raquo; button_use_icon=&raquo;off&raquo; button_border_color=&raquo;#216694&#8243; button_border_color_hover=&raquo;#000000&#8243; \/][\/et_pb_column][\/et_pb_row][\/et_pb_section]<\/p>\n","protected":false},"excerpt":{"rendered":"<p>[et_pb_section bb_built=&raquo;1&#8243; admin_label=&raquo;Mobil topp&raquo; custom_padding=&raquo;0px|0px|0px|0px&raquo; disabled_on=&raquo;on||&raquo; background_image=&raquo;https:\/\/diktardagar.no\/2018\/wp-content\/uploads\/sites\/8\/2016\/04\/banner1.png&raquo; custom_css_main_element=&raquo;height: 240px;&raquo; _builder_version=&raquo;3.0.66&#8243; disabled=&raquo;off&raquo; global_module=&raquo;1540&#8243;][et_pb_row admin_label=&raquo;row&raquo; global_parent=&raquo;1540&#8243; make_fullwidth=&raquo;on&raquo; custom_padding=&raquo;|||&raquo; custom_margin=&raquo;|1em||&raquo; _builder_version=&raquo;3.0.66&#8243; background_size=&raquo;initial&raquo; background_position=&raquo;top_left&raquo; background_repeat=&raquo;repeat&raquo;][et_pb_column type=&raquo;3_4&#8243;][\/et_pb_column][et_pb_column type=&raquo;1_4&#8243;][et_pb_text admin_label=&raquo;Slagord&raquo; global_parent=&raquo;1540&#8243; module_id=&raquo;slagord&raquo; _builder_version=&raquo;3.0.66&#8243; header_text_color=&raquo;#443f82&#8243; background_size=&raquo;initial&raquo; background_position=&raquo;top_left&raquo; background_repeat=&raquo;repeat&raquo; background_layout=&raquo;light&raquo; text_orientation=&raquo;left&raquo; border_style=&raquo;solid&raquo;] Aa. O. Vinje 200 \u00e5r Barne-litteratur [\/et_pb_text][\/et_pb_column][\/et_pb_row][\/et_pb_section][et_pb_section bb_built=&raquo;1&#8243; admin_label=&raquo;section&raquo; transparent_background=&raquo;off&raquo; background_color=&raquo;#5b8f9e&raquo; allow_player_pause=&raquo;off&raquo; inner_shadow=&raquo;off&raquo; parallax=&raquo;off&raquo; parallax_method=&raquo;on&raquo; custom_padding=&raquo;0.5em|0px|0.5em|0px&raquo; make_fullwidth=&raquo;off&raquo; use_custom_width=&raquo;off&raquo; width_unit=&raquo;off&raquo; make_equal=&raquo;off&raquo; use_custom_gutter=&raquo;off&raquo;&hellip;<\/p>\n","protected":false},"author":1,"featured_media":0,"parent":1406,"menu_order":2,"comment_status":"closed","ping_status":"closed","template":"","meta":{"footnotes":""},"class_list":["post-1069","page","type-page","status-publish","hentry"],"yoast_head":"<!-- This site is optimized with the Yoast SEO plugin v27.5 - https:\/\/yoast.com\/product\/yoast-seo-wordpress\/ -->\n<title>Program og billettar 2017 - Diktardagar 2018<\/title>\n<meta name=\"robots\" content=\"index, follow, max-snippet:-1, max-image-preview:large, max-video-preview:-1\" \/>\n<link rel=\"canonical\" href=\"https:\/\/diktardagar.no\/2018\/tidlegare\/diktardagar-2017\/program-og-billettar\/\" class=\"yoast-seo-meta-tag\" \/>\n<meta property=\"og:locale\" content=\"nb_NO\" class=\"yoast-seo-meta-tag\" \/>\n<meta property=\"og:type\" content=\"article\" class=\"yoast-seo-meta-tag\" \/>\n<meta property=\"og:title\" content=\"Program og billettar 2017 - Diktardagar 2018\" class=\"yoast-seo-meta-tag\" \/>\n<meta property=\"og:description\" content=\"[et_pb_section bb_built=&raquo;1&#8243; admin_label=&raquo;Mobil topp&raquo; custom_padding=&raquo;0px|0px|0px|0px&raquo; disabled_on=&raquo;on||&raquo; background_image=&raquo;https:\/\/diktardagar.no\/2018\/wp-content\/uploads\/sites\/8\/2016\/04\/banner1.png&raquo; custom_css_main_element=&raquo;height: 240px;&raquo; _builder_version=&raquo;3.0.66&#8243; disabled=&raquo;off&raquo; global_module=&raquo;1540&#8243;][et_pb_row admin_label=&raquo;row&raquo; global_parent=&raquo;1540&#8243; make_fullwidth=&raquo;on&raquo; custom_padding=&raquo;|||&raquo; custom_margin=&raquo;|1em||&raquo; _builder_version=&raquo;3.0.66&#8243; background_size=&raquo;initial&raquo; background_position=&raquo;top_left&raquo; background_repeat=&raquo;repeat&raquo;][et_pb_column type=&raquo;3_4&#8243;][\/et_pb_column][et_pb_column type=&raquo;1_4&#8243;][et_pb_text admin_label=&raquo;Slagord&raquo; global_parent=&raquo;1540&#8243; module_id=&raquo;slagord&raquo; _builder_version=&raquo;3.0.66&#8243; header_text_color=&raquo;#443f82&#8243; background_size=&raquo;initial&raquo; background_position=&raquo;top_left&raquo; background_repeat=&raquo;repeat&raquo; background_layout=&raquo;light&raquo; text_orientation=&raquo;left&raquo; border_style=&raquo;solid&raquo;] Aa. O. Vinje 200 \u00e5r Barne-litteratur [\/et_pb_text][\/et_pb_column][\/et_pb_row][\/et_pb_section][et_pb_section bb_built=&raquo;1&#8243; admin_label=&raquo;section&raquo; transparent_background=&raquo;off&raquo; background_color=&raquo;#5b8f9e&raquo; allow_player_pause=&raquo;off&raquo; inner_shadow=&raquo;off&raquo; parallax=&raquo;off&raquo; parallax_method=&raquo;on&raquo; custom_padding=&raquo;0.5em|0px|0.5em|0px&raquo; make_fullwidth=&raquo;off&raquo; use_custom_width=&raquo;off&raquo; width_unit=&raquo;off&raquo; make_equal=&raquo;off&raquo; use_custom_gutter=&raquo;off&raquo;&hellip;\" class=\"yoast-seo-meta-tag\" \/>\n<meta property=\"og:url\" content=\"https:\/\/diktardagar.no\/2018\/tidlegare\/diktardagar-2017\/program-og-billettar\/\" class=\"yoast-seo-meta-tag\" \/>\n<meta property=\"og:site_name\" content=\"Diktardagar 2018\" class=\"yoast-seo-meta-tag\" \/>\n<meta property=\"article:modified_time\" content=\"2017-11-03T08:15:25+00:00\" class=\"yoast-seo-meta-tag\" \/>\n<meta property=\"og:image\" content=\"https:\/\/diktardagar.no\/2018\/wp-content\/uploads\/sites\/8\/2015\/07\/oppland_fylkeskommune-300x76.png\" class=\"yoast-seo-meta-tag\" \/>\n<meta name=\"twitter:card\" content=\"summary_large_image\" class=\"yoast-seo-meta-tag\" \/>\n<meta name=\"twitter:label1\" content=\"Ansl. lesetid\" class=\"yoast-seo-meta-tag\" \/>\n\t<meta name=\"twitter:data1\" content=\"4 minutter\" class=\"yoast-seo-meta-tag\" \/>\n<script type=\"application\/ld+json\" class=\"yoast-schema-graph\">{\"@context\":\"https:\\\/\\\/schema.org\",\"@graph\":[{\"@type\":\"WebPage\",\"@id\":\"https:\\\/\\\/diktardagar.no\\\/2018\\\/tidlegare\\\/diktardagar-2017\\\/program-og-billettar\\\/\",\"url\":\"https:\\\/\\\/diktardagar.no\\\/2018\\\/tidlegare\\\/diktardagar-2017\\\/program-og-billettar\\\/\",\"name\":\"Program og billettar 2017 - Diktardagar 2018\",\"isPartOf\":{\"@id\":\"https:\\\/\\\/diktardagar.no\\\/2018\\\/#website\"},\"primaryImageOfPage\":{\"@id\":\"https:\\\/\\\/diktardagar.no\\\/2018\\\/tidlegare\\\/diktardagar-2017\\\/program-og-billettar\\\/#primaryimage\"},\"image\":{\"@id\":\"https:\\\/\\\/diktardagar.no\\\/2018\\\/tidlegare\\\/diktardagar-2017\\\/program-og-billettar\\\/#primaryimage\"},\"thumbnailUrl\":\"https:\\\/\\\/diktardagar.no\\\/2018\\\/wp-content\\\/uploads\\\/sites\\\/8\\\/2015\\\/07\\\/oppland_fylkeskommune-300x76.png\",\"datePublished\":\"2016-04-04T20:15:12+00:00\",\"dateModified\":\"2017-11-03T08:15:25+00:00\",\"breadcrumb\":{\"@id\":\"https:\\\/\\\/diktardagar.no\\\/2018\\\/tidlegare\\\/diktardagar-2017\\\/program-og-billettar\\\/#breadcrumb\"},\"inLanguage\":\"nb-NO\",\"potentialAction\":[{\"@type\":\"ReadAction\",\"target\":[\"https:\\\/\\\/diktardagar.no\\\/2018\\\/tidlegare\\\/diktardagar-2017\\\/program-og-billettar\\\/\"]}]},{\"@type\":\"ImageObject\",\"inLanguage\":\"nb-NO\",\"@id\":\"https:\\\/\\\/diktardagar.no\\\/2018\\\/tidlegare\\\/diktardagar-2017\\\/program-og-billettar\\\/#primaryimage\",\"url\":\"https:\\\/\\\/diktardagar.no\\\/2018\\\/wp-content\\\/uploads\\\/sites\\\/8\\\/2015\\\/07\\\/oppland_fylkeskommune.png\",\"contentUrl\":\"https:\\\/\\\/diktardagar.no\\\/2018\\\/wp-content\\\/uploads\\\/sites\\\/8\\\/2015\\\/07\\\/oppland_fylkeskommune.png\",\"width\":425,\"height\":108,\"caption\":\"oppland_fylkeskommune\"},{\"@type\":\"BreadcrumbList\",\"@id\":\"https:\\\/\\\/diktardagar.no\\\/2018\\\/tidlegare\\\/diktardagar-2017\\\/program-og-billettar\\\/#breadcrumb\",\"itemListElement\":[{\"@type\":\"ListItem\",\"position\":1,\"name\":\"Hjem\",\"item\":\"https:\\\/\\\/diktardagar.no\\\/2018\\\/\"},{\"@type\":\"ListItem\",\"position\":2,\"name\":\"Tidlegare diktardagar\",\"item\":\"https:\\\/\\\/diktardagar.no\\\/2018\\\/tidlegare\\\/\"},{\"@type\":\"ListItem\",\"position\":3,\"name\":\"Diktardagar 2017\",\"item\":\"https:\\\/\\\/diktardagar.no\\\/2018\\\/tidlegare\\\/diktardagar-2017\\\/\"},{\"@type\":\"ListItem\",\"position\":4,\"name\":\"Program og billettar 2017\"}]},{\"@type\":\"WebSite\",\"@id\":\"https:\\\/\\\/diktardagar.no\\\/2018\\\/#website\",\"url\":\"https:\\\/\\\/diktardagar.no\\\/2018\\\/\",\"name\":\"Diktardagar 2018\",\"description\":\"\",\"potentialAction\":[{\"@type\":\"SearchAction\",\"target\":{\"@type\":\"EntryPoint\",\"urlTemplate\":\"https:\\\/\\\/diktardagar.no\\\/2018\\\/?s={search_term_string}\"},\"query-input\":{\"@type\":\"PropertyValueSpecification\",\"valueRequired\":true,\"valueName\":\"search_term_string\"}}],\"inLanguage\":\"nb-NO\"}]}<\/script>\n<!-- \/ Yoast SEO plugin. -->","yoast_head_json":{"title":"Program og billettar 2017 - Diktardagar 2018","robots":{"index":"index","follow":"follow","max-snippet":"max-snippet:-1","max-image-preview":"max-image-preview:large","max-video-preview":"max-video-preview:-1"},"canonical":"https:\/\/diktardagar.no\/2018\/tidlegare\/diktardagar-2017\/program-og-billettar\/","og_locale":"nb_NO","og_type":"article","og_title":"Program og billettar 2017 - Diktardagar 2018","og_description":"[et_pb_section bb_built=&raquo;1&#8243; admin_label=&raquo;Mobil topp&raquo; custom_padding=&raquo;0px|0px|0px|0px&raquo; disabled_on=&raquo;on||&raquo; background_image=&raquo;https:\/\/diktardagar.no\/2018\/wp-content\/uploads\/sites\/8\/2016\/04\/banner1.png&raquo; custom_css_main_element=&raquo;height: 240px;&raquo; _builder_version=&raquo;3.0.66&#8243; disabled=&raquo;off&raquo; global_module=&raquo;1540&#8243;][et_pb_row admin_label=&raquo;row&raquo; global_parent=&raquo;1540&#8243; make_fullwidth=&raquo;on&raquo; custom_padding=&raquo;|||&raquo; custom_margin=&raquo;|1em||&raquo; _builder_version=&raquo;3.0.66&#8243; background_size=&raquo;initial&raquo; background_position=&raquo;top_left&raquo; background_repeat=&raquo;repeat&raquo;][et_pb_column type=&raquo;3_4&#8243;][\/et_pb_column][et_pb_column type=&raquo;1_4&#8243;][et_pb_text admin_label=&raquo;Slagord&raquo; global_parent=&raquo;1540&#8243; module_id=&raquo;slagord&raquo; _builder_version=&raquo;3.0.66&#8243; header_text_color=&raquo;#443f82&#8243; background_size=&raquo;initial&raquo; background_position=&raquo;top_left&raquo; background_repeat=&raquo;repeat&raquo; background_layout=&raquo;light&raquo; text_orientation=&raquo;left&raquo; border_style=&raquo;solid&raquo;] Aa. O. Vinje 200 \u00e5r Barne-litteratur [\/et_pb_text][\/et_pb_column][\/et_pb_row][\/et_pb_section][et_pb_section bb_built=&raquo;1&#8243; admin_label=&raquo;section&raquo; transparent_background=&raquo;off&raquo; background_color=&raquo;#5b8f9e&raquo; allow_player_pause=&raquo;off&raquo; inner_shadow=&raquo;off&raquo; parallax=&raquo;off&raquo; parallax_method=&raquo;on&raquo; custom_padding=&raquo;0.5em|0px|0.5em|0px&raquo; make_fullwidth=&raquo;off&raquo; use_custom_width=&raquo;off&raquo; width_unit=&raquo;off&raquo; make_equal=&raquo;off&raquo; use_custom_gutter=&raquo;off&raquo;&hellip;","og_url":"https:\/\/diktardagar.no\/2018\/tidlegare\/diktardagar-2017\/program-og-billettar\/","og_site_name":"Diktardagar 2018","article_modified_time":"2017-11-03T08:15:25+00:00","og_image":[{"url":"https:\/\/diktardagar.no\/2018\/wp-content\/uploads\/sites\/8\/2015\/07\/oppland_fylkeskommune-300x76.png","type":"","width":"","height":""}],"twitter_card":"summary_large_image","twitter_misc":{"Ansl. lesetid":"4 minutter"},"schema":{"@context":"https:\/\/schema.org","@graph":[{"@type":"WebPage","@id":"https:\/\/diktardagar.no\/2018\/tidlegare\/diktardagar-2017\/program-og-billettar\/","url":"https:\/\/diktardagar.no\/2018\/tidlegare\/diktardagar-2017\/program-og-billettar\/","name":"Program og billettar 2017 - Diktardagar 2018","isPartOf":{"@id":"https:\/\/diktardagar.no\/2018\/#website"},"primaryImageOfPage":{"@id":"https:\/\/diktardagar.no\/2018\/tidlegare\/diktardagar-2017\/program-og-billettar\/#primaryimage"},"image":{"@id":"https:\/\/diktardagar.no\/2018\/tidlegare\/diktardagar-2017\/program-og-billettar\/#primaryimage"},"thumbnailUrl":"https:\/\/diktardagar.no\/2018\/wp-content\/uploads\/sites\/8\/2015\/07\/oppland_fylkeskommune-300x76.png","datePublished":"2016-04-04T20:15:12+00:00","dateModified":"2017-11-03T08:15:25+00:00","breadcrumb":{"@id":"https:\/\/diktardagar.no\/2018\/tidlegare\/diktardagar-2017\/program-og-billettar\/#breadcrumb"},"inLanguage":"nb-NO","potentialAction":[{"@type":"ReadAction","target":["https:\/\/diktardagar.no\/2018\/tidlegare\/diktardagar-2017\/program-og-billettar\/"]}]},{"@type":"ImageObject","inLanguage":"nb-NO","@id":"https:\/\/diktardagar.no\/2018\/tidlegare\/diktardagar-2017\/program-og-billettar\/#primaryimage","url":"https:\/\/diktardagar.no\/2018\/wp-content\/uploads\/sites\/8\/2015\/07\/oppland_fylkeskommune.png","contentUrl":"https:\/\/diktardagar.no\/2018\/wp-content\/uploads\/sites\/8\/2015\/07\/oppland_fylkeskommune.png","width":425,"height":108,"caption":"oppland_fylkeskommune"},{"@type":"BreadcrumbList","@id":"https:\/\/diktardagar.no\/2018\/tidlegare\/diktardagar-2017\/program-og-billettar\/#breadcrumb","itemListElement":[{"@type":"ListItem","position":1,"name":"Hjem","item":"https:\/\/diktardagar.no\/2018\/"},{"@type":"ListItem","position":2,"name":"Tidlegare diktardagar","item":"https:\/\/diktardagar.no\/2018\/tidlegare\/"},{"@type":"ListItem","position":3,"name":"Diktardagar 2017","item":"https:\/\/diktardagar.no\/2018\/tidlegare\/diktardagar-2017\/"},{"@type":"ListItem","position":4,"name":"Program og billettar 2017"}]},{"@type":"WebSite","@id":"https:\/\/diktardagar.no\/2018\/#website","url":"https:\/\/diktardagar.no\/2018\/","name":"Diktardagar 2018","description":"","potentialAction":[{"@type":"SearchAction","target":{"@type":"EntryPoint","urlTemplate":"https:\/\/diktardagar.no\/2018\/?s={search_term_string}"},"query-input":{"@type":"PropertyValueSpecification","valueRequired":true,"valueName":"search_term_string"}}],"inLanguage":"nb-NO"}]}},"_links":{"self":[{"href":"https:\/\/diktardagar.no\/2018\/wp-json\/wp\/v2\/pages\/1069","targetHints":{"allow":["GET"]}}],"collection":[{"href":"https:\/\/diktardagar.no\/2018\/wp-json\/wp\/v2\/pages"}],"about":[{"href":"https:\/\/diktardagar.no\/2018\/wp-json\/wp\/v2\/types\/page"}],"author":[{"embeddable":true,"href":"https:\/\/diktardagar.no\/2018\/wp-json\/wp\/v2\/users\/1"}],"replies":[{"embeddable":true,"href":"https:\/\/diktardagar.no\/2018\/wp-json\/wp\/v2\/comments?post=1069"}],"version-history":[{"count":24,"href":"https:\/\/diktardagar.no\/2018\/wp-json\/wp\/v2\/pages\/1069\/revisions"}],"predecessor-version":[{"id":2356,"href":"https:\/\/diktardagar.no\/2018\/wp-json\/wp\/v2\/pages\/1069\/revisions\/2356"}],"up":[{"embeddable":true,"href":"https:\/\/diktardagar.no\/2018\/wp-json\/wp\/v2\/pages\/1406"}],"wp:attachment":[{"href":"https:\/\/diktardagar.no\/2018\/wp-json\/wp\/v2\/media?parent=1069"}],"curies":[{"name":"wp","href":"https:\/\/api.w.org\/{rel}","templated":true}]}}