{"id":2907,"date":"2020-05-29T08:45:55","date_gmt":"2020-05-29T06:45:55","guid":{"rendered":"https:\/\/diktardagar.no\/2014\/?page_id=2907"},"modified":"2020-11-19T12:35:02","modified_gmt":"2020-11-19T11:35:02","slug":"diktardagar-2020","status":"publish","type":"page","link":"https:\/\/diktardagar.no\/2014\/","title":{"rendered":"Diktardagar 2020"},"content":{"rendered":"\n\n\t\t\t<a href=\"https:\/\/diktardagar.no\/2014\/\" target=\"_self\" role=\"button\" rel=\"noopener noreferrer\">\n\t\t\t\t\t\t\tNeste diktardagar\n\t\t\t\t\t<\/a>\n\t\t\t<a href=\"https:\/\/diktardagar.no\/2014\/tidlegare\/\" target=\"_self\" role=\"button\" rel=\"noopener noreferrer\">\n\t\t\t\t\t\t\tTidligare diktardagar\n\t\t\t\t\t<\/a>\n<h2>\n\t\tSponsorer\n\t<\/h2>\n\t\r\n\r\n<div class=\"sponsor-fremhevet\">\r\n\t\r\n\t<a href=\"https:\/\/innlandetfylke.no\/\" target=\"_blank\" rel=\"noopener noreferrer\">\r\n\t\r\n\t\t<img loading=\"lazy\" decoding=\"async\" width=\"300\" height=\"88\" src=\"https:\/\/diktardagar.no\/2014\/wp-content\/uploads\/sites\/12\/2019\/05\/Innlandet_fylkeskommune_liggende_pos_RGB-300x88.jpg\" class=\"attachment-medium size-medium\" alt=\"\" srcset=\"https:\/\/diktardagar.no\/2014\/wp-content\/uploads\/sites\/12\/2019\/05\/Innlandet_fylkeskommune_liggende_pos_RGB-300x88.jpg 300w, https:\/\/diktardagar.no\/2014\/wp-content\/uploads\/sites\/12\/2019\/05\/Innlandet_fylkeskommune_liggende_pos_RGB.jpg 596w\" sizes=\"auto, (max-width: 300px) 100vw, 300px\" \/>\r\n\t\r\n\t<\/a>\r\n\t\r\n<\/div>\r\n\r\n\r\n\r\n<div class=\"sponsor-fremhevet\">\r\n\t\r\n\t<a href=\"http:\/\/kulturradet.no\/\" target=\"_blank\" rel=\"noopener noreferrer\">\r\n\t\r\n\t\t<img loading=\"lazy\" decoding=\"async\" width=\"300\" height=\"268\" src=\"https:\/\/diktardagar.no\/2014\/wp-content\/uploads\/sites\/12\/2014\/07\/kulturr\u00e5d-300x268.png\" class=\"attachment-medium size-medium\" alt=\"kulturr\u00e5d\" srcset=\"https:\/\/diktardagar.no\/2014\/wp-content\/uploads\/sites\/12\/2014\/07\/kulturr\u00e5d-300x268.png 300w, https:\/\/diktardagar.no\/2014\/wp-content\/uploads\/sites\/12\/2014\/07\/kulturr\u00e5d-1024x915.png 1024w, https:\/\/diktardagar.no\/2014\/wp-content\/uploads\/sites\/12\/2014\/07\/kulturr\u00e5d.png 1409w\" sizes=\"auto, (max-width: 300px) 100vw, 300px\" \/>\r\n\t\r\n\t<\/a>\r\n\t\r\n<\/div>\r\n\r\n\r\n\r\n<div class=\"sponsor-fremhevet\">\r\n\t\r\n\t<a href=\"http:\/\/www.nord-gudbrandsdal.no\/\" target=\"_blank\" rel=\"noopener noreferrer\">\r\n\t\r\n\t\t<img loading=\"lazy\" decoding=\"async\" width=\"300\" height=\"169\" src=\"https:\/\/diktardagar.no\/2014\/wp-content\/uploads\/sites\/12\/2014\/07\/regr\u00e5d-300x169.png\" class=\"attachment-medium size-medium\" alt=\"\" srcset=\"https:\/\/diktardagar.no\/2014\/wp-content\/uploads\/sites\/12\/2014\/07\/regr\u00e5d-300x169.png 300w, https:\/\/diktardagar.no\/2014\/wp-content\/uploads\/sites\/12\/2014\/07\/regr\u00e5d.png 886w\" sizes=\"auto, (max-width: 300px) 100vw, 300px\" \/>\r\n\t\r\n\t<\/a>\r\n\t\r\n<\/div>\r\n\r\n\r\n\r\n<div class=\"sponsor-fremhevet\">\r\n\t\r\n\t<a href=\"https:\/\/www.sparebank1.no\/lom-skjaak\/privat.html\" target=\"_blank\" rel=\"noopener noreferrer\">\r\n\t\r\n\t\t<img loading=\"lazy\" decoding=\"async\" width=\"300\" height=\"89\" src=\"https:\/\/diktardagar.no\/2014\/wp-content\/uploads\/sites\/12\/2017\/01\/Spb1LSlogo-300x89.jpg\" class=\"attachment-medium size-medium\" alt=\"Spb1LSlogo\" srcset=\"https:\/\/diktardagar.no\/2014\/wp-content\/uploads\/sites\/12\/2017\/01\/Spb1LSlogo-300x89.jpg 300w, https:\/\/diktardagar.no\/2014\/wp-content\/uploads\/sites\/12\/2017\/01\/Spb1LSlogo.jpg 414w\" sizes=\"auto, (max-width: 300px) 100vw, 300px\" \/>\r\n\t\r\n\t<\/a>\r\n\t\r\n<\/div>\r\n\r\n\r\n\r\n<div class=\"sponsor-fremhevet\">\r\n\t\r\n\t<a href=\"http:\/\/lom.kommune.no\/\" target=\"_blank\" rel=\"noopener noreferrer\">\r\n\t\r\n\t\t<img loading=\"lazy\" decoding=\"async\" width=\"300\" height=\"102\" src=\"https:\/\/diktardagar.no\/2014\/wp-content\/uploads\/sites\/12\/2014\/07\/lom-kommune-300x102.png\" class=\"attachment-medium size-medium\" alt=\"\" srcset=\"https:\/\/diktardagar.no\/2014\/wp-content\/uploads\/sites\/12\/2014\/07\/lom-kommune-300x102.png 300w, https:\/\/diktardagar.no\/2014\/wp-content\/uploads\/sites\/12\/2014\/07\/lom-kommune-1024x348.png 1024w, https:\/\/diktardagar.no\/2014\/wp-content\/uploads\/sites\/12\/2014\/07\/lom-kommune.png 1181w\" sizes=\"auto, (max-width: 300px) 100vw, 300px\" \/>\r\n\t\r\n\t<\/a>\r\n\t\r\n<\/div>\r\n\r\n\r\n\r\n<div class=\"sponsor-fremhevet\">\r\n\t\r\n\t<a href=\"http:\/\/www.skjaak.kommune.no\/\" target=\"_blank\" rel=\"noopener noreferrer\">\r\n\t\r\n\t\t<img loading=\"lazy\" decoding=\"async\" width=\"300\" height=\"147\" src=\"https:\/\/diktardagar.no\/2014\/wp-content\/uploads\/sites\/12\/2015\/07\/skjaak_logo_1-300x147.png\" class=\"attachment-medium size-medium\" alt=\"skjaak_logo\" srcset=\"https:\/\/diktardagar.no\/2014\/wp-content\/uploads\/sites\/12\/2015\/07\/skjaak_logo_1-300x147.png 300w, https:\/\/diktardagar.no\/2014\/wp-content\/uploads\/sites\/12\/2015\/07\/skjaak_logo_1.png 987w\" sizes=\"auto, (max-width: 300px) 100vw, 300px\" \/>\r\n\t\r\n\t<\/a>\r\n\t\r\n<\/div>\r\n\r\n\r\n\r\n<div class=\"sponsor-fremhevet\">\r\n\t\r\n\t<a href=\"http:\/\/www.nm.no\/\" target=\"_blank\" rel=\"noopener noreferrer\">\r\n\t\r\n\t\t<img loading=\"lazy\" decoding=\"async\" width=\"300\" height=\"276\" src=\"https:\/\/diktardagar.no\/2014\/wp-content\/uploads\/sites\/12\/2019\/06\/nm_logo_farge1-300x276.jpg\" class=\"attachment-medium size-medium\" alt=\"\" srcset=\"https:\/\/diktardagar.no\/2014\/wp-content\/uploads\/sites\/12\/2019\/06\/nm_logo_farge1-300x276.jpg 300w, https:\/\/diktardagar.no\/2014\/wp-content\/uploads\/sites\/12\/2019\/06\/nm_logo_farge1-768x707.jpg 768w, https:\/\/diktardagar.no\/2014\/wp-content\/uploads\/sites\/12\/2019\/06\/nm_logo_farge1-1024x943.jpg 1024w, https:\/\/diktardagar.no\/2014\/wp-content\/uploads\/sites\/12\/2019\/06\/nm_logo_farge1.jpg 1026w\" sizes=\"auto, (max-width: 300px) 100vw, 300px\" \/>\r\n\t\r\n\t<\/a>\r\n\t\r\n<\/div>\r\n\r\n\r\n\r\n<div class=\"sponsor-fremhevet\">\r\n\t\r\n\t<a href=\"http:\/\/www.fritt-ord.no\/\" target=\"_blank\" rel=\"noopener noreferrer\">\r\n\t\r\n\t\t<img loading=\"lazy\" decoding=\"async\" width=\"266\" height=\"300\" src=\"https:\/\/diktardagar.no\/2014\/wp-content\/uploads\/sites\/12\/2014\/07\/fritt-ord-266x300.png\" class=\"attachment-medium size-medium\" alt=\"fritt ord\" srcset=\"https:\/\/diktardagar.no\/2014\/wp-content\/uploads\/sites\/12\/2014\/07\/fritt-ord-266x300.png 266w, https:\/\/diktardagar.no\/2014\/wp-content\/uploads\/sites\/12\/2014\/07\/fritt-ord.png 713w\" sizes=\"auto, (max-width: 266px) 100vw, 266px\" \/>\r\n\t\r\n\t<\/a>\r\n\t\r\n<\/div>\r\n\r\n\r\n\r\n<div class=\"sponsor-fremhevet\">\r\n\t\r\n\t<a href=\"http:\/\/www.g-kultur.no\/\" target=\"_blank\" rel=\"noopener noreferrer\">\r\n\t\r\n\t\t<img loading=\"lazy\" decoding=\"async\" width=\"300\" height=\"108\" src=\"https:\/\/diktardagar.no\/2014\/wp-content\/uploads\/sites\/12\/2017\/06\/stifting_g-kultur-naturgroenn_1692x611-300x108.jpg\" class=\"attachment-medium size-medium\" alt=\"Stiftinga G-KULTUR logo\" srcset=\"https:\/\/diktardagar.no\/2014\/wp-content\/uploads\/sites\/12\/2017\/06\/stifting_g-kultur-naturgroenn_1692x611-300x108.jpg 300w, https:\/\/diktardagar.no\/2014\/wp-content\/uploads\/sites\/12\/2017\/06\/stifting_g-kultur-naturgroenn_1692x611-768x277.jpg 768w, https:\/\/diktardagar.no\/2014\/wp-content\/uploads\/sites\/12\/2017\/06\/stifting_g-kultur-naturgroenn_1692x611-1024x370.jpg 1024w, https:\/\/diktardagar.no\/2014\/wp-content\/uploads\/sites\/12\/2017\/06\/stifting_g-kultur-naturgroenn_1692x611-1080x390.jpg 1080w, https:\/\/diktardagar.no\/2014\/wp-content\/uploads\/sites\/12\/2017\/06\/stifting_g-kultur-naturgroenn_1692x611.jpg 1692w\" sizes=\"auto, (max-width: 300px) 100vw, 300px\" \/>\r\n\t\r\n\t<\/a>\r\n\t\r\n<\/div>\r\n\r\n\r\n\r\n<div class=\"sponsor-fremhevet\">\r\n\t\r\n\t<a href=\"http:\/\/www.vaga.kommune.no\/\" target=\"_blank\" rel=\"noopener noreferrer\">\r\n\t\r\n\t\t<img loading=\"lazy\" decoding=\"async\" width=\"300\" height=\"95\" src=\"https:\/\/diktardagar.no\/2014\/wp-content\/uploads\/sites\/12\/2015\/07\/Kommunelogo1-v\u00e5g\u00e5-5405-4f-300x95.png\" class=\"attachment-medium size-medium\" alt=\"\" srcset=\"https:\/\/diktardagar.no\/2014\/wp-content\/uploads\/sites\/12\/2015\/07\/Kommunelogo1-v\u00e5g\u00e5-5405-4f-300x95.png 300w, https:\/\/diktardagar.no\/2014\/wp-content\/uploads\/sites\/12\/2015\/07\/Kommunelogo1-v\u00e5g\u00e5-5405-4f.png 525w\" sizes=\"auto, (max-width: 300px) 100vw, 300px\" \/>\r\n\t\r\n\t<\/a>\r\n\t\r\n<\/div>\r\n\r\n\r\n\r\n\r\n\r\n<div class=\"sponsor-fremhevet\">\r\n\t\r\n\t<a href=\"http:\/\/www.forfattersentrum.no\/\" target=\"_blank\" rel=\"noopener noreferrer\">\r\n\t\r\n\t\t<img loading=\"lazy\" decoding=\"async\" width=\"300\" height=\"132\" src=\"https:\/\/diktardagar.no\/2014\/wp-content\/uploads\/sites\/12\/2018\/06\/norsk_forfattersentrum_logo-300x132.png\" class=\"attachment-medium size-medium\" alt=\"\" srcset=\"https:\/\/diktardagar.no\/2014\/wp-content\/uploads\/sites\/12\/2018\/06\/norsk_forfattersentrum_logo-300x132.png 300w, https:\/\/diktardagar.no\/2014\/wp-content\/uploads\/sites\/12\/2018\/06\/norsk_forfattersentrum_logo.png 339w\" sizes=\"auto, (max-width: 300px) 100vw, 300px\" \/>\r\n\t\r\n\t<\/a>\r\n\t\r\n<\/div>\r\n\r\n\r\n\r\n\r\n\r\n\n<h2>\n\t\tTakk \u00f2g til\n\t<\/h2>\n\t\r\n\r\n\r\n\r\n\r\n\r\n\r\n\r\n\r\n\r\n\r\n\r\n\r\n\r\n\r\n\r\n\r\n\r\n\r\n\r\n\r\n\r\n<div class=\"sponsor-takk\">\r\n\t\r\n\t<a href=\"https:\/\/samlaget.no\/\" target=\"_blank\" rel=\"noopener noreferrer\">\r\n\t\r\n\t\tSamlaget\r\n\t\r\n\t<\/a>\r\n\t\r\n<\/div>\r\n\r\n\r\n\r\n\r\n\r\n<div class=\"sponsor-takk\">\r\n\t\r\n\t\tOttadalen M\u00f8lle\r\n\t\r\n<\/div>\r\n\r\n\r\n\r\n<div class=\"sponsor-takk\">\r\n\t\r\n\t\tFjell &#038; Fritid\r\n\t\r\n<\/div>\r\n\r\n\r\n\r\n<div class=\"sponsor-takk\">\r\n\t\r\n\t\tFossberg Hotell\r\n\t\r\n<\/div>\r\n\r\n\r\n\r\n<div class=\"sponsor-takk\">\r\n\t\r\n\t<a href=\"http:\/\/fossheimsteinsenter.no\/\" target=\"_blank\" rel=\"noopener noreferrer\">\r\n\t\r\n\t\tFossheim Steinsenter\r\n\t\r\n\t<\/a>\r\n\t\r\n<\/div>\r\n\r\n\r\n\r\n<div class=\"sponsor-takk\">\r\n\t\r\n\t\tFossheim Hotell\r\n\t\r\n<\/div>\r\n\r\n\r\n\r\n<div class=\"sponsor-takk\">\r\n\t\r\n\t\tNordal Eiendom\r\n\t\r\n<\/div>\r\n\r\n\r\n\r\n<div class=\"sponsor-takk\">\r\n\t\r\n\t\tKiwi\r\n\t\r\n<\/div>\r\n\r\n\r\n\r\n<div class=\"sponsor-takk\">\r\n\t\r\n\t\tStokk &#038; Stein\r\n\t\r\n<\/div>\r\n\r\n\r\n\r\n<div class=\"sponsor-takk\">\r\n\t\r\n\t\tSpiterstulen\r\n\t\r\n<\/div>\r\n\r\n\r\n\r\n<div class=\"sponsor-takk\">\r\n\t\r\n\t\tGausdal Landhandleri\r\n\t\r\n<\/div>\r\n\r\n\r\n\r\n<div class=\"sponsor-takk\">\r\n\t\r\n\t\tCoop Ottadalen\r\n\t\r\n<\/div>\r\n\r\n\r\n\r\n<div class=\"sponsor-takk\">\r\n\t\r\n\t\tFjuken\r\n\t\r\n<\/div>\r\n\r\n\r\n\r\n<div class=\"sponsor-takk\">\r\n\t\r\n\t\tBreheimen Mat\r\n\t\r\n<\/div>\r\n\r\n\r\n\r\n<div class=\"sponsor-takk\">\r\n\t\r\n\t\tNye Brimi Bue\r\n\t\r\n<\/div>\r\n\r\n\n\t<p>Diktardagane 2014 vil ha grunnlovsjubileum og nasjonsbygging som hovudtema under seminaret. Vi markerer ogs\u00e5 100 \u00e5rsjubil\u00e9et til Jan-Magnus Bruheim. Det blir konsert, pubkveld, Jonsson-foredrag, festkveld og bokbad. Sundag blir det historisk vandring i Lom sentrum f\u00f8r det berst til fjells.<\/p>\n<img loading=\"lazy\" decoding=\"async\" src=\"https:\/\/diktardagar.no\/2014\/wp-content\/uploads\/sites\/12\/2014\/04\/5226860_2569466-300x284.jpg\" sizes=\"auto, (max-width: 300px) 100vw, 300px\" srcset=\"https:\/\/diktardagar.no\/2014\/wp-content\/uploads\/sites\/12\/2014\/04\/5226860_2569466-300x284.jpg 300w, https:\/\/diktardagar.no\/2014\/wp-content\/uploads\/sites\/12\/2014\/04\/5226860_2569466.jpg 474w\" alt=\"Sigrid Moldestad\" width=\"300\" height=\"284\" aria-describedby=\"caption-attachment-81\" \/>\nSigrid Moldestad<br \/>\nFoto: Kristian Hosar\n<p>Fredag kveld kjem\u00a0Sigrid Moldestad \u00abheim\u00bb med Jan-Magnus Bruheim-songane. Fredag kveld blir det konsert i Skj\u00e5k kyrkje.\u00a0Sigrid kom i v\u00e5r ut\u00a0med den kritikarroste plata \u00abBrevet til kj\u00e6rleiken\u00bb der ho framf\u00f8rer\u00a0tekster av Jan-Magnus Bruheim. Etterp\u00e5 blir det Diktarmiddag og pubkveld p\u00e5 Nordalsfjoset med Jon Hj\u00f8rnevik\u00a0med gitarist. Hj\u00f8rnevik er bokaktuell med \u00abHeimekontor i gravferda\u00bb, ei ny og etterlengta bok for den store fanskaren.<\/p>\n<p>\u00abEinig og tru til Dovre fell!\u00bb Under seminaret laurdag\u00a0formar vi slagordet som eit sp\u00f8rsm\u00e5l. Har ikkje nettopp nasjonsbygginga skjedd gjennom kamp og usemje? Var vi ikkje ogs\u00e5 ein nasjon f\u00f8r 1814?\u00a0 Vi vil kaste ljos over dette ved hjelp av landets fremste historikarar og statsvitarar, og trekkje fram store stridssp\u00f8rsm\u00e5l om religion, konged\u00f8me og EU-r\u00f8ystingar. Vi vil sj\u00e5 p\u00e5 Norge og nasjonsbygginga med lokale briller og med eit utanfr\u00e5-perspektiv. Dei som deltek p\u00e5 seminaret er:<\/p>\n&#8211; Professor \u00d8istein Rian: Om nasjonsbygging<br \/>\n&#8211; Professor Frank Aarebrot: Havet, ikkje fjellet bygde landet<br \/>\n&#8211; Lokalhistorikar Ivar Teigum: &#8211; &#8211; og fjella sj\u00f8lv ropte h\u00f8gt hurra?<br \/>\n&#8211; Journalist og tidlegare stortingsmann Stein \u00d8rnh\u00f8i: Og vi sa Nei, Nei, Nei.\n<p>Det\u00a0blir Tor Jonsson-foredrag med Gard Espeland, festkveld med blant andre Stein \u00d8rnh\u00f8i, Rolf Groven, Jotunheimen underholdning, Hemsing &amp; Hanseg\u00e5rd (FRIKAR) f\u00f8r vi avrundar kvelden med bokbad.<\/p>\n<p>Sundag berst det til fjells med tur til\u00a0klimaparken M\u00edmisbrunnr og Elveseter f\u00f8r Diktardagar rundar av med geologisk og kulturhistorisk vandring i Lom sentrum.<\/p>\n\n","protected":false},"excerpt":{"rendered":"<p>Neste diktardagar Tidligare diktardagar Sponsorer Takk \u00f2g til Diktardagane 2014 vil ha grunnlovsjubileum og nasjonsbygging som hovudtema under seminaret. Vi markerer ogs\u00e5 100 \u00e5rsjubil\u00e9et til Jan-Magnus Bruheim. Det blir konsert, pubkveld, Jonsson-foredrag, festkveld og bokbad. Sundag blir det historisk vandring i Lom sentrum f\u00f8r det berst til fjells. Sigrid Moldestad Foto: Kristian Hosar Fredag kveld&hellip;<\/p>\n","protected":false},"author":1,"featured_media":0,"parent":0,"menu_order":0,"comment_status":"closed","ping_status":"closed","template":"","meta":{"footnotes":""},"class_list":["post-2907","page","type-page","status-publish","hentry"],"yoast_head":"<!-- This site is optimized with the Yoast SEO plugin v27.5 - https:\/\/yoast.com\/product\/yoast-seo-wordpress\/ -->\n<title>Diktardagar 2020 - Diktardagar 2014<\/title>\n<meta name=\"robots\" content=\"index, follow, max-snippet:-1, max-image-preview:large, max-video-preview:-1\" \/>\n<link rel=\"canonical\" href=\"https:\/\/diktardagar.no\/2014\/\" class=\"yoast-seo-meta-tag\" \/>\n<meta property=\"og:locale\" content=\"nb_NO\" class=\"yoast-seo-meta-tag\" \/>\n<meta property=\"og:type\" content=\"article\" class=\"yoast-seo-meta-tag\" \/>\n<meta property=\"og:title\" content=\"Diktardagar 2020 - Diktardagar 2014\" class=\"yoast-seo-meta-tag\" \/>\n<meta property=\"og:description\" content=\"Neste diktardagar Tidligare diktardagar Sponsorer Takk \u00f2g til Diktardagane 2014 vil ha grunnlovsjubileum og nasjonsbygging som hovudtema under seminaret. Vi markerer ogs\u00e5 100 \u00e5rsjubil\u00e9et til Jan-Magnus Bruheim. Det blir konsert, pubkveld, Jonsson-foredrag, festkveld og bokbad. Sundag blir det historisk vandring i Lom sentrum f\u00f8r det berst til fjells. Sigrid Moldestad Foto: Kristian Hosar Fredag kveld&hellip;\" class=\"yoast-seo-meta-tag\" \/>\n<meta property=\"og:url\" content=\"https:\/\/diktardagar.no\/2014\/\" class=\"yoast-seo-meta-tag\" \/>\n<meta property=\"og:site_name\" content=\"Diktardagar 2014\" class=\"yoast-seo-meta-tag\" \/>\n<meta property=\"article:modified_time\" content=\"2020-11-19T11:35:02+00:00\" class=\"yoast-seo-meta-tag\" \/>\n<meta property=\"og:image\" content=\"https:\/\/diktardagar.no\/2014\/wp-content\/uploads\/sites\/12\/2014\/04\/5226860_2569466-300x284.jpg\" class=\"yoast-seo-meta-tag\" \/>\n<meta name=\"twitter:card\" content=\"summary_large_image\" class=\"yoast-seo-meta-tag\" \/>\n<meta name=\"twitter:label1\" content=\"Ansl. lesetid\" class=\"yoast-seo-meta-tag\" \/>\n\t<meta name=\"twitter:data1\" content=\"2 minutter\" class=\"yoast-seo-meta-tag\" \/>\n<script type=\"application\/ld+json\" class=\"yoast-schema-graph\">{\"@context\":\"https:\\\/\\\/schema.org\",\"@graph\":[{\"@type\":\"WebPage\",\"@id\":\"https:\\\/\\\/diktardagar.no\\\/2014\\\/\",\"url\":\"https:\\\/\\\/diktardagar.no\\\/2014\\\/\",\"name\":\"Diktardagar 2020 - Diktardagar 2014\",\"isPartOf\":{\"@id\":\"https:\\\/\\\/diktardagar.no\\\/2014\\\/#website\"},\"primaryImageOfPage\":{\"@id\":\"https:\\\/\\\/diktardagar.no\\\/2014\\\/#primaryimage\"},\"image\":{\"@id\":\"https:\\\/\\\/diktardagar.no\\\/2014\\\/#primaryimage\"},\"thumbnailUrl\":\"https:\\\/\\\/diktardagar.no\\\/2014\\\/wp-content\\\/uploads\\\/sites\\\/12\\\/2014\\\/04\\\/5226860_2569466-300x284.jpg\",\"datePublished\":\"2020-05-29T06:45:55+00:00\",\"dateModified\":\"2020-11-19T11:35:02+00:00\",\"breadcrumb\":{\"@id\":\"https:\\\/\\\/diktardagar.no\\\/2014\\\/#breadcrumb\"},\"inLanguage\":\"nb-NO\",\"potentialAction\":[{\"@type\":\"ReadAction\",\"target\":[\"https:\\\/\\\/diktardagar.no\\\/2014\\\/\"]}]},{\"@type\":\"ImageObject\",\"inLanguage\":\"nb-NO\",\"@id\":\"https:\\\/\\\/diktardagar.no\\\/2014\\\/#primaryimage\",\"url\":\"https:\\\/\\\/diktardagar.no\\\/2014\\\/wp-content\\\/uploads\\\/sites\\\/12\\\/2014\\\/04\\\/5226860_2569466.jpg\",\"contentUrl\":\"https:\\\/\\\/diktardagar.no\\\/2014\\\/wp-content\\\/uploads\\\/sites\\\/12\\\/2014\\\/04\\\/5226860_2569466.jpg\",\"width\":474,\"height\":450,\"caption\":\"Sigrid Moldestad Foto: Kristian Hosar\"},{\"@type\":\"BreadcrumbList\",\"@id\":\"https:\\\/\\\/diktardagar.no\\\/2014\\\/#breadcrumb\",\"itemListElement\":[{\"@type\":\"ListItem\",\"position\":1,\"name\":\"Hjem\",\"item\":\"https:\\\/\\\/diktardagar.no\\\/2014\\\/\"},{\"@type\":\"ListItem\",\"position\":2,\"name\":\"Diktardagar 2020\"}]},{\"@type\":\"WebSite\",\"@id\":\"https:\\\/\\\/diktardagar.no\\\/2014\\\/#website\",\"url\":\"https:\\\/\\\/diktardagar.no\\\/2014\\\/\",\"name\":\"Diktardagar 2014\",\"description\":\"\",\"potentialAction\":[{\"@type\":\"SearchAction\",\"target\":{\"@type\":\"EntryPoint\",\"urlTemplate\":\"https:\\\/\\\/diktardagar.no\\\/2014\\\/?s={search_term_string}\"},\"query-input\":{\"@type\":\"PropertyValueSpecification\",\"valueRequired\":true,\"valueName\":\"search_term_string\"}}],\"inLanguage\":\"nb-NO\"}]}<\/script>\n<!-- \/ Yoast SEO plugin. -->","yoast_head_json":{"title":"Diktardagar 2020 - Diktardagar 2014","robots":{"index":"index","follow":"follow","max-snippet":"max-snippet:-1","max-image-preview":"max-image-preview:large","max-video-preview":"max-video-preview:-1"},"canonical":"https:\/\/diktardagar.no\/2014\/","og_locale":"nb_NO","og_type":"article","og_title":"Diktardagar 2020 - Diktardagar 2014","og_description":"Neste diktardagar Tidligare diktardagar Sponsorer Takk \u00f2g til Diktardagane 2014 vil ha grunnlovsjubileum og nasjonsbygging som hovudtema under seminaret. Vi markerer ogs\u00e5 100 \u00e5rsjubil\u00e9et til Jan-Magnus Bruheim. Det blir konsert, pubkveld, Jonsson-foredrag, festkveld og bokbad. Sundag blir det historisk vandring i Lom sentrum f\u00f8r det berst til fjells. Sigrid Moldestad Foto: Kristian Hosar Fredag kveld&hellip;","og_url":"https:\/\/diktardagar.no\/2014\/","og_site_name":"Diktardagar 2014","article_modified_time":"2020-11-19T11:35:02+00:00","og_image":[{"url":"https:\/\/diktardagar.no\/2014\/wp-content\/uploads\/sites\/12\/2014\/04\/5226860_2569466-300x284.jpg","type":"","width":"","height":""}],"twitter_card":"summary_large_image","twitter_misc":{"Ansl. lesetid":"2 minutter"},"schema":{"@context":"https:\/\/schema.org","@graph":[{"@type":"WebPage","@id":"https:\/\/diktardagar.no\/2014\/","url":"https:\/\/diktardagar.no\/2014\/","name":"Diktardagar 2020 - Diktardagar 2014","isPartOf":{"@id":"https:\/\/diktardagar.no\/2014\/#website"},"primaryImageOfPage":{"@id":"https:\/\/diktardagar.no\/2014\/#primaryimage"},"image":{"@id":"https:\/\/diktardagar.no\/2014\/#primaryimage"},"thumbnailUrl":"https:\/\/diktardagar.no\/2014\/wp-content\/uploads\/sites\/12\/2014\/04\/5226860_2569466-300x284.jpg","datePublished":"2020-05-29T06:45:55+00:00","dateModified":"2020-11-19T11:35:02+00:00","breadcrumb":{"@id":"https:\/\/diktardagar.no\/2014\/#breadcrumb"},"inLanguage":"nb-NO","potentialAction":[{"@type":"ReadAction","target":["https:\/\/diktardagar.no\/2014\/"]}]},{"@type":"ImageObject","inLanguage":"nb-NO","@id":"https:\/\/diktardagar.no\/2014\/#primaryimage","url":"https:\/\/diktardagar.no\/2014\/wp-content\/uploads\/sites\/12\/2014\/04\/5226860_2569466.jpg","contentUrl":"https:\/\/diktardagar.no\/2014\/wp-content\/uploads\/sites\/12\/2014\/04\/5226860_2569466.jpg","width":474,"height":450,"caption":"Sigrid Moldestad Foto: Kristian Hosar"},{"@type":"BreadcrumbList","@id":"https:\/\/diktardagar.no\/2014\/#breadcrumb","itemListElement":[{"@type":"ListItem","position":1,"name":"Hjem","item":"https:\/\/diktardagar.no\/2014\/"},{"@type":"ListItem","position":2,"name":"Diktardagar 2020"}]},{"@type":"WebSite","@id":"https:\/\/diktardagar.no\/2014\/#website","url":"https:\/\/diktardagar.no\/2014\/","name":"Diktardagar 2014","description":"","potentialAction":[{"@type":"SearchAction","target":{"@type":"EntryPoint","urlTemplate":"https:\/\/diktardagar.no\/2014\/?s={search_term_string}"},"query-input":{"@type":"PropertyValueSpecification","valueRequired":true,"valueName":"search_term_string"}}],"inLanguage":"nb-NO"}]}},"_links":{"self":[{"href":"https:\/\/diktardagar.no\/2014\/wp-json\/wp\/v2\/pages\/2907","targetHints":{"allow":["GET"]}}],"collection":[{"href":"https:\/\/diktardagar.no\/2014\/wp-json\/wp\/v2\/pages"}],"about":[{"href":"https:\/\/diktardagar.no\/2014\/wp-json\/wp\/v2\/types\/page"}],"author":[{"embeddable":true,"href":"https:\/\/diktardagar.no\/2014\/wp-json\/wp\/v2\/users\/1"}],"replies":[{"embeddable":true,"href":"https:\/\/diktardagar.no\/2014\/wp-json\/wp\/v2\/comments?post=2907"}],"version-history":[{"count":7,"href":"https:\/\/diktardagar.no\/2014\/wp-json\/wp\/v2\/pages\/2907\/revisions"}],"predecessor-version":[{"id":3087,"href":"https:\/\/diktardagar.no\/2014\/wp-json\/wp\/v2\/pages\/2907\/revisions\/3087"}],"wp:attachment":[{"href":"https:\/\/diktardagar.no\/2014\/wp-json\/wp\/v2\/media?parent=2907"}],"curies":[{"name":"wp","href":"https:\/\/api.w.org\/{rel}","templated":true}]}}