{"id":2291,"date":"2017-10-26T11:25:24","date_gmt":"2017-10-26T09:25:24","guid":{"rendered":"https:\/\/diktardagar.no\/2014\/?page_id=2291"},"modified":"2019-02-18T15:33:54","modified_gmt":"2019-02-18T14:33:54","slug":"diktardagar-2018","status":"publish","type":"page","link":"https:\/\/diktardagar.no\/2014\/diktardagar-2018\/","title":{"rendered":"Diktardagar 2018"},"content":{"rendered":"<p>[et_pb_section fb_built=&raquo;1&#8243; disabled_on=&raquo;on||&raquo; admin_label=&raquo;Mobil topp&raquo; _builder_version=&raquo;3.0.66&#8243; background_image=&raquo;https:\/\/diktardagar.no\/2014\/wp-content\/uploads\/sites\/12\/2016\/04\/banner1.png&raquo; custom_padding=&raquo;0px|0px|0px|0px&raquo; custom_css_main_element=&raquo;height: 240px;&raquo; global_module=&raquo;1540&#8243;][et_pb_row make_fullwidth=&raquo;on&raquo; custom_padding=&raquo;|||&raquo; custom_margin=&raquo;|1em||&raquo; admin_label=&raquo;row&raquo; _builder_version=&raquo;3.0.66&#8243; background_size=&raquo;initial&raquo; background_position=&raquo;top_left&raquo; background_repeat=&raquo;repeat&raquo;][et_pb_column type=&raquo;3_4&#8243; _builder_version=&raquo;3.0.47&#8243; parallax=&raquo;off&raquo; parallax_method=&raquo;on&raquo;][\/et_pb_column][et_pb_column type=&raquo;1_4&#8243; _builder_version=&raquo;3.0.47&#8243; parallax=&raquo;off&raquo; parallax_method=&raquo;on&raquo;][et_pb_text admin_label=&raquo;Slagord&raquo; module_id=&raquo;slagord&raquo; _builder_version=&raquo;3.8.1&#8243; header_text_color=&raquo;#443f82&#8243; background_size=&raquo;initial&raquo; background_position=&raquo;top_left&raquo; background_repeat=&raquo;repeat&raquo; border_style=&raquo;solid&raquo;]<\/p>\n<p><strong>Fjellet som ytre og indre landskap<\/strong><\/p>\n<h1>H\u00f8ge fjell og djupe dalar<\/h1>\n<p>[\/et_pb_text][\/et_pb_column][\/et_pb_row][\/et_pb_section][et_pb_section fb_built=&raquo;1&#8243; disabled_on=&raquo;|on|on&raquo; _builder_version=&raquo;3.0.74&#8243; background_color=&raquo;#ffffff&raquo; custom_padding=&raquo;0px|0px|0px|0px&raquo;][et_pb_row custom_padding=&raquo;0px|0px|0px|0px&raquo; custom_margin=&raquo;0px|0px|0px|0px&raquo; background_position_1=&raquo;top_left&raquo; background_position_2=&raquo;top_left&raquo; background_repeat_1=&raquo;no-repeat&raquo; background_repeat_2=&raquo;no-repeat&raquo; _builder_version=&raquo;3.0.66&#8243;][et_pb_column type=&raquo;4_4&#8243; _builder_version=&raquo;3.0.47&#8243; parallax=&raquo;off&raquo; parallax_method=&raquo;on&raquo; background_position=&raquo;top_left&raquo; background_repeat=&raquo;no-repeat&raquo;][et_pb_text admin_label=&raquo;Overskrift&raquo; _builder_version=&raquo;3.0.74&#8243; text_text_color=&raquo;#5b8f9e&raquo; header_text_color=&raquo;#5b8f9e&raquo; text_orientation=&raquo;center&raquo; background_layout=&raquo;dark&raquo; module_alignment=&raquo;center&raquo; custom_margin=&raquo;0px|0px|0px|0px&raquo; custom_padding=&raquo;10px|0px|0px|0px&raquo;]<\/p>\n<h1>Diktardagar 2018<\/h1>\n<p>[\/et_pb_text][et_pb_text admin_label=&raquo;Omr\u00e5de&raquo; _builder_version=&raquo;3.0.74&#8243; text_text_color=&raquo;#5b8f9e&raquo; text_orientation=&raquo;center&raquo; module_alignment=&raquo;center&raquo; custom_padding=&raquo;||10px|&raquo;] <strong>Skj\u00e5k, v\u00e5g\u00e5 og Lom<\/strong> [\/et_pb_text][\/et_pb_column][\/et_pb_row][\/et_pb_section][et_pb_section fb_built=&raquo;1&#8243; admin_label=&raquo;section&raquo; _builder_version=&raquo;3.0.74&#8243; background_color=&raquo;#5b8f9e&raquo; custom_padding=&raquo;0.5em|0px|0.5em|0px&raquo; transparent_background=&raquo;off&raquo; global_module=&raquo;1541&#8243;][et_pb_row make_fullwidth=&raquo;on&raquo; custom_padding=&raquo;0px|0px|0px|0px&raquo; admin_label=&raquo;row&raquo; _builder_version=&raquo;3.0.47&#8243; background_size=&raquo;initial&raquo; background_position=&raquo;top_left&raquo; background_repeat=&raquo;repeat&raquo;][et_pb_column type=&raquo;4_4&#8243; _builder_version=&raquo;3.0.47&#8243; parallax=&raquo;off&raquo; parallax_method=&raquo;on&raquo;][et_pb_text admin_label=&raquo;Datolinje 2017&#8243; _builder_version=&raquo;3.8.1&#8243; header_text_color=&raquo;#ffffff&raquo; text_orientation=&raquo;center&raquo; module_alignment=&raquo;center&raquo; custom_padding=&raquo;0.5em|0px|0.5em|0px&raquo; border_style=&raquo;solid&raquo;]<\/p>\n<h1>29. august til 1. september 2019<\/h1>\n<p>[\/et_pb_text][\/et_pb_column][\/et_pb_row][\/et_pb_section][et_pb_section fb_built=&raquo;1&#8243; specialty=&raquo;on&raquo; parallax_method_1=&raquo;off&raquo; parallax_method_2=&raquo;off&raquo; _builder_version=&raquo;3.0.47&#8243; custom_padding=&raquo;0px|0px|0px|0px&raquo;][et_pb_column type=&raquo;1_4&#8243; _builder_version=&raquo;3.0.47&#8243; parallax=&raquo;off&raquo; parallax_method=&raquo;off&raquo;][et_pb_button button_url=&raquo;\/diktardagar-2017\/program-og-billettar\/&raquo; button_text=&raquo;Program&raquo; button_alignment=&raquo;center&raquo; disabled_on=&raquo;off|off|on&raquo; admin_label=&raquo;Knapp: Program og billettar&raquo; _builder_version=&raquo;3.0.66&#8243; custom_button=&raquo;on&raquo; button_text_color=&raquo;#ffffff&raquo; button_use_icon=&raquo;off&raquo; custom_css_main_element=&raquo;width: 100%&raquo;][\/et_pb_button][et_pb_button button_url=&raquo;\/tidlegare\/&raquo; button_text=&raquo;Tidligare diktardagar&raquo; button_alignment=&raquo;center&raquo; disabled_on=&raquo;on|on|&raquo; admin_label=&raquo;Knapp: Tidligare diktardagar&raquo; _builder_version=&raquo;3.0.66&#8243; custom_button=&raquo;on&raquo; button_text_color=&raquo;#ffffff&raquo; button_font=&raquo;||||&raquo; button_use_icon=&raquo;off&raquo; button_text_size_tablet=&raquo;18&#8243; button_text_size_phone=&raquo;18&#8243; button_letter_spacing_tablet=&raquo;0&#8243; button_letter_spacing_phone=&raquo;0&#8243; button_letter_spacing_hover_tablet=&raquo;0&#8243; button_letter_spacing_hover_phone=&raquo;0&#8243; custom_css_main_element=&raquo;width: 100%&raquo; global_module=&raquo;1479&#8243; saved_tabs=&raquo;all&raquo;][\/et_pb_button][et_pb_text disabled_on=&raquo;on|on|&raquo; admin_label=&raquo;Sponsorer&raquo; _builder_version=&raquo;3.0.74&#8243; header_text_color=&raquo;#443f82&#8243; background_size=&raquo;initial&raquo; background_position=&raquo;top_left&raquo; background_repeat=&raquo;repeat&raquo; max_width=&raquo;150px&raquo; max_width_tablet=&raquo;150px&raquo; max_width_phone=&raquo;150px&raquo; global_module=&raquo;1538&#8243; saved_tabs=&raquo;all&raquo;]<\/p>\n<h1>Sponsorer<\/h1>\n<p><a href=\"http:\/\/www.oppland.no\/\" target=\"_blank\" rel=\"noopener noreferrer\"><img loading=\"lazy\" decoding=\"async\" class=\"alignnone wp-image-786 size-medium\" src=\"https:\/\/diktardagar.no\/2014\/wp-content\/uploads\/sites\/12\/2015\/07\/oppland_fylkeskommune-300x76.png\" alt=\"oppland_fylkeskommune\" width=\"300\" height=\"76\" srcset=\"https:\/\/diktardagar.no\/2014\/wp-content\/uploads\/sites\/12\/2015\/07\/oppland_fylkeskommune-300x76.png 300w, https:\/\/diktardagar.no\/2014\/wp-content\/uploads\/sites\/12\/2015\/07\/oppland_fylkeskommune.png 425w\" sizes=\"auto, (max-width: 300px) 100vw, 300px\" \/><\/a><br \/>\n<a href=\"http:\/\/kulturradet.no\/\" target=\"_blank\" rel=\"noopener noreferrer\"><img loading=\"lazy\" decoding=\"async\" class=\"alignnone wp-image-506 size-medium\" src=\"https:\/\/diktardagar.no\/2014\/wp-content\/uploads\/sites\/12\/2014\/07\/kulturr\u00e5d-300x268.png\" alt=\"kulturr\u00e5d\" width=\"300\" height=\"268\" srcset=\"https:\/\/diktardagar.no\/2014\/wp-content\/uploads\/sites\/12\/2014\/07\/kulturr\u00e5d-300x268.png 300w, https:\/\/diktardagar.no\/2014\/wp-content\/uploads\/sites\/12\/2014\/07\/kulturr\u00e5d-1024x915.png 1024w, https:\/\/diktardagar.no\/2014\/wp-content\/uploads\/sites\/12\/2014\/07\/kulturr\u00e5d.png 1409w\" sizes=\"auto, (max-width: 300px) 100vw, 300px\" \/><\/a><br \/>\n<a href=\"http:\/\/www.nord-gudbrandsdal.no\/\" target=\"_blank\" rel=\"noopener noreferrer\"><img loading=\"lazy\" decoding=\"async\" class=\"alignnone wp-image-509 size-medium\" src=\"https:\/\/diktardagar.no\/2014\/wp-content\/uploads\/sites\/12\/2014\/07\/regr\u00e5d-300x169.png\" width=\"300\" height=\"169\" srcset=\"https:\/\/diktardagar.no\/2014\/wp-content\/uploads\/sites\/12\/2014\/07\/regr\u00e5d-300x169.png 300w, https:\/\/diktardagar.no\/2014\/wp-content\/uploads\/sites\/12\/2014\/07\/regr\u00e5d.png 886w\" sizes=\"auto, (max-width: 300px) 100vw, 300px\" \/><\/a><br \/>\n<a href=\"https:\/\/www.sparebank1.no\/lom-skjaak\/privat.html\" target=\"_blank\"><img loading=\"lazy\" decoding=\"async\" class=\"alignnone size-medium wp-image-1535\" src=\"https:\/\/diktardagar.no\/2014\/wp-content\/uploads\/sites\/12\/2017\/01\/Spb1LSlogo-300x89.jpg\" alt=\"Spb1LSlogo\" width=\"300\" height=\"89\" srcset=\"https:\/\/diktardagar.no\/2014\/wp-content\/uploads\/sites\/12\/2017\/01\/Spb1LSlogo-300x89.jpg 300w, https:\/\/diktardagar.no\/2014\/wp-content\/uploads\/sites\/12\/2017\/01\/Spb1LSlogo.jpg 414w\" sizes=\"auto, (max-width: 300px) 100vw, 300px\" \/><\/a><br \/>\n<a href=\"http:\/\/lom.kommune.no\/\" target=\"_blank\" rel=\"noopener noreferrer\"><img loading=\"lazy\" decoding=\"async\" class=\"alignnone wp-image-507 size-medium\" src=\"https:\/\/diktardagar.no\/2014\/wp-content\/uploads\/sites\/12\/2014\/07\/lom-kommune-300x102.png\" width=\"300\" height=\"102\" srcset=\"https:\/\/diktardagar.no\/2014\/wp-content\/uploads\/sites\/12\/2014\/07\/lom-kommune-300x102.png 300w, https:\/\/diktardagar.no\/2014\/wp-content\/uploads\/sites\/12\/2014\/07\/lom-kommune-1024x348.png 1024w, https:\/\/diktardagar.no\/2014\/wp-content\/uploads\/sites\/12\/2014\/07\/lom-kommune.png 1181w\" sizes=\"auto, (max-width: 300px) 100vw, 300px\" \/><\/a><br \/>\n<a href=\"http:\/\/www.skjaak.kommune.no\/\" target=\"_blank\"><img loading=\"lazy\" decoding=\"async\" class=\"alignnone size-medium wp-image-781\" src=\"https:\/\/diktardagar.no\/2014\/wp-content\/uploads\/sites\/12\/2015\/07\/skjaak_logo_1-300x147.png\" alt=\"skjaak_logo\" width=\"300\" height=\"147\" srcset=\"https:\/\/diktardagar.no\/2014\/wp-content\/uploads\/sites\/12\/2015\/07\/skjaak_logo_1-300x147.png 300w, https:\/\/diktardagar.no\/2014\/wp-content\/uploads\/sites\/12\/2015\/07\/skjaak_logo_1.png 987w\" sizes=\"auto, (max-width: 300px) 100vw, 300px\" \/><\/a><br \/>\n<a href=\"http:\/\/www.fritt-ord.no\/\" target=\"_blank\"><img loading=\"lazy\" decoding=\"async\" class=\"alignnone size-medium wp-image-505\" src=\"https:\/\/diktardagar.no\/2014\/wp-content\/uploads\/sites\/12\/2014\/07\/fritt-ord-266x300.png\" alt=\"fritt ord\" width=\"266\" height=\"300\" srcset=\"https:\/\/diktardagar.no\/2014\/wp-content\/uploads\/sites\/12\/2014\/07\/fritt-ord-266x300.png 266w, https:\/\/diktardagar.no\/2014\/wp-content\/uploads\/sites\/12\/2014\/07\/fritt-ord.png 713w\" sizes=\"auto, (max-width: 266px) 100vw, 266px\" \/><\/a><br \/>\n<a href=\"http:\/\/www.g-kultur.no\/\" target=\"_blank\"><img loading=\"lazy\" decoding=\"async\" class=\"wp-image-1990 size-medium\" src=\"https:\/\/diktardagar.no\/2014\/wp-content\/uploads\/sites\/12\/2017\/06\/stifting_g-kultur-naturgroenn_1692x611-300x108.jpg\" alt=\"Stiftinga G-KULTUR logo\" width=\"300\" height=\"108\" srcset=\"https:\/\/diktardagar.no\/2014\/wp-content\/uploads\/sites\/12\/2017\/06\/stifting_g-kultur-naturgroenn_1692x611-300x108.jpg 300w, https:\/\/diktardagar.no\/2014\/wp-content\/uploads\/sites\/12\/2017\/06\/stifting_g-kultur-naturgroenn_1692x611-768x277.jpg 768w, https:\/\/diktardagar.no\/2014\/wp-content\/uploads\/sites\/12\/2017\/06\/stifting_g-kultur-naturgroenn_1692x611-1024x370.jpg 1024w, https:\/\/diktardagar.no\/2014\/wp-content\/uploads\/sites\/12\/2017\/06\/stifting_g-kultur-naturgroenn_1692x611-1080x390.jpg 1080w, https:\/\/diktardagar.no\/2014\/wp-content\/uploads\/sites\/12\/2017\/06\/stifting_g-kultur-naturgroenn_1692x611.jpg 1692w\" sizes=\"auto, (max-width: 300px) 100vw, 300px\" \/><\/a><br \/>\n<a href=\"http:\/\/www.vaga.kommune.no\/\" target=\"_blank\"><img decoding=\"async\" src=\"\/2014\/wp-content\/uploads\/sites\/12\/2015\/07\/Kommunelogo1-v\u00e5g\u00e5-5405-4f.png\" alt=\"V\u00e5g\u00e5 kommune\" \/><\/a><br \/>\n<a href=\"http:\/\/www.nbuforfattere.no\/\" target=\"_blank\"><img loading=\"lazy\" decoding=\"async\" class=\"wp-image-2478 size-medium\" src=\"https:\/\/diktardagar.no\/2014\/wp-content\/uploads\/sites\/12\/2018\/04\/logo_mbl\u00e5-300x217.jpg\" alt=\"\" width=\"300\" height=\"217\" srcset=\"https:\/\/diktardagar.no\/2014\/wp-content\/uploads\/sites\/12\/2018\/04\/logo_mbl\u00e5-300x217.jpg 300w, https:\/\/diktardagar.no\/2014\/wp-content\/uploads\/sites\/12\/2018\/04\/logo_mbl\u00e5-768x554.jpg 768w, https:\/\/diktardagar.no\/2014\/wp-content\/uploads\/sites\/12\/2018\/04\/logo_mbl\u00e5-1024x739.jpg 1024w, https:\/\/diktardagar.no\/2014\/wp-content\/uploads\/sites\/12\/2018\/04\/logo_mbl\u00e5.jpg 1028w\" sizes=\"auto, (max-width: 300px) 100vw, 300px\" \/><\/a><br \/>\n<a href=\"https:\/\/samlaget.no\/\" target=\"_blank\"><img loading=\"lazy\" decoding=\"async\" class=\"wp-image-2478 size-medium\" src=\"\/2014\/wp-content\/uploads\/sites\/12\/2018\/05\/SL_logo_sort.jpg\" alt=\"\" width=\"300\" height=\"217\" \/><\/a><br \/>\n<a href=\"http:\/\/www.forfattersentrum.no\/\" target=\"_blank\"><img decoding=\"async\" class=\"wp-image-2478 size-medium\" src=\"\/2014\/wp-content\/uploads\/sites\/12\/2018\/06\/norsk_forfattersentrum_logo.png\" alt=\"\" \/><\/a><\/p>\n<p>\u00a0<\/p>\n<h1>Takk \u00f2g til:<\/h1>\n<p>Ottadalen M\u00f8lle<br \/>\nFjell &#038; Fritid<br \/>\nFossberg Hotell<br \/>\nFossheim Steinsenter<br \/>\nFossheim Hotell<br \/>\nNordal Eiendom<br \/>\nKiwi<br \/>\nStokk &#038;  Stein<br \/>\nGausdal Landhandleri<br \/>\nCoop Ottadalen<br \/>\nFjuken<br \/>\nSpiterstulen<br \/>\nBreheimen Mat<br \/>\nNye Brimi Bue<br \/>\nSkafferiet kaf\u00e9 og pub<\/p>\n<p>[\/et_pb_text][\/et_pb_column][et_pb_column type=&raquo;3_4&#8243; specialty_columns=&raquo;3&#8243; _builder_version=&raquo;3.0.47&#8243; parallax=&raquo;off&raquo; parallax_method=&raquo;off&raquo;][et_pb_row_inner custom_padding=&raquo;|||&raquo; background_color_1=&raquo;#443f82&#8243; admin_label=&raquo;Rad&raquo; _builder_version=&raquo;3.0.47&#8243;][et_pb_column_inner type=&raquo;4_4&#8243; saved_specialty_column_type=&raquo;3_4&#8243; _builder_version=&raquo;3.0.47&#8243; background_color=&raquo;#443f82&#8243; parallax=&raquo;off&raquo; parallax_method=&raquo;on&raquo;][et_pb_text disabled_on=&raquo;off||&raquo; admin_label=&raquo;Tittel&raquo; _builder_version=&raquo;3.0.74&#8243; header_text_color=&raquo;#ffffff&raquo; text_orientation=&raquo;center&raquo; module_alignment=&raquo;center&raquo; custom_margin=&raquo;0.5em||0.5em|&raquo;]<\/p>\n<h1>Barnelitteratur<\/h1>\n<p>[\/et_pb_text][\/et_pb_column_inner][\/et_pb_row_inner][et_pb_row_inner custom_padding=&raquo;29.65px|0px|29px|0px&raquo; _builder_version=&raquo;3.0.66&#8243;][et_pb_column_inner type=&raquo;1_2&#8243; saved_specialty_column_type=&raquo;3_4&#8243; _builder_version=&raquo;3.0.47&#8243; parallax=&raquo;off&raquo; parallax_method=&raquo;on&raquo;][et_pb_blog include_categories=&raquo;31&#8243; show_more=&raquo;on&raquo; show_categories=&raquo;off&raquo; _builder_version=&raquo;3.0.94&#8243;][\/et_pb_blog][\/et_pb_column_inner][et_pb_column_inner type=&raquo;1_2&#8243; saved_specialty_column_type=&raquo;3_4&#8243; _builder_version=&raquo;3.0.47&#8243; parallax=&raquo;off&raquo; parallax_method=&raquo;on&raquo;][et_pb_image src=&raquo;https:\/\/diktardagar.no\/2014\/wp-content\/uploads\/sites\/12\/2018\/04\/Romferda_500x725.jpg&raquo; alt=&raquo;Jens Ivar Kristensen: Illustrasjon fr\u00e5 Barnedikt i utval av J-M Bruheim&raquo; title_text=&raquo;Jens Ivar Kristensen: Illustrasjon fr\u00e5 Barnedikt i utval av J-M Bruheim&raquo; _builder_version=&raquo;3.0.87&#8243; border_width_all=&raquo;4px&raquo; border_color_all=&raquo;#443f82&#8243; border_style_all=&raquo;solid&raquo; use_border_color=&raquo;on&raquo; border_color=&raquo;#443f82&#8243; border_width=&raquo;4px&raquo;][\/et_pb_image][et_pb_text _builder_version=&raquo;3.0.74&#8243;]<\/p>\n<p><em>Jens Ivar Kristensen: Illustrasjon fr\u00e5 Barnedikt i utval av J-M Bruheim<\/em><\/p>\n<p>[\/et_pb_text][et_pb_text _builder_version=&raquo;3.0.74&#8243;]<\/p>\n<p>Hovudtema for Diktardagar 2018 er Barne- og ungdomslitteratur: Kvifor er denne litteraturen s\u00e5 viktig? Korleis formidle litteratur, leselyst og skriveglede for barn og unge.<\/p>\n<p>Det er ogs\u00e5 temaet for det \u00e5rlege seminaret laurdag 1. september.<\/p>\n<p>\u00a0Sidan det i 2018 er 200-jubileum for Aasmund Olavsson Vinje, vil vi ogs\u00e5 markere det, mellom anna med ein Vinje-kveld. Vinje var fleire somrar i v\u00e5re traktar, s\u00e6rleg som ivrig fjellvandrar i Jotunheimen.<\/p>\n<p>\u00a0P\u00e5 programmet st\u00e5r elles:\u00a0<\/p>\n<ul>\n<li>Barnebokforfattar Arnfinn Kolerud vitjar klassar i Skj\u00e5k, Lom og V\u00e5g\u00e5<\/li>\n<li>Bibliotekarrangement med program for barn i barnehagar.<\/li>\n<li>Kurs i kreativ skriving for ungdomsskuleelevar<\/li>\n<li>Vandring i fotspora til Aasmund O. Vinje i V\u00e5g\u00e5<\/li>\n<li>Visning av NRK-programmet Vinje i Jotunheimen<\/li>\n<li>Vinjekveld med Aasmund Nordstoga<\/li>\n<li>Foredrag om Tor Jonsson og Aa. O. Vinje<\/li>\n<li>Festkveld i Utgard med mellom andre Maria Parr og Sigrid Moldestad<\/li>\n<li>Program med elevar fr\u00e5 kulturskulane<\/li>\n<li>Lansering av \u00abBarnedikt i utval\u00bb av Jan-Magnus Bruheim<\/li>\n<li>Tea Kummen-arrangement<\/li>\n<li>Pubkveld med Aasmund Nordstoga<\/li>\n<li>Diktarmiddag p\u00e5 Fossheim<\/li>\n<li>Utstilling av barne- og ungdomsb\u00f8ker<\/li>\n<\/ul>\n<p>[\/et_pb_text][et_pb_button button_url=&raquo;https:\/\/diktardagar.no\/2014\/program-og-billettar\/&raquo; button_text=&raquo;Sj\u00e5 heile programmet&raquo; button_alignment=&raquo;center&raquo; admin_label=&raquo;Knapp: Sj\u00e5 heile programmet&raquo; _builder_version=&raquo;3.0.66&#8243; custom_button=&raquo;on&raquo; button_text_color=&raquo;#ffffff&raquo;][\/et_pb_button][\/et_pb_column_inner][\/et_pb_row_inner][\/et_pb_column][\/et_pb_section]<\/p>\n","protected":false},"excerpt":{"rendered":"<p>[et_pb_section fb_built=&raquo;1&#8243; disabled_on=&raquo;on||&raquo; admin_label=&raquo;Mobil topp&raquo; _builder_version=&raquo;3.0.66&#8243; background_image=&raquo;https:\/\/diktardagar.no\/2014\/wp-content\/uploads\/sites\/12\/2016\/04\/banner1.png&raquo; custom_padding=&raquo;0px|0px|0px|0px&raquo; custom_css_main_element=&raquo;height: 240px;&raquo; global_module=&raquo;1540&#8243;][et_pb_row make_fullwidth=&raquo;on&raquo; custom_padding=&raquo;|||&raquo; custom_margin=&raquo;|1em||&raquo; admin_label=&raquo;row&raquo; _builder_version=&raquo;3.0.66&#8243; background_size=&raquo;initial&raquo; background_position=&raquo;top_left&raquo; background_repeat=&raquo;repeat&raquo;][et_pb_column type=&raquo;3_4&#8243; _builder_version=&raquo;3.0.47&#8243; parallax=&raquo;off&raquo; parallax_method=&raquo;on&raquo;][\/et_pb_column][et_pb_column type=&raquo;1_4&#8243; _builder_version=&raquo;3.0.47&#8243; parallax=&raquo;off&raquo; parallax_method=&raquo;on&raquo;][et_pb_text admin_label=&raquo;Slagord&raquo; module_id=&raquo;slagord&raquo; _builder_version=&raquo;3.8.1&#8243; header_text_color=&raquo;#443f82&#8243; background_size=&raquo;initial&raquo; background_position=&raquo;top_left&raquo; background_repeat=&raquo;repeat&raquo; border_style=&raquo;solid&raquo;] Fjellet som ytre og indre landskap H\u00f8ge fjell og djupe dalar [\/et_pb_text][\/et_pb_column][\/et_pb_row][\/et_pb_section][et_pb_section fb_built=&raquo;1&#8243; disabled_on=&raquo;|on|on&raquo; _builder_version=&raquo;3.0.74&#8243; background_color=&raquo;#ffffff&raquo; custom_padding=&raquo;0px|0px|0px|0px&raquo;][et_pb_row custom_padding=&raquo;0px|0px|0px|0px&raquo; custom_margin=&raquo;0px|0px|0px|0px&raquo; background_position_1=&raquo;top_left&raquo;&hellip;<\/p>\n","protected":false},"author":1,"featured_media":0,"parent":0,"menu_order":0,"comment_status":"closed","ping_status":"closed","template":"","meta":{"footnotes":""},"class_list":["post-2291","page","type-page","status-publish","hentry"],"yoast_head":"<!-- This site is optimized with the Yoast SEO plugin v27.5 - https:\/\/yoast.com\/product\/yoast-seo-wordpress\/ -->\n<title>Diktardagar 2018 - Diktardagar 2014<\/title>\n<meta name=\"robots\" content=\"index, follow, max-snippet:-1, max-image-preview:large, max-video-preview:-1\" \/>\n<link rel=\"canonical\" href=\"https:\/\/diktardagar.no\/2014\/diktardagar-2018\/\" class=\"yoast-seo-meta-tag\" \/>\n<meta property=\"og:locale\" content=\"nb_NO\" class=\"yoast-seo-meta-tag\" \/>\n<meta property=\"og:type\" content=\"article\" class=\"yoast-seo-meta-tag\" \/>\n<meta property=\"og:title\" content=\"Diktardagar 2018 - Diktardagar 2014\" class=\"yoast-seo-meta-tag\" \/>\n<meta property=\"og:description\" content=\"[et_pb_section fb_built=&raquo;1&#8243; disabled_on=&raquo;on||&raquo; admin_label=&raquo;Mobil topp&raquo; _builder_version=&raquo;3.0.66&#8243; background_image=&raquo;https:\/\/diktardagar.no\/2014\/wp-content\/uploads\/sites\/12\/2016\/04\/banner1.png&raquo; custom_padding=&raquo;0px|0px|0px|0px&raquo; custom_css_main_element=&raquo;height: 240px;&raquo; global_module=&raquo;1540&#8243;][et_pb_row make_fullwidth=&raquo;on&raquo; custom_padding=&raquo;|||&raquo; custom_margin=&raquo;|1em||&raquo; admin_label=&raquo;row&raquo; _builder_version=&raquo;3.0.66&#8243; background_size=&raquo;initial&raquo; background_position=&raquo;top_left&raquo; background_repeat=&raquo;repeat&raquo;][et_pb_column type=&raquo;3_4&#8243; _builder_version=&raquo;3.0.47&#8243; parallax=&raquo;off&raquo; parallax_method=&raquo;on&raquo;][\/et_pb_column][et_pb_column type=&raquo;1_4&#8243; _builder_version=&raquo;3.0.47&#8243; parallax=&raquo;off&raquo; parallax_method=&raquo;on&raquo;][et_pb_text admin_label=&raquo;Slagord&raquo; module_id=&raquo;slagord&raquo; _builder_version=&raquo;3.8.1&#8243; header_text_color=&raquo;#443f82&#8243; background_size=&raquo;initial&raquo; background_position=&raquo;top_left&raquo; background_repeat=&raquo;repeat&raquo; border_style=&raquo;solid&raquo;] Fjellet som ytre og indre landskap H\u00f8ge fjell og djupe dalar [\/et_pb_text][\/et_pb_column][\/et_pb_row][\/et_pb_section][et_pb_section fb_built=&raquo;1&#8243; disabled_on=&raquo;|on|on&raquo; _builder_version=&raquo;3.0.74&#8243; background_color=&raquo;#ffffff&raquo; custom_padding=&raquo;0px|0px|0px|0px&raquo;][et_pb_row custom_padding=&raquo;0px|0px|0px|0px&raquo; custom_margin=&raquo;0px|0px|0px|0px&raquo; background_position_1=&raquo;top_left&raquo;&hellip;\" class=\"yoast-seo-meta-tag\" \/>\n<meta property=\"og:url\" content=\"https:\/\/diktardagar.no\/2014\/diktardagar-2018\/\" class=\"yoast-seo-meta-tag\" \/>\n<meta property=\"og:site_name\" content=\"Diktardagar 2014\" class=\"yoast-seo-meta-tag\" \/>\n<meta property=\"article:modified_time\" content=\"2019-02-18T14:33:54+00:00\" class=\"yoast-seo-meta-tag\" \/>\n<meta property=\"og:image\" content=\"https:\/\/diktardagar.no\/2014\/wp-content\/uploads\/sites\/12\/2015\/07\/oppland_fylkeskommune-300x76.png\" class=\"yoast-seo-meta-tag\" \/>\n<meta name=\"twitter:card\" content=\"summary_large_image\" class=\"yoast-seo-meta-tag\" \/>\n<meta name=\"twitter:label1\" content=\"Ansl. lesetid\" class=\"yoast-seo-meta-tag\" \/>\n\t<meta name=\"twitter:data1\" content=\"5 minutter\" class=\"yoast-seo-meta-tag\" \/>\n<script type=\"application\/ld+json\" class=\"yoast-schema-graph\">{\"@context\":\"https:\\\/\\\/schema.org\",\"@graph\":[{\"@type\":\"WebPage\",\"@id\":\"https:\\\/\\\/diktardagar.no\\\/2014\\\/diktardagar-2018\\\/\",\"url\":\"https:\\\/\\\/diktardagar.no\\\/2014\\\/diktardagar-2018\\\/\",\"name\":\"Diktardagar 2018 - Diktardagar 2014\",\"isPartOf\":{\"@id\":\"https:\\\/\\\/diktardagar.no\\\/2014\\\/#website\"},\"primaryImageOfPage\":{\"@id\":\"https:\\\/\\\/diktardagar.no\\\/2014\\\/diktardagar-2018\\\/#primaryimage\"},\"image\":{\"@id\":\"https:\\\/\\\/diktardagar.no\\\/2014\\\/diktardagar-2018\\\/#primaryimage\"},\"thumbnailUrl\":\"https:\\\/\\\/diktardagar.no\\\/2014\\\/wp-content\\\/uploads\\\/sites\\\/12\\\/2015\\\/07\\\/oppland_fylkeskommune-300x76.png\",\"datePublished\":\"2017-10-26T09:25:24+00:00\",\"dateModified\":\"2019-02-18T14:33:54+00:00\",\"breadcrumb\":{\"@id\":\"https:\\\/\\\/diktardagar.no\\\/2014\\\/diktardagar-2018\\\/#breadcrumb\"},\"inLanguage\":\"nb-NO\",\"potentialAction\":[{\"@type\":\"ReadAction\",\"target\":[\"https:\\\/\\\/diktardagar.no\\\/2014\\\/diktardagar-2018\\\/\"]}]},{\"@type\":\"ImageObject\",\"inLanguage\":\"nb-NO\",\"@id\":\"https:\\\/\\\/diktardagar.no\\\/2014\\\/diktardagar-2018\\\/#primaryimage\",\"url\":\"https:\\\/\\\/diktardagar.no\\\/2014\\\/wp-content\\\/uploads\\\/sites\\\/12\\\/2015\\\/07\\\/oppland_fylkeskommune.png\",\"contentUrl\":\"https:\\\/\\\/diktardagar.no\\\/2014\\\/wp-content\\\/uploads\\\/sites\\\/12\\\/2015\\\/07\\\/oppland_fylkeskommune.png\",\"width\":425,\"height\":108,\"caption\":\"oppland_fylkeskommune\"},{\"@type\":\"BreadcrumbList\",\"@id\":\"https:\\\/\\\/diktardagar.no\\\/2014\\\/diktardagar-2018\\\/#breadcrumb\",\"itemListElement\":[{\"@type\":\"ListItem\",\"position\":1,\"name\":\"Hjem\",\"item\":\"https:\\\/\\\/diktardagar.no\\\/2014\\\/\"},{\"@type\":\"ListItem\",\"position\":2,\"name\":\"Diktardagar 2018\"}]},{\"@type\":\"WebSite\",\"@id\":\"https:\\\/\\\/diktardagar.no\\\/2014\\\/#website\",\"url\":\"https:\\\/\\\/diktardagar.no\\\/2014\\\/\",\"name\":\"Diktardagar 2014\",\"description\":\"\",\"potentialAction\":[{\"@type\":\"SearchAction\",\"target\":{\"@type\":\"EntryPoint\",\"urlTemplate\":\"https:\\\/\\\/diktardagar.no\\\/2014\\\/?s={search_term_string}\"},\"query-input\":{\"@type\":\"PropertyValueSpecification\",\"valueRequired\":true,\"valueName\":\"search_term_string\"}}],\"inLanguage\":\"nb-NO\"}]}<\/script>\n<!-- \/ Yoast SEO plugin. -->","yoast_head_json":{"title":"Diktardagar 2018 - Diktardagar 2014","robots":{"index":"index","follow":"follow","max-snippet":"max-snippet:-1","max-image-preview":"max-image-preview:large","max-video-preview":"max-video-preview:-1"},"canonical":"https:\/\/diktardagar.no\/2014\/diktardagar-2018\/","og_locale":"nb_NO","og_type":"article","og_title":"Diktardagar 2018 - Diktardagar 2014","og_description":"[et_pb_section fb_built=&raquo;1&#8243; disabled_on=&raquo;on||&raquo; admin_label=&raquo;Mobil topp&raquo; _builder_version=&raquo;3.0.66&#8243; background_image=&raquo;https:\/\/diktardagar.no\/2014\/wp-content\/uploads\/sites\/12\/2016\/04\/banner1.png&raquo; custom_padding=&raquo;0px|0px|0px|0px&raquo; custom_css_main_element=&raquo;height: 240px;&raquo; global_module=&raquo;1540&#8243;][et_pb_row make_fullwidth=&raquo;on&raquo; custom_padding=&raquo;|||&raquo; custom_margin=&raquo;|1em||&raquo; admin_label=&raquo;row&raquo; _builder_version=&raquo;3.0.66&#8243; background_size=&raquo;initial&raquo; background_position=&raquo;top_left&raquo; background_repeat=&raquo;repeat&raquo;][et_pb_column type=&raquo;3_4&#8243; _builder_version=&raquo;3.0.47&#8243; parallax=&raquo;off&raquo; parallax_method=&raquo;on&raquo;][\/et_pb_column][et_pb_column type=&raquo;1_4&#8243; _builder_version=&raquo;3.0.47&#8243; parallax=&raquo;off&raquo; parallax_method=&raquo;on&raquo;][et_pb_text admin_label=&raquo;Slagord&raquo; module_id=&raquo;slagord&raquo; _builder_version=&raquo;3.8.1&#8243; header_text_color=&raquo;#443f82&#8243; background_size=&raquo;initial&raquo; background_position=&raquo;top_left&raquo; background_repeat=&raquo;repeat&raquo; border_style=&raquo;solid&raquo;] Fjellet som ytre og indre landskap H\u00f8ge fjell og djupe dalar [\/et_pb_text][\/et_pb_column][\/et_pb_row][\/et_pb_section][et_pb_section fb_built=&raquo;1&#8243; disabled_on=&raquo;|on|on&raquo; _builder_version=&raquo;3.0.74&#8243; background_color=&raquo;#ffffff&raquo; custom_padding=&raquo;0px|0px|0px|0px&raquo;][et_pb_row custom_padding=&raquo;0px|0px|0px|0px&raquo; custom_margin=&raquo;0px|0px|0px|0px&raquo; background_position_1=&raquo;top_left&raquo;&hellip;","og_url":"https:\/\/diktardagar.no\/2014\/diktardagar-2018\/","og_site_name":"Diktardagar 2014","article_modified_time":"2019-02-18T14:33:54+00:00","og_image":[{"url":"https:\/\/diktardagar.no\/2014\/wp-content\/uploads\/sites\/12\/2015\/07\/oppland_fylkeskommune-300x76.png","type":"","width":"","height":""}],"twitter_card":"summary_large_image","twitter_misc":{"Ansl. lesetid":"5 minutter"},"schema":{"@context":"https:\/\/schema.org","@graph":[{"@type":"WebPage","@id":"https:\/\/diktardagar.no\/2014\/diktardagar-2018\/","url":"https:\/\/diktardagar.no\/2014\/diktardagar-2018\/","name":"Diktardagar 2018 - Diktardagar 2014","isPartOf":{"@id":"https:\/\/diktardagar.no\/2014\/#website"},"primaryImageOfPage":{"@id":"https:\/\/diktardagar.no\/2014\/diktardagar-2018\/#primaryimage"},"image":{"@id":"https:\/\/diktardagar.no\/2014\/diktardagar-2018\/#primaryimage"},"thumbnailUrl":"https:\/\/diktardagar.no\/2014\/wp-content\/uploads\/sites\/12\/2015\/07\/oppland_fylkeskommune-300x76.png","datePublished":"2017-10-26T09:25:24+00:00","dateModified":"2019-02-18T14:33:54+00:00","breadcrumb":{"@id":"https:\/\/diktardagar.no\/2014\/diktardagar-2018\/#breadcrumb"},"inLanguage":"nb-NO","potentialAction":[{"@type":"ReadAction","target":["https:\/\/diktardagar.no\/2014\/diktardagar-2018\/"]}]},{"@type":"ImageObject","inLanguage":"nb-NO","@id":"https:\/\/diktardagar.no\/2014\/diktardagar-2018\/#primaryimage","url":"https:\/\/diktardagar.no\/2014\/wp-content\/uploads\/sites\/12\/2015\/07\/oppland_fylkeskommune.png","contentUrl":"https:\/\/diktardagar.no\/2014\/wp-content\/uploads\/sites\/12\/2015\/07\/oppland_fylkeskommune.png","width":425,"height":108,"caption":"oppland_fylkeskommune"},{"@type":"BreadcrumbList","@id":"https:\/\/diktardagar.no\/2014\/diktardagar-2018\/#breadcrumb","itemListElement":[{"@type":"ListItem","position":1,"name":"Hjem","item":"https:\/\/diktardagar.no\/2014\/"},{"@type":"ListItem","position":2,"name":"Diktardagar 2018"}]},{"@type":"WebSite","@id":"https:\/\/diktardagar.no\/2014\/#website","url":"https:\/\/diktardagar.no\/2014\/","name":"Diktardagar 2014","description":"","potentialAction":[{"@type":"SearchAction","target":{"@type":"EntryPoint","urlTemplate":"https:\/\/diktardagar.no\/2014\/?s={search_term_string}"},"query-input":{"@type":"PropertyValueSpecification","valueRequired":true,"valueName":"search_term_string"}}],"inLanguage":"nb-NO"}]}},"_links":{"self":[{"href":"https:\/\/diktardagar.no\/2014\/wp-json\/wp\/v2\/pages\/2291","targetHints":{"allow":["GET"]}}],"collection":[{"href":"https:\/\/diktardagar.no\/2014\/wp-json\/wp\/v2\/pages"}],"about":[{"href":"https:\/\/diktardagar.no\/2014\/wp-json\/wp\/v2\/types\/page"}],"author":[{"embeddable":true,"href":"https:\/\/diktardagar.no\/2014\/wp-json\/wp\/v2\/users\/1"}],"replies":[{"embeddable":true,"href":"https:\/\/diktardagar.no\/2014\/wp-json\/wp\/v2\/comments?post=2291"}],"version-history":[{"count":28,"href":"https:\/\/diktardagar.no\/2014\/wp-json\/wp\/v2\/pages\/2291\/revisions"}],"predecessor-version":[{"id":2570,"href":"https:\/\/diktardagar.no\/2014\/wp-json\/wp\/v2\/pages\/2291\/revisions\/2570"}],"wp:attachment":[{"href":"https:\/\/diktardagar.no\/2014\/wp-json\/wp\/v2\/media?parent=2291"}],"curies":[{"name":"wp","href":"https:\/\/api.w.org\/{rel}","templated":true}]}}