{"id":1073,"date":"2016-04-04T22:17:21","date_gmt":"2016-04-04T20:17:21","guid":{"rendered":"https:\/\/diktardagar.no\/2014\/?page_id=1073"},"modified":"2017-11-03T09:16:01","modified_gmt":"2017-11-03T08:16:01","slug":"aktorar","status":"publish","type":"page","link":"https:\/\/diktardagar.no\/2014\/tidlegare\/diktardagar-2017\/aktorar\/","title":{"rendered":"Akt\u00f8rar 2017"},"content":{"rendered":"<p>[et_pb_section bb_built=&raquo;1&#8243; admin_label=&raquo;Mobil topp&raquo; custom_padding=&raquo;0px|0px|0px|0px&raquo; disabled_on=&raquo;on||&raquo; background_image=&raquo;https:\/\/diktardagar.no\/2014\/wp-content\/uploads\/sites\/12\/2016\/04\/banner1.png&raquo; custom_css_main_element=&raquo;height: 240px;&raquo; _builder_version=&raquo;3.0.66&#8243; disabled=&raquo;off&raquo; global_module=&raquo;1540&#8243;][et_pb_row admin_label=&raquo;row&raquo; global_parent=&raquo;1540&#8243; make_fullwidth=&raquo;on&raquo; custom_padding=&raquo;|||&raquo; custom_margin=&raquo;|1em||&raquo; _builder_version=&raquo;3.0.66&#8243; background_size=&raquo;initial&raquo; background_position=&raquo;top_left&raquo; background_repeat=&raquo;repeat&raquo;][et_pb_column type=&raquo;3_4&#8243;][\/et_pb_column][et_pb_column type=&raquo;1_4&#8243;][et_pb_text admin_label=&raquo;Slagord&raquo; global_parent=&raquo;1540&#8243; module_id=&raquo;slagord&raquo; _builder_version=&raquo;3.0.66&#8243; header_text_color=&raquo;#443f82&#8243; background_size=&raquo;initial&raquo; background_position=&raquo;top_left&raquo; background_repeat=&raquo;repeat&raquo; background_layout=&raquo;light&raquo; text_orientation=&raquo;left&raquo; border_style=&raquo;solid&raquo;]<\/p>\n<p><strong>Aa. O. Vinje 200 \u00e5r<\/strong><\/p>\n<h1>Barne-litteratur<\/h1>\n<p>[\/et_pb_text][\/et_pb_column][\/et_pb_row][\/et_pb_section][et_pb_section bb_built=&raquo;1&#8243; admin_label=&raquo;section&raquo; transparent_background=&raquo;off&raquo; background_color=&raquo;#5b8f9e&raquo; allow_player_pause=&raquo;off&raquo; inner_shadow=&raquo;off&raquo; parallax=&raquo;off&raquo; parallax_method=&raquo;on&raquo; custom_padding=&raquo;0.5em|0px|0.5em|0px&raquo; make_fullwidth=&raquo;off&raquo; use_custom_width=&raquo;off&raquo; width_unit=&raquo;off&raquo; make_equal=&raquo;off&raquo; use_custom_gutter=&raquo;off&raquo; fullwidth=&raquo;off&raquo; specialty=&raquo;off&raquo; disabled=&raquo;off&raquo; global_module=&raquo;1541&#8243;][et_pb_row admin_label=&raquo;row&raquo; global_parent=&raquo;1541&#8243; make_fullwidth=&raquo;on&raquo; use_custom_width=&raquo;off&raquo; width_unit=&raquo;off&raquo; custom_width_px=&raquo;1080px&raquo; custom_width_percent=&raquo;80%&raquo; use_custom_gutter=&raquo;off&raquo; gutter_width=&raquo;3&#8243; custom_padding=&raquo;0px|0px|0px|0px&raquo; allow_player_pause=&raquo;off&raquo; parallax=&raquo;off&raquo; parallax_method=&raquo;on&raquo; make_equal=&raquo;off&raquo; parallax_1=&raquo;off&raquo; parallax_method_1=&raquo;on&raquo; parallax_2=&raquo;off&raquo; parallax_method_2=&raquo;on&raquo; parallax_3=&raquo;off&raquo; parallax_method_3=&raquo;on&raquo; parallax_4=&raquo;off&raquo; parallax_method_4=&raquo;on&raquo; disabled=&raquo;off&raquo; background_position=&raquo;top_left&raquo; background_repeat=&raquo;repeat&raquo; background_size=&raquo;initial&raquo;][et_pb_column type=&raquo;4_4&#8243;][et_pb_text admin_label=&raquo;Datolinje 2017&#8243; global_parent=&raquo;1541&#8243; background_layout=&raquo;light&raquo; text_orientation=&raquo;center&raquo; border_style=&raquo;solid&raquo; header_text_color=&raquo;#ffffff&raquo; custom_padding=&raquo;0.5em|0px|0.5em|0px&raquo; _builder_version=&raquo;3.0.66&#8243;]<\/p>\n<h1>30. august til 2. september 2018<\/h1>\n<p>[\/et_pb_text][\/et_pb_column][\/et_pb_row][\/et_pb_section][et_pb_section bb_built=&raquo;1&#8243; fullwidth=&raquo;off&raquo; specialty=&raquo;on&raquo;][et_pb_column type=&raquo;1_4&#8243;][et_pb_button admin_label=&raquo;Tidlegare diktardagar knapp&raquo; global_module=&raquo;1479&#8243; saved_tabs=&raquo;all&raquo; button_url=&raquo;\/tidlegare\/&raquo; url_new_window=&raquo;off&raquo; button_text=&raquo;Tidligare diktardagar&raquo; button_alignment=&raquo;left&raquo; background_layout=&raquo;light&raquo; custom_button=&raquo;off&raquo; button_letter_spacing=&raquo;0&#8243; button_use_icon=&raquo;default&raquo; button_icon_placement=&raquo;right&raquo; button_on_hover=&raquo;on&raquo; button_letter_spacing_hover=&raquo;0&#8243; disabled=&raquo;off&raquo; disabled_on=&raquo;on|on|&raquo; \/][et_pb_text admin_label=&raquo;Sponsorer&raquo; global_module=&raquo;1538&#8243; background_layout=&raquo;light&raquo; text_orientation=&raquo;left&raquo; max_width=&raquo;150px&raquo; header_text_color=&raquo;#443f82&#8243; use_border_color=&raquo;off&raquo; border_color=&raquo;#ffffff&raquo; border_style=&raquo;solid&raquo; saved_tabs=&raquo;all&raquo; disabled=&raquo;off&raquo; disabled_on=&raquo;on|on|&raquo;]<\/p>\n<h1>Sponsorer<\/h1>\n<p><a href=\"http:\/\/www.oppland.no\/\" target=\"_blank\" rel=\"noopener noreferrer\"><img loading=\"lazy\" decoding=\"async\" class=\"alignnone wp-image-786 size-medium\" src=\"https:\/\/diktardagar.no\/2014\/wp-content\/uploads\/sites\/12\/2015\/07\/oppland_fylkeskommune-300x76.png\" alt=\"oppland_fylkeskommune\" width=\"300\" height=\"76\" srcset=\"https:\/\/diktardagar.no\/2014\/wp-content\/uploads\/sites\/12\/2015\/07\/oppland_fylkeskommune-300x76.png 300w, https:\/\/diktardagar.no\/2014\/wp-content\/uploads\/sites\/12\/2015\/07\/oppland_fylkeskommune.png 425w\" sizes=\"auto, (max-width: 300px) 100vw, 300px\" \/><\/a> <a href=\"http:\/\/kulturradet.no\/\" target=\"_blank\" rel=\"noopener noreferrer\"><img loading=\"lazy\" decoding=\"async\" class=\"alignnone wp-image-506 size-medium\" src=\"https:\/\/diktardagar.no\/2014\/wp-content\/uploads\/sites\/12\/2014\/07\/kulturr\u00e5d-300x268.png\" alt=\"kulturr\u00e5d\" width=\"300\" height=\"268\" srcset=\"https:\/\/diktardagar.no\/2014\/wp-content\/uploads\/sites\/12\/2014\/07\/kulturr\u00e5d-300x268.png 300w, https:\/\/diktardagar.no\/2014\/wp-content\/uploads\/sites\/12\/2014\/07\/kulturr\u00e5d-1024x915.png 1024w, https:\/\/diktardagar.no\/2014\/wp-content\/uploads\/sites\/12\/2014\/07\/kulturr\u00e5d.png 1409w\" sizes=\"auto, (max-width: 300px) 100vw, 300px\" \/><\/a> <a href=\"http:\/\/www.nord-gudbrandsdal.no\/\" target=\"_blank\" rel=\"noopener noreferrer\"><img loading=\"lazy\" decoding=\"async\" class=\"alignnone wp-image-509 size-medium\" src=\"https:\/\/diktardagar.no\/2014\/wp-content\/uploads\/sites\/12\/2014\/07\/regr\u00e5d-300x169.png\" width=\"300\" height=\"169\" srcset=\"https:\/\/diktardagar.no\/2014\/wp-content\/uploads\/sites\/12\/2014\/07\/regr\u00e5d-300x169.png 300w, https:\/\/diktardagar.no\/2014\/wp-content\/uploads\/sites\/12\/2014\/07\/regr\u00e5d.png 886w\" sizes=\"auto, (max-width: 300px) 100vw, 300px\" \/><\/a> <a href=\"https:\/\/www.sparebank1.no\/lom-skjaak\/privat.html\"><img loading=\"lazy\" decoding=\"async\" class=\"alignnone size-medium wp-image-1535\" src=\"https:\/\/diktardagar.no\/2014\/wp-content\/uploads\/sites\/12\/2017\/01\/Spb1LSlogo-300x89.jpg\" alt=\"Spb1LSlogo\" width=\"300\" height=\"89\" srcset=\"https:\/\/diktardagar.no\/2014\/wp-content\/uploads\/sites\/12\/2017\/01\/Spb1LSlogo-300x89.jpg 300w, https:\/\/diktardagar.no\/2014\/wp-content\/uploads\/sites\/12\/2017\/01\/Spb1LSlogo.jpg 414w\" sizes=\"auto, (max-width: 300px) 100vw, 300px\" \/><\/a> <a href=\"http:\/\/lom.kommune.no\/\" target=\"_blank\" rel=\"noopener noreferrer\"><img loading=\"lazy\" decoding=\"async\" class=\"alignnone wp-image-507 size-medium\" src=\"https:\/\/diktardagar.no\/2014\/wp-content\/uploads\/sites\/12\/2014\/07\/lom-kommune-300x102.png\" width=\"300\" height=\"102\" srcset=\"https:\/\/diktardagar.no\/2014\/wp-content\/uploads\/sites\/12\/2014\/07\/lom-kommune-300x102.png 300w, https:\/\/diktardagar.no\/2014\/wp-content\/uploads\/sites\/12\/2014\/07\/lom-kommune-1024x348.png 1024w, https:\/\/diktardagar.no\/2014\/wp-content\/uploads\/sites\/12\/2014\/07\/lom-kommune.png 1181w\" sizes=\"auto, (max-width: 300px) 100vw, 300px\" \/><\/a> <a href=\"http:\/\/www.skjaak.kommune.no\/\"><img loading=\"lazy\" decoding=\"async\" class=\"alignnone size-medium wp-image-781\" src=\"https:\/\/diktardagar.no\/2014\/wp-content\/uploads\/sites\/12\/2015\/07\/skjaak_logo_1-300x147.png\" alt=\"skjaak_logo\" width=\"300\" height=\"147\" srcset=\"https:\/\/diktardagar.no\/2014\/wp-content\/uploads\/sites\/12\/2015\/07\/skjaak_logo_1-300x147.png 300w, https:\/\/diktardagar.no\/2014\/wp-content\/uploads\/sites\/12\/2015\/07\/skjaak_logo_1.png 987w\" sizes=\"auto, (max-width: 300px) 100vw, 300px\" \/><\/a> <a href=\"http:\/\/www.fritt-ord.no\/\"><img loading=\"lazy\" decoding=\"async\" class=\"alignnone size-medium wp-image-505\" src=\"https:\/\/diktardagar.no\/2014\/wp-content\/uploads\/sites\/12\/2014\/07\/fritt-ord-266x300.png\" alt=\"fritt ord\" width=\"266\" height=\"300\" srcset=\"https:\/\/diktardagar.no\/2014\/wp-content\/uploads\/sites\/12\/2014\/07\/fritt-ord-266x300.png 266w, https:\/\/diktardagar.no\/2014\/wp-content\/uploads\/sites\/12\/2014\/07\/fritt-ord.png 713w\" sizes=\"auto, (max-width: 266px) 100vw, 266px\" \/><\/a><\/p>\n<h1>Takk \u00f2g til:<\/h1>\n<p>G-kultur<br \/>\nV\u00e5g\u00e5 kommune<br \/>\nSamlaget<br \/>\nEidefoss<br \/>\nGyldendal<br \/>\nOttadalen M\u00f8lle<br \/>\nFossberg Hotell<br \/>\nFossheim Hotell<br \/>\nCoop Ottadalen<br \/>\nNordal Eiendom<br \/>\nKiwi<br \/>\nStokk &amp; Stein<br \/>\nBakeriet i Lom<br \/>\nNorsk Fjellsenter<br \/>\nFjoset<br \/>\nFjell &amp; Fritid<br \/>\nGausdal Landhandel<br \/>\nFossheim Steinsenter<\/p>\n<p>[\/et_pb_text][\/et_pb_column][et_pb_column type=&raquo;3_4&#8243; specialty_columns=&raquo;3&#8243;][et_pb_row_inner admin_label=&raquo;Rad&raquo;][et_pb_column_inner type=&raquo;4_4&#8243; saved_specialty_column_type=&raquo;3_4&#8243;][et_pb_post_title title=&raquo;on&raquo; meta=&raquo;off&raquo; author=&raquo;off&raquo; date=&raquo;off&raquo; categories=&raquo;off&raquo; comments=&raquo;on&raquo; featured_image=&raquo;on&raquo; featured_placement=&raquo;below&raquo; parallax_effect=&raquo;on&raquo; parallax_method=&raquo;on&raquo; text_orientation=&raquo;left&raquo; text_color=&raquo;dark&raquo; text_background=&raquo;off&raquo; text_bg_color=&raquo;rgba(255,255,255,0.9)&raquo; module_bg_color=&raquo;rgba(255,255,255,0)&raquo; use_border_color=&raquo;off&raquo; border_color=&raquo;#ffffff&raquo; border_style=&raquo;solid&raquo; \/][et_pb_text admin_label=&raquo;Meny&raquo; _builder_version=&raquo;3.0.66&#8243; background_layout=&raquo;light&raquo; text_orientation=&raquo;left&raquo; border_style=&raquo;solid&raquo; module_id=&raquo;tidlegare_meny&raquo; saved_tabs=&raquo;all&raquo; global_module=&raquo;2351&#8243;]<\/p>\n<p>[su_menu name=&raquo;Diktardagar 2017&#8243;]<\/p>\n<p>[\/et_pb_text][et_pb_text background_layout=&raquo;light&raquo; text_orientation=&raquo;left&raquo; border_style=&raquo;solid&raquo; _builder_version=&raquo;3.0.66&#8243;]<\/p>\n<p>Vi presenterer \u00e5rests akt\u00f8rar:<\/p>\n<article class=\"aktorer_list\">\r\n\t<figure>\r\n\t\t<a href=\"https:\/\/diktardagar.no\/2014\/?post_type=aktr&#038;p=2245\"><img decoding=\"async\" src=\"https:\/\/diktardagar.no\/2014\/wp-content\/uploads\/sites\/12\/2017\/08\/p\u00e5l2-150x150.jpg\" alt=\"P\u00e5l Svindland\"><\/a>\r\n\t<\/figure>\r\n\t<header>\r\n\t\t<hgroup>\r\n\t\t\t<h2><a href=\"https:\/\/diktardagar.no\/2014\/?post_type=aktr&#038;p=2245\">P\u00e5l Svindland<\/a><\/h2>\r\n\t\t<\/hgroup>\r\n\t<\/header>\r\n\t<p><p>P\u00e5l Svindland er ein multikunstnar, som er bur i Heidal.  Han er han ein dyktig saksofonspelar og ikkje minst ein suveren gitarist. Han er mykje brukt som kordirigent i traktene, mellom anna for Skj\u00e5k songlag. P\u00e5l er kulturskulel\u00e6rar i Sel kommune. <\/p>\n<\/p>\r\n<\/article><article class=\"aktorer_list\">\r\n\t<figure>\r\n\t\t<a href=\"https:\/\/diktardagar.no\/2014\/?post_type=aktr&#038;p=2280\"><img decoding=\"async\" src=\"https:\/\/diktardagar.no\/2014\/wp-content\/uploads\/sites\/12\/2017\/08\/IMG_5856-e1504082685206-150x150.jpg\" alt=\"Kirsti Maanum\"><\/a>\r\n\t<\/figure>\r\n\t<header>\r\n\t\t<hgroup>\r\n\t\t\t<h2><a href=\"https:\/\/diktardagar.no\/2014\/?post_type=aktr&#038;p=2280\">Kirsti Maanum<\/a><\/h2>\r\n\t\t<\/hgroup>\r\n\t<\/header>\r\n\t<p><p>Leder i Oppland Forfatterlag. Utdannet Familieterapeut og l\u00e6rer. Dukkespiller i Dukketeater Diddi.<\/p>\n<\/p>\r\n<\/article><article class=\"aktorer_list\">\r\n\t<figure>\r\n\t\t<a href=\"https:\/\/diktardagar.no\/2014\/?post_type=aktr&#038;p=2243\"><img decoding=\"async\" src=\"https:\/\/diktardagar.no\/2014\/wp-content\/uploads\/sites\/12\/2017\/08\/endre-150x150.jpg\" alt=\"Endre Skj\u00e5k\"><\/a>\r\n\t<\/figure>\r\n\t<header>\r\n\t\t<hgroup>\r\n\t\t\t<h2><a href=\"https:\/\/diktardagar.no\/2014\/?post_type=aktr&#038;p=2243\">Endre Skj\u00e5k<\/a><\/h2>\r\n\t\t<\/hgroup>\r\n\t<\/header>\r\n\t<p><p>Endre Skj\u00e5k har ein bachelorgrad i drama\/teater fr\u00e5 NTNU i Trondheim. Han har erfaring fr\u00e5 Kristinspelet p\u00e5 Sel, og Teater Innlandet. Endre st\u00e5r bak den musikalske reisa Vindsus i fjell under festkvelden i Utgard.<\/p>\n<\/p>\r\n<\/article><article class=\"aktorer_list\">\r\n\t<figure>\r\n\t\t<a href=\"https:\/\/diktardagar.no\/2014\/?post_type=aktr&#038;p=2239\"><img decoding=\"async\" src=\"https:\/\/diktardagar.no\/2014\/wp-content\/uploads\/sites\/12\/2017\/08\/Tore-J\u00f8rgen-R\u00f8d\u00f8len-150x150.jpg\" alt=\"Tore J\u00f8rgen R\u00f8d\u00f8len\"><\/a>\r\n\t<\/figure>\r\n\t<header>\r\n\t\t<hgroup>\r\n\t\t\t<h2><a href=\"https:\/\/diktardagar.no\/2014\/?post_type=aktr&#038;p=2239\">Tore J\u00f8rgen R\u00f8d\u00f8len<\/a><\/h2>\r\n\t\t<\/hgroup>\r\n\t<\/header>\r\n\t<p><p>Tore J\u00f8rgen R\u00f8d\u00f8len, f\u00f8dd 1948. Fr\u00e5 Otta, busett i Gausdal. Pensjonert avdelingsoverlege.<br \/>\nHar spelt folkemusikk p\u00e5 fele sidan barndommen, etter kvart ogs\u00e5 andre strykeinstrument<\/p>\n<\/p>\r\n<\/article><article class=\"aktorer_list\">\r\n\t<figure>\r\n\t\t<a href=\"https:\/\/diktardagar.no\/2014\/?post_type=aktr&#038;p=2226\"><img decoding=\"async\" src=\"https:\/\/diktardagar.no\/2014\/wp-content\/uploads\/sites\/12\/2017\/08\/Ola-profilbilete-2-150x150.jpg\" alt=\"Ola Gr\u00f8sland\"><\/a>\r\n\t<\/figure>\r\n\t<header>\r\n\t\t<hgroup>\r\n\t\t\t<h2><a href=\"https:\/\/diktardagar.no\/2014\/?post_type=aktr&#038;p=2226\">Ola Gr\u00f8sland<\/a><\/h2>\r\n\t\t<\/hgroup>\r\n\t<\/header>\r\n\t<p><p>Ola Gr\u00f8sland, f\u00f8dd 1947. Pensjonert lektor med norsk hovudfag. Har arbeidd med mange ulike kulturoppg\u00e5ver, s\u00e6rleg knytt til spr\u00e5k og folkemusikk.<\/p>\n<\/p>\r\n<\/article><article class=\"aktorer_list\">\r\n\t<figure>\r\n\t\t<a href=\"https:\/\/diktardagar.no\/2014\/?post_type=aktr&#038;p=2216\"><img decoding=\"async\" src=\"https:\/\/diktardagar.no\/2014\/wp-content\/uploads\/sites\/12\/2017\/05\/Aadland-07-Foto-Edgar-Bachel-150x150.jpg\" alt=\"Tom Roger Aadland\"><\/a>\r\n\t<\/figure>\r\n\t<header>\r\n\t\t<hgroup>\r\n\t\t\t<h2><a href=\"https:\/\/diktardagar.no\/2014\/?post_type=aktr&#038;p=2216\">Tom Roger Aadland<\/a><\/h2>\r\n\t\t<\/hgroup>\r\n\t<\/header>\r\n\t<p><p>Tom Roger Aadland (1964) er rockepoet fr\u00e5 Haugesund. Han har s\u00e5 langt i karrieren gjeve ut seks album. I 2009 kom &laquo;Blod p\u00e5 spora&raquo;, ein nynorsk versjon av Bib Dylans klassiske &laquo;Blood on the Tracks&raquo; fr\u00e5 1975. I fjor kom han med albumet &laquo;Blondt i blondt&raquo;, si andre utgjeving med Bob Dylan i nynorsk versjon. Denne plata vart k\u00e5ra til \u00e5rets beste av NRK P1 Norsk p\u00e5 norsk.<\/p>\n<\/p>\r\n<\/article><article class=\"aktorer_list\">\r\n\t<figure>\r\n\t\t<a href=\"https:\/\/diktardagar.no\/2014\/?post_type=aktr&#038;p=2030\"><img decoding=\"async\" src=\"https:\/\/diktardagar.no\/2014\/wp-content\/uploads\/sites\/12\/2017\/07\/Bjertnes1-150x150.jpg\" alt=\"Wilhelm Ruud Bjertnes\"><\/a>\r\n\t<\/figure>\r\n\t<header>\r\n\t\t<hgroup>\r\n\t\t\t<h2><a href=\"https:\/\/diktardagar.no\/2014\/?post_type=aktr&#038;p=2030\">Wilhelm Ruud Bjertnes<\/a><\/h2>\r\n\t\t<\/hgroup>\r\n\t<\/header>\r\n\t<p><p>Wilhelm kom til Lom som l\u00e6rar.  Han har studert m\u00e5larkunst i Oslo og Paris, og har hatt mange utstillingar b\u00e5de i Noreg og i utlandet.<\/p>\n<\/p>\r\n<\/article><article class=\"aktorer_list\">\r\n\t<figure>\r\n\t\t<a href=\"https:\/\/diktardagar.no\/2014\/?post_type=aktr&#038;p=2007\"><img decoding=\"async\" src=\"https:\/\/diktardagar.no\/2014\/wp-content\/uploads\/sites\/12\/2017\/07\/Kolden_20Ragnhild_202010_20c_20Tove_20K_20Breistein_20svart_20kvitt_2048x2048-150x150.jpg\" alt=\"Ragnhild Kolden\"><\/a>\r\n\t<\/figure>\r\n\t<header>\r\n\t\t<hgroup>\r\n\t\t\t<h2><a href=\"https:\/\/diktardagar.no\/2014\/?post_type=aktr&#038;p=2007\">Ragnhild Kolden<\/a><\/h2>\r\n\t\t<\/hgroup>\r\n\t<\/header>\r\n\t<p><p>Ragnhild Kolden er f\u00f8dd i 1956. Ho kjem fr\u00e5 B\u00f8verdalen i Lom og bur for tida i Oslo. Ragnhild er universitetetsutdanna i faga filosofi, sosialantropologi, psykologi og kristendomskunnskap.<\/p>\n<\/p>\r\n<\/article><article class=\"aktorer_list\">\r\n\t<figure>\r\n\t\t<a href=\"https:\/\/diktardagar.no\/2014\/?post_type=aktr&#038;p=1950\"><img decoding=\"async\" src=\"https:\/\/diktardagar.no\/2014\/wp-content\/uploads\/sites\/12\/2017\/05\/Tungen-Therese-150x150.jpg\" alt=\"Therese Tungen\"><\/a>\r\n\t<\/figure>\r\n\t<header>\r\n\t\t<hgroup>\r\n\t\t\t<h2><a href=\"https:\/\/diktardagar.no\/2014\/?post_type=aktr&#038;p=1950\">Therese Tungen<\/a><\/h2>\r\n\t\t<\/hgroup>\r\n\t<\/header>\r\n\t<p><p>Therese Tungen (f\u00f8dt i 1977) kjem fr\u00e5 Kvam i Gudbrandsdalen og bur i Oslo.<\/p>\n<\/p>\r\n<\/article><article class=\"aktorer_list\">\r\n\t<figure>\r\n\t\t<a href=\"https:\/\/diktardagar.no\/2014\/?post_type=aktr&#038;p=1947\"><img decoding=\"async\" src=\"https:\/\/diktardagar.no\/2014\/wp-content\/uploads\/sites\/12\/2017\/05\/sulheim-odde-brimi-2-2-150x150.jpg\" alt=\"Astrid Sulheim, Aslak Brimi og Bj\u00f8rn K\u00e5re Odde\"><\/a>\r\n\t<\/figure>\r\n\t<header>\r\n\t\t<hgroup>\r\n\t\t\t<h2><a href=\"https:\/\/diktardagar.no\/2014\/?post_type=aktr&#038;p=1947\">Astrid Sulheim, Aslak Brimi og Bj\u00f8rn K\u00e5re Odde<\/a><\/h2>\r\n\t\t<\/hgroup>\r\n\t<\/header>\r\n\t<p><p>Aslak Brimi (f. 1983) har vore aktiv spelmann, meiningsytrar og kappleiksdeltakar sidan 2000.  Astrid Sulheim (f. 1977) er busett i Lom og jobbar til dagleg som fastlege. Bj\u00f8rn K\u00e5re Odde (f. 1990) er frilansmusikar med utdanning fr\u00e5 Norges Musikkh\u00f8gskole i Oslo.<\/p>\n<\/p>\r\n<\/article><article class=\"aktorer_list\">\r\n\t<figure>\r\n\t\t<a href=\"https:\/\/diktardagar.no\/2014\/?post_type=aktr&#038;p=1937\"><img decoding=\"async\" src=\"https:\/\/diktardagar.no\/2014\/wp-content\/uploads\/sites\/12\/2017\/05\/Sissel-Furuseth-150x150.jpg\" alt=\"Sissel Furuseth\"><\/a>\r\n\t<\/figure>\r\n\t<header>\r\n\t\t<hgroup>\r\n\t\t\t<h2><a href=\"https:\/\/diktardagar.no\/2014\/?post_type=aktr&#038;p=1937\">Sissel Furuseth<\/a><\/h2>\r\n\t\t<\/hgroup>\r\n\t<\/header>\r\n\t<p><p>Sissel Furuseth (f. 1971) kjem fr\u00e5 ein gard i Ullensaker og  vaks opp i skogkommunen Grue i Hedmark.<\/p>\n<\/p>\r\n<\/article><article class=\"aktorer_list\">\r\n\t<figure>\r\n\t\t<a href=\"https:\/\/diktardagar.no\/2014\/?post_type=aktr&#038;p=1936\"><img decoding=\"async\" src=\"https:\/\/diktardagar.no\/2014\/wp-content\/uploads\/sites\/12\/2017\/05\/selma-150x150.jpg\" alt=\"Selma L\u00f8nning\"><\/a>\r\n\t<\/figure>\r\n\t<header>\r\n\t\t<hgroup>\r\n\t\t\t<h2><a href=\"https:\/\/diktardagar.no\/2014\/?post_type=aktr&#038;p=1936\">Selma L\u00f8nning<\/a><\/h2>\r\n\t\t<\/hgroup>\r\n\t<\/header>\r\n\t<p><p>Selma L\u00f8nning Aar\u00f8, norsk forfatter og spaltist.<\/p>\n<\/p>\r\n<\/article><article class=\"aktorer_list\">\r\n\t<figure>\r\n\t\t<a href=\"https:\/\/diktardagar.no\/2014\/?post_type=aktr&#038;p=1935\"><img decoding=\"async\" src=\"https:\/\/diktardagar.no\/2014\/wp-content\/uploads\/sites\/12\/2017\/05\/Majorstuen-150x150.jpg\" alt=\"Majorstuen\"><\/a>\r\n\t<\/figure>\r\n\t<header>\r\n\t\t<hgroup>\r\n\t\t\t<h2><a href=\"https:\/\/diktardagar.no\/2014\/?post_type=aktr&#038;p=1935\">Majorstuen<\/a><\/h2>\r\n\t\t<\/hgroup>\r\n\t<\/header>\r\n\t<p><p>Medverkande: Bj\u00f8rn K\u00e5re Odde, Synn\u00f8ve S. Bj\u00f8rset, Anders L\u00f6fberg, Tove Hagen, Torfinn Hofstad<\/p>\n<\/p>\r\n<\/article><article class=\"aktorer_list\">\r\n\t<figure>\r\n\t\t<a href=\"https:\/\/diktardagar.no\/2014\/?post_type=aktr&#038;p=1934\"><img decoding=\"async\" src=\"https:\/\/diktardagar.no\/2014\/wp-content\/uploads\/sites\/12\/2017\/05\/JensM.Johansen-150x150.jpg\" alt=\"Jens M. Johansson\"><\/a>\r\n\t<\/figure>\r\n\t<header>\r\n\t\t<hgroup>\r\n\t\t\t<h2><a href=\"https:\/\/diktardagar.no\/2014\/?post_type=aktr&#038;p=1934\">Jens M. Johansson<\/a><\/h2>\r\n\t\t<\/hgroup>\r\n\t<\/header>\r\n\t<p><p>Jens M. Johansson er f\u00f8dt i Stockholm i 1971, men vaks opp i Oslo.  I Klassekampen og i Dagens N\u00e6ringslivs l\u00f8rdagsmagasin har han jobbea som gravejournalist, musikkritiker og humorist.<\/p>\n<\/p>\r\n<\/article><article class=\"aktorer_list\">\r\n\t<figure>\r\n\t\t<a href=\"https:\/\/diktardagar.no\/2014\/?post_type=aktr&#038;p=1933\"><img decoding=\"async\" src=\"https:\/\/diktardagar.no\/2014\/wp-content\/uploads\/sites\/12\/2017\/05\/Diesen-Jan-Anders_medium-150x150.jpg\" alt=\"Jan Anders Diesen\"><\/a>\r\n\t<\/figure>\r\n\t<header>\r\n\t\t<hgroup>\r\n\t\t\t<h2><a href=\"https:\/\/diktardagar.no\/2014\/?post_type=aktr&#038;p=1933\">Jan Anders Diesen<\/a><\/h2>\r\n\t\t<\/hgroup>\r\n\t<\/header>\r\n\t<p><p>Fimhistorikar og professor i filmhistorie ved H\u00f8gskulen i Innlandet, Lillehammer<\/p>\n<\/p>\r\n<\/article><article class=\"aktorer_list\">\r\n\t<figure>\r\n\t\t<a href=\"https:\/\/diktardagar.no\/2014\/?post_type=aktr&#038;p=1932\"><img decoding=\"async\" src=\"https:\/\/diktardagar.no\/2014\/wp-content\/uploads\/sites\/12\/2017\/05\/Haugsbakk-Geir_medium-150x150.jpg\" alt=\"Geir Haugsbakk\"><\/a>\r\n\t<\/figure>\r\n\t<header>\r\n\t\t<hgroup>\r\n\t\t\t<h2><a href=\"https:\/\/diktardagar.no\/2014\/?post_type=aktr&#038;p=1932\">Geir Haugsbakk<\/a><\/h2>\r\n\t\t<\/hgroup>\r\n\t<\/header>\r\n\t<p><p>Geir Haugsbakk er f\u00f8dt p\u00e5 Lillehammer i 1956 og er f\u00f8rsteamanuensis i pedagogikk ved H\u00f8gskolen i Lillehammer.<\/p>\n<\/p>\r\n<\/article><article class=\"aktorer_list\">\r\n\t<figure>\r\n\t\t<a href=\"https:\/\/diktardagar.no\/2014\/?post_type=aktr&#038;p=1931\"><img decoding=\"async\" src=\"https:\/\/diktardagar.no\/2014\/wp-content\/uploads\/sites\/12\/2017\/05\/10403003_10152973432895039_4414821660044623453_n1-150x150.jpg\" alt=\"Are Kalv\u00f8\"><\/a>\r\n\t<\/figure>\r\n\t<header>\r\n\t\t<hgroup>\r\n\t\t\t<h2><a href=\"https:\/\/diktardagar.no\/2014\/?post_type=aktr&#038;p=1931\">Are Kalv\u00f8<\/a><\/h2>\r\n\t\t<\/hgroup>\r\n\t<\/header>\r\n\t<p><p>Are Kalv\u00f8 (f. 1969 i Stranda) kjent forfattar og satirikar. Are bur i Oslo.<\/p>\n<\/p>\r\n<\/article><article class=\"aktorer_list\">\r\n\t<figure>\r\n\t\t<a href=\"https:\/\/diktardagar.no\/2014\/?post_type=aktr&#038;p=1930\"><img decoding=\"async\" src=\"https:\/\/diktardagar.no\/2014\/wp-content\/uploads\/sites\/12\/2017\/05\/Aina_20Basso_202010_2048x2048-150x150.jpg\" alt=\"Aina Basso\"><\/a>\r\n\t<\/figure>\r\n\t<header>\r\n\t\t<hgroup>\r\n\t\t\t<h2><a href=\"https:\/\/diktardagar.no\/2014\/?post_type=aktr&#038;p=1930\">Aina Basso<\/a><\/h2>\r\n\t\t<\/hgroup>\r\n\t<\/header>\r\n\t<p><p>Aina Basso (f. 1979) kjem fr\u00e5 Giske. Ho debuterte i 2008 med ungdomsromanen Ingen m\u00e5 vite. Basso er utdanna historikar og bur i Oslo.<\/p>\n<\/p>\r\n<\/article><article class=\"aktorer_list\">\r\n\t<figure>\r\n\t\t<a href=\"https:\/\/diktardagar.no\/2014\/?post_type=aktr&#038;p=1725\"><img decoding=\"async\" src=\"https:\/\/diktardagar.no\/2014\/wp-content\/uploads\/sites\/12\/2017\/01\/Forelesaren_enhanced1-150x150.jpg\" alt=\"Torstein K. Garmo\"><\/a>\r\n\t<\/figure>\r\n\t<header>\r\n\t\t<hgroup>\r\n\t\t\t<h2><a href=\"https:\/\/diktardagar.no\/2014\/?post_type=aktr&#038;p=1725\">Torstein K. Garmo<\/a><\/h2>\r\n\t\t<\/hgroup>\r\n\t<\/header>\r\n\t<p><p>Torstein K. Garmo er gardbrukar i Garmo og n\u00e6raste granne til Garmostr\u00e6det og Hamsunstugu. Han har stor interesse for Knut Hamsun og lokal historie. I \u00e5r skal han prate om Uppigard Garmo, slekta og grenda p\u00e5 seminaret b\u00e5de fredag og laurdag.<\/p>\n<\/p>\r\n<\/article><article class=\"aktorer_list\">\r\n\t<figure>\r\n\t\t<a href=\"https:\/\/diktardagar.no\/2014\/?post_type=aktr&#038;p=1712\"><img decoding=\"async\" src=\"https:\/\/diktardagar.no\/2014\/wp-content\/uploads\/sites\/12\/2015\/07\/Norsk-kvedarforum-150x150.jpg\" alt=\"Norsk kvedarforum\"><\/a>\r\n\t<\/figure>\r\n\t<header>\r\n\t\t<hgroup>\r\n\t\t\t<h2><a href=\"https:\/\/diktardagar.no\/2014\/?post_type=aktr&#038;p=1712\">Norsk kvedarforum<\/a><\/h2>\r\n\t\t<\/hgroup>\r\n\t<\/header>\r\n\t<p><p>Norsk kvedarforum ved Kvedargruppe i Lom &#8211; Skj\u00e5k &#8211; V\u00e5g\u00e5 st\u00e5r for prosjektet Barn i lokal songarv. Tiltaket er retta mot alle seks\u00e5ringane i Ottadalen og inneber eit songm\u00f8te i barnehagen f\u00f8r sumarferien og ei l\u00e6rings\u00f8kt i fyrsteklasse under  Diktardagar, fredag 2. september.<\/p>\n<\/p>\r\n<\/article><article class=\"aktorer_list\">\r\n\t<figure>\r\n\t\t<a href=\"https:\/\/diktardagar.no\/2014\/?post_type=aktr&#038;p=1711\"><img decoding=\"async\" src=\"https:\/\/diktardagar.no\/2014\/wp-content\/uploads\/sites\/12\/2017\/01\/magnhild-150x150.jpg\" alt=\"Magnhild Bruheim\"><\/a>\r\n\t<\/figure>\r\n\t<header>\r\n\t\t<hgroup>\r\n\t\t\t<h2><a href=\"https:\/\/diktardagar.no\/2014\/?post_type=aktr&#038;p=1711\">Magnhild Bruheim<\/a><\/h2>\r\n\t\t<\/hgroup>\r\n\t<\/header>\r\n\t<p><p>Magnhild Bruheim er f\u00f8dd og oppvaksen i Skj\u00e5k. Ho bur n\u00e5 p\u00e5 Lillehammer og arbeider som frilans journalist og forfattar. Magnhild har skrive i alt 16 b\u00f8ker, seks av dei er krimb\u00f8ker, seks er spenningsb\u00f8ker for ungdom.<\/p>\n<\/p>\r\n<\/article>\n<p><!-- [pagelist_ext depth=\"\" child_of=\"1447\" image_width=\"50\" image_height=\"50\" sort_column=\"post_title\"] --><\/p>\n<p>[\/et_pb_text][\/et_pb_column_inner][\/et_pb_row_inner][\/et_pb_column][\/et_pb_section]<\/p>\n","protected":false},"excerpt":{"rendered":"<p>[et_pb_section bb_built=&raquo;1&#8243; admin_label=&raquo;Mobil topp&raquo; custom_padding=&raquo;0px|0px|0px|0px&raquo; disabled_on=&raquo;on||&raquo; background_image=&raquo;https:\/\/diktardagar.no\/2014\/wp-content\/uploads\/sites\/12\/2016\/04\/banner1.png&raquo; custom_css_main_element=&raquo;height: 240px;&raquo; _builder_version=&raquo;3.0.66&#8243; disabled=&raquo;off&raquo; global_module=&raquo;1540&#8243;][et_pb_row admin_label=&raquo;row&raquo; global_parent=&raquo;1540&#8243; make_fullwidth=&raquo;on&raquo; custom_padding=&raquo;|||&raquo; custom_margin=&raquo;|1em||&raquo; _builder_version=&raquo;3.0.66&#8243; background_size=&raquo;initial&raquo; background_position=&raquo;top_left&raquo; background_repeat=&raquo;repeat&raquo;][et_pb_column type=&raquo;3_4&#8243;][\/et_pb_column][et_pb_column type=&raquo;1_4&#8243;][et_pb_text admin_label=&raquo;Slagord&raquo; global_parent=&raquo;1540&#8243; module_id=&raquo;slagord&raquo; _builder_version=&raquo;3.0.66&#8243; header_text_color=&raquo;#443f82&#8243; background_size=&raquo;initial&raquo; background_position=&raquo;top_left&raquo; background_repeat=&raquo;repeat&raquo; background_layout=&raquo;light&raquo; text_orientation=&raquo;left&raquo; border_style=&raquo;solid&raquo;] Aa. O. Vinje 200 \u00e5r Barne-litteratur [\/et_pb_text][\/et_pb_column][\/et_pb_row][\/et_pb_section][et_pb_section bb_built=&raquo;1&#8243; admin_label=&raquo;section&raquo; transparent_background=&raquo;off&raquo; background_color=&raquo;#5b8f9e&raquo; allow_player_pause=&raquo;off&raquo; inner_shadow=&raquo;off&raquo; parallax=&raquo;off&raquo; parallax_method=&raquo;on&raquo; custom_padding=&raquo;0.5em|0px|0.5em|0px&raquo; make_fullwidth=&raquo;off&raquo; use_custom_width=&raquo;off&raquo; width_unit=&raquo;off&raquo; make_equal=&raquo;off&raquo; use_custom_gutter=&raquo;off&raquo;&hellip;<\/p>\n","protected":false},"author":1,"featured_media":0,"parent":1406,"menu_order":0,"comment_status":"closed","ping_status":"closed","template":"","meta":{"footnotes":""},"class_list":["post-1073","page","type-page","status-publish","hentry"],"yoast_head":"<!-- This site is optimized with the Yoast SEO plugin v27.5 - https:\/\/yoast.com\/product\/yoast-seo-wordpress\/ -->\n<title>Akt\u00f8rar 2017 - Diktardagar 2014<\/title>\n<meta name=\"robots\" content=\"index, follow, max-snippet:-1, max-image-preview:large, max-video-preview:-1\" \/>\n<link rel=\"canonical\" href=\"https:\/\/diktardagar.no\/2014\/tidlegare\/diktardagar-2017\/aktorar\/\" class=\"yoast-seo-meta-tag\" \/>\n<meta property=\"og:locale\" content=\"nb_NO\" class=\"yoast-seo-meta-tag\" \/>\n<meta property=\"og:type\" content=\"article\" class=\"yoast-seo-meta-tag\" \/>\n<meta property=\"og:title\" content=\"Akt\u00f8rar 2017 - Diktardagar 2014\" class=\"yoast-seo-meta-tag\" \/>\n<meta property=\"og:description\" content=\"[et_pb_section bb_built=&raquo;1&#8243; admin_label=&raquo;Mobil topp&raquo; custom_padding=&raquo;0px|0px|0px|0px&raquo; disabled_on=&raquo;on||&raquo; background_image=&raquo;https:\/\/diktardagar.no\/2014\/wp-content\/uploads\/sites\/12\/2016\/04\/banner1.png&raquo; custom_css_main_element=&raquo;height: 240px;&raquo; _builder_version=&raquo;3.0.66&#8243; disabled=&raquo;off&raquo; global_module=&raquo;1540&#8243;][et_pb_row admin_label=&raquo;row&raquo; global_parent=&raquo;1540&#8243; make_fullwidth=&raquo;on&raquo; custom_padding=&raquo;|||&raquo; custom_margin=&raquo;|1em||&raquo; _builder_version=&raquo;3.0.66&#8243; background_size=&raquo;initial&raquo; background_position=&raquo;top_left&raquo; background_repeat=&raquo;repeat&raquo;][et_pb_column type=&raquo;3_4&#8243;][\/et_pb_column][et_pb_column type=&raquo;1_4&#8243;][et_pb_text admin_label=&raquo;Slagord&raquo; global_parent=&raquo;1540&#8243; module_id=&raquo;slagord&raquo; _builder_version=&raquo;3.0.66&#8243; header_text_color=&raquo;#443f82&#8243; background_size=&raquo;initial&raquo; background_position=&raquo;top_left&raquo; background_repeat=&raquo;repeat&raquo; background_layout=&raquo;light&raquo; text_orientation=&raquo;left&raquo; border_style=&raquo;solid&raquo;] Aa. O. Vinje 200 \u00e5r Barne-litteratur [\/et_pb_text][\/et_pb_column][\/et_pb_row][\/et_pb_section][et_pb_section bb_built=&raquo;1&#8243; admin_label=&raquo;section&raquo; transparent_background=&raquo;off&raquo; background_color=&raquo;#5b8f9e&raquo; allow_player_pause=&raquo;off&raquo; inner_shadow=&raquo;off&raquo; parallax=&raquo;off&raquo; parallax_method=&raquo;on&raquo; custom_padding=&raquo;0.5em|0px|0.5em|0px&raquo; make_fullwidth=&raquo;off&raquo; use_custom_width=&raquo;off&raquo; width_unit=&raquo;off&raquo; make_equal=&raquo;off&raquo; use_custom_gutter=&raquo;off&raquo;&hellip;\" class=\"yoast-seo-meta-tag\" \/>\n<meta property=\"og:url\" content=\"https:\/\/diktardagar.no\/2014\/tidlegare\/diktardagar-2017\/aktorar\/\" class=\"yoast-seo-meta-tag\" \/>\n<meta property=\"og:site_name\" content=\"Diktardagar 2014\" class=\"yoast-seo-meta-tag\" \/>\n<meta property=\"article:modified_time\" content=\"2017-11-03T08:16:01+00:00\" class=\"yoast-seo-meta-tag\" \/>\n<meta property=\"og:image\" content=\"https:\/\/diktardagar.no\/2014\/wp-content\/uploads\/sites\/12\/2015\/07\/oppland_fylkeskommune-300x76.png\" class=\"yoast-seo-meta-tag\" \/>\n<meta name=\"twitter:card\" content=\"summary_large_image\" class=\"yoast-seo-meta-tag\" \/>\n<meta name=\"twitter:label1\" content=\"Ansl. lesetid\" class=\"yoast-seo-meta-tag\" \/>\n\t<meta name=\"twitter:data1\" content=\"3 minutter\" class=\"yoast-seo-meta-tag\" \/>\n<script type=\"application\/ld+json\" class=\"yoast-schema-graph\">{\"@context\":\"https:\\\/\\\/schema.org\",\"@graph\":[{\"@type\":\"WebPage\",\"@id\":\"https:\\\/\\\/diktardagar.no\\\/2014\\\/tidlegare\\\/diktardagar-2017\\\/aktorar\\\/\",\"url\":\"https:\\\/\\\/diktardagar.no\\\/2014\\\/tidlegare\\\/diktardagar-2017\\\/aktorar\\\/\",\"name\":\"Akt\u00f8rar 2017 - Diktardagar 2014\",\"isPartOf\":{\"@id\":\"https:\\\/\\\/diktardagar.no\\\/2014\\\/#website\"},\"primaryImageOfPage\":{\"@id\":\"https:\\\/\\\/diktardagar.no\\\/2014\\\/tidlegare\\\/diktardagar-2017\\\/aktorar\\\/#primaryimage\"},\"image\":{\"@id\":\"https:\\\/\\\/diktardagar.no\\\/2014\\\/tidlegare\\\/diktardagar-2017\\\/aktorar\\\/#primaryimage\"},\"thumbnailUrl\":\"https:\\\/\\\/diktardagar.no\\\/2014\\\/wp-content\\\/uploads\\\/sites\\\/12\\\/2015\\\/07\\\/oppland_fylkeskommune-300x76.png\",\"datePublished\":\"2016-04-04T20:17:21+00:00\",\"dateModified\":\"2017-11-03T08:16:01+00:00\",\"breadcrumb\":{\"@id\":\"https:\\\/\\\/diktardagar.no\\\/2014\\\/tidlegare\\\/diktardagar-2017\\\/aktorar\\\/#breadcrumb\"},\"inLanguage\":\"nb-NO\",\"potentialAction\":[{\"@type\":\"ReadAction\",\"target\":[\"https:\\\/\\\/diktardagar.no\\\/2014\\\/tidlegare\\\/diktardagar-2017\\\/aktorar\\\/\"]}]},{\"@type\":\"ImageObject\",\"inLanguage\":\"nb-NO\",\"@id\":\"https:\\\/\\\/diktardagar.no\\\/2014\\\/tidlegare\\\/diktardagar-2017\\\/aktorar\\\/#primaryimage\",\"url\":\"https:\\\/\\\/diktardagar.no\\\/2014\\\/wp-content\\\/uploads\\\/sites\\\/12\\\/2015\\\/07\\\/oppland_fylkeskommune.png\",\"contentUrl\":\"https:\\\/\\\/diktardagar.no\\\/2014\\\/wp-content\\\/uploads\\\/sites\\\/12\\\/2015\\\/07\\\/oppland_fylkeskommune.png\",\"width\":425,\"height\":108,\"caption\":\"oppland_fylkeskommune\"},{\"@type\":\"BreadcrumbList\",\"@id\":\"https:\\\/\\\/diktardagar.no\\\/2014\\\/tidlegare\\\/diktardagar-2017\\\/aktorar\\\/#breadcrumb\",\"itemListElement\":[{\"@type\":\"ListItem\",\"position\":1,\"name\":\"Hjem\",\"item\":\"https:\\\/\\\/diktardagar.no\\\/2014\\\/\"},{\"@type\":\"ListItem\",\"position\":2,\"name\":\"Tidlegare diktardagar\",\"item\":\"https:\\\/\\\/diktardagar.no\\\/2014\\\/tidlegare\\\/\"},{\"@type\":\"ListItem\",\"position\":3,\"name\":\"Diktardagar 2017\",\"item\":\"https:\\\/\\\/diktardagar.no\\\/2014\\\/tidlegare\\\/diktardagar-2017\\\/\"},{\"@type\":\"ListItem\",\"position\":4,\"name\":\"Akt\u00f8rar 2017\"}]},{\"@type\":\"WebSite\",\"@id\":\"https:\\\/\\\/diktardagar.no\\\/2014\\\/#website\",\"url\":\"https:\\\/\\\/diktardagar.no\\\/2014\\\/\",\"name\":\"Diktardagar 2014\",\"description\":\"\",\"potentialAction\":[{\"@type\":\"SearchAction\",\"target\":{\"@type\":\"EntryPoint\",\"urlTemplate\":\"https:\\\/\\\/diktardagar.no\\\/2014\\\/?s={search_term_string}\"},\"query-input\":{\"@type\":\"PropertyValueSpecification\",\"valueRequired\":true,\"valueName\":\"search_term_string\"}}],\"inLanguage\":\"nb-NO\"}]}<\/script>\n<!-- \/ Yoast SEO plugin. -->","yoast_head_json":{"title":"Akt\u00f8rar 2017 - Diktardagar 2014","robots":{"index":"index","follow":"follow","max-snippet":"max-snippet:-1","max-image-preview":"max-image-preview:large","max-video-preview":"max-video-preview:-1"},"canonical":"https:\/\/diktardagar.no\/2014\/tidlegare\/diktardagar-2017\/aktorar\/","og_locale":"nb_NO","og_type":"article","og_title":"Akt\u00f8rar 2017 - Diktardagar 2014","og_description":"[et_pb_section bb_built=&raquo;1&#8243; admin_label=&raquo;Mobil topp&raquo; custom_padding=&raquo;0px|0px|0px|0px&raquo; disabled_on=&raquo;on||&raquo; background_image=&raquo;https:\/\/diktardagar.no\/2014\/wp-content\/uploads\/sites\/12\/2016\/04\/banner1.png&raquo; custom_css_main_element=&raquo;height: 240px;&raquo; _builder_version=&raquo;3.0.66&#8243; disabled=&raquo;off&raquo; global_module=&raquo;1540&#8243;][et_pb_row admin_label=&raquo;row&raquo; global_parent=&raquo;1540&#8243; make_fullwidth=&raquo;on&raquo; custom_padding=&raquo;|||&raquo; custom_margin=&raquo;|1em||&raquo; _builder_version=&raquo;3.0.66&#8243; background_size=&raquo;initial&raquo; background_position=&raquo;top_left&raquo; background_repeat=&raquo;repeat&raquo;][et_pb_column type=&raquo;3_4&#8243;][\/et_pb_column][et_pb_column type=&raquo;1_4&#8243;][et_pb_text admin_label=&raquo;Slagord&raquo; global_parent=&raquo;1540&#8243; module_id=&raquo;slagord&raquo; _builder_version=&raquo;3.0.66&#8243; header_text_color=&raquo;#443f82&#8243; background_size=&raquo;initial&raquo; background_position=&raquo;top_left&raquo; background_repeat=&raquo;repeat&raquo; background_layout=&raquo;light&raquo; text_orientation=&raquo;left&raquo; border_style=&raquo;solid&raquo;] Aa. O. Vinje 200 \u00e5r Barne-litteratur [\/et_pb_text][\/et_pb_column][\/et_pb_row][\/et_pb_section][et_pb_section bb_built=&raquo;1&#8243; admin_label=&raquo;section&raquo; transparent_background=&raquo;off&raquo; background_color=&raquo;#5b8f9e&raquo; allow_player_pause=&raquo;off&raquo; inner_shadow=&raquo;off&raquo; parallax=&raquo;off&raquo; parallax_method=&raquo;on&raquo; custom_padding=&raquo;0.5em|0px|0.5em|0px&raquo; make_fullwidth=&raquo;off&raquo; use_custom_width=&raquo;off&raquo; width_unit=&raquo;off&raquo; make_equal=&raquo;off&raquo; use_custom_gutter=&raquo;off&raquo;&hellip;","og_url":"https:\/\/diktardagar.no\/2014\/tidlegare\/diktardagar-2017\/aktorar\/","og_site_name":"Diktardagar 2014","article_modified_time":"2017-11-03T08:16:01+00:00","og_image":[{"url":"https:\/\/diktardagar.no\/2014\/wp-content\/uploads\/sites\/12\/2015\/07\/oppland_fylkeskommune-300x76.png","type":"","width":"","height":""}],"twitter_card":"summary_large_image","twitter_misc":{"Ansl. lesetid":"3 minutter"},"schema":{"@context":"https:\/\/schema.org","@graph":[{"@type":"WebPage","@id":"https:\/\/diktardagar.no\/2014\/tidlegare\/diktardagar-2017\/aktorar\/","url":"https:\/\/diktardagar.no\/2014\/tidlegare\/diktardagar-2017\/aktorar\/","name":"Akt\u00f8rar 2017 - Diktardagar 2014","isPartOf":{"@id":"https:\/\/diktardagar.no\/2014\/#website"},"primaryImageOfPage":{"@id":"https:\/\/diktardagar.no\/2014\/tidlegare\/diktardagar-2017\/aktorar\/#primaryimage"},"image":{"@id":"https:\/\/diktardagar.no\/2014\/tidlegare\/diktardagar-2017\/aktorar\/#primaryimage"},"thumbnailUrl":"https:\/\/diktardagar.no\/2014\/wp-content\/uploads\/sites\/12\/2015\/07\/oppland_fylkeskommune-300x76.png","datePublished":"2016-04-04T20:17:21+00:00","dateModified":"2017-11-03T08:16:01+00:00","breadcrumb":{"@id":"https:\/\/diktardagar.no\/2014\/tidlegare\/diktardagar-2017\/aktorar\/#breadcrumb"},"inLanguage":"nb-NO","potentialAction":[{"@type":"ReadAction","target":["https:\/\/diktardagar.no\/2014\/tidlegare\/diktardagar-2017\/aktorar\/"]}]},{"@type":"ImageObject","inLanguage":"nb-NO","@id":"https:\/\/diktardagar.no\/2014\/tidlegare\/diktardagar-2017\/aktorar\/#primaryimage","url":"https:\/\/diktardagar.no\/2014\/wp-content\/uploads\/sites\/12\/2015\/07\/oppland_fylkeskommune.png","contentUrl":"https:\/\/diktardagar.no\/2014\/wp-content\/uploads\/sites\/12\/2015\/07\/oppland_fylkeskommune.png","width":425,"height":108,"caption":"oppland_fylkeskommune"},{"@type":"BreadcrumbList","@id":"https:\/\/diktardagar.no\/2014\/tidlegare\/diktardagar-2017\/aktorar\/#breadcrumb","itemListElement":[{"@type":"ListItem","position":1,"name":"Hjem","item":"https:\/\/diktardagar.no\/2014\/"},{"@type":"ListItem","position":2,"name":"Tidlegare diktardagar","item":"https:\/\/diktardagar.no\/2014\/tidlegare\/"},{"@type":"ListItem","position":3,"name":"Diktardagar 2017","item":"https:\/\/diktardagar.no\/2014\/tidlegare\/diktardagar-2017\/"},{"@type":"ListItem","position":4,"name":"Akt\u00f8rar 2017"}]},{"@type":"WebSite","@id":"https:\/\/diktardagar.no\/2014\/#website","url":"https:\/\/diktardagar.no\/2014\/","name":"Diktardagar 2014","description":"","potentialAction":[{"@type":"SearchAction","target":{"@type":"EntryPoint","urlTemplate":"https:\/\/diktardagar.no\/2014\/?s={search_term_string}"},"query-input":{"@type":"PropertyValueSpecification","valueRequired":true,"valueName":"search_term_string"}}],"inLanguage":"nb-NO"}]}},"_links":{"self":[{"href":"https:\/\/diktardagar.no\/2014\/wp-json\/wp\/v2\/pages\/1073","targetHints":{"allow":["GET"]}}],"collection":[{"href":"https:\/\/diktardagar.no\/2014\/wp-json\/wp\/v2\/pages"}],"about":[{"href":"https:\/\/diktardagar.no\/2014\/wp-json\/wp\/v2\/types\/page"}],"author":[{"embeddable":true,"href":"https:\/\/diktardagar.no\/2014\/wp-json\/wp\/v2\/users\/1"}],"replies":[{"embeddable":true,"href":"https:\/\/diktardagar.no\/2014\/wp-json\/wp\/v2\/comments?post=1073"}],"version-history":[{"count":16,"href":"https:\/\/diktardagar.no\/2014\/wp-json\/wp\/v2\/pages\/1073\/revisions"}],"predecessor-version":[{"id":2357,"href":"https:\/\/diktardagar.no\/2014\/wp-json\/wp\/v2\/pages\/1073\/revisions\/2357"}],"up":[{"embeddable":true,"href":"https:\/\/diktardagar.no\/2014\/wp-json\/wp\/v2\/pages\/1406"}],"wp:attachment":[{"href":"https:\/\/diktardagar.no\/2014\/wp-json\/wp\/v2\/media?parent=1073"}],"curies":[{"name":"wp","href":"https:\/\/api.w.org\/{rel}","templated":true}]}}